{"id":16,"date":"2025-03-04T07:02:25","date_gmt":"2025-03-04T07:02:25","guid":{"rendered":"http:\/\/epmapewbk.cyon.link\/?page_id=16"},"modified":"2026-04-25T17:27:37","modified_gmt":"2026-04-25T16:27:37","slug":"backpackers-villa-sonnenhof-interlaken","status":"publish","type":"page","link":"https:\/\/villa.ch\/de\/","title":{"rendered":"Backpackers Villa Sonnenhof Interlaken"},"content":{"rendered":"<p>[et_pb_section fb_built=&#8220;1&#8243; _builder_version=&#8220;4.27.6&#8243; _module_preset=&#8220;default&#8220; background_enable_image=&#8220;off&#8220; background_enable_video_mp4=&#8220;off&#8220; width=&#8220;100%&#8220; max_width=&#8220;100%&#8220; module_alignment=&#8220;center&#8220; height=&#8220;80vh&#8220; height_tablet=&#8220;60vh&#8220; height_phone=&#8220;50vh&#8220; height_last_edited=&#8220;on|phone&#8220; max_height=&#8220;80vh&#8220; max_height_tablet=&#8220;60vh&#8220; max_height_phone=&#8220;50vh&#8220; max_height_last_edited=&#8220;on|desktop&#8220; custom_margin=&#8220;0px|0px|0px|0px|true|true&#8220; custom_padding=&#8220;0px|0px|0px|0px|true|true&#8220; global_colors_info=&#8220;{}&#8220;][et_pb_row _builder_version=&#8220;4.27.5&#8243; _module_preset=&#8220;default&#8220; positioning=&#8220;absolute&#8220; position_origin_a=&#8220;center_center&#8220; z_index=&#8220;30&#8243; width=&#8220;40%&#8220; width_tablet=&#8220;40%&#8220; width_phone=&#8220;80%&#8220; width_last_edited=&#8220;on|phone&#8220; max_width=&#8220;100%&#8220; global_colors_info=&#8220;{}&#8220;][et_pb_column type=&#8220;4_4&#8243; _builder_version=&#8220;4.27.4&#8243; _module_preset=&#8220;default&#8220; background_color=&#8220;rgba(0,0,0,0.3)&#8220; border_radii=&#8220;on|20px|20px|20px|20px&#8220; global_colors_info=&#8220;{}&#8220;][et_pb_code module_id=&#8220;wgt_booking&#8220; _builder_version=&#8220;4.27.6&#8243; _module_preset=&#8220;default&#8220; background_color=&#8220;rgba(245,245,245,0.34)&#8220; custom_css_free_form=&#8220;#wgt_booking {||  font-size: 18px;||  font-weight: 600;||}||#wgt_booking label {||  font-size: 18px;||  font-weight: 600;||  color: #FFD700;||}||#wgt_booking div label {||  display: block;||}||#wgt_booking div {||  float: left;||  margin: 10px;||}||#wgt_booking button {||  background-color: #FFD700;||  border-radius: 4px;||  width: 120px;||\tborder-style: none;||\theight: 30px;||  font-size: 18px;||  font-weight: 600;||}||#wgt_booking input {||  border-style: none;||  border-radius: 4px;||  font-size: 18px;||  font-weight: 600;||}||\/*!|| * jQuery UI Datepicker 1.14.0|| * https:\/\/jqueryui.com|| *|| * Copyright OpenJS Foundation and other contributors|| * Released under the MIT license.|| * https:\/\/jquery.org\/license|| *|| * https:\/\/api.jqueryui.com\/datepicker\/#theming|| *\/||.ui-datepicker {||\twidth: 17em;||\tpadding: .2em .2em 0;||\tdisplay: none;||}||.ui-datepicker .ui-datepicker-header {||\tposition: relative;||\tpadding: .2em 0;||}||.ui-datepicker .ui-datepicker-prev,||.ui-datepicker .ui-datepicker-next {||\tposition: absolute;||\ttop: 2px;||\twidth: 1.8em;||\theight: 1.8em;||}||.ui-datepicker .ui-datepicker-prev-hover,||.ui-datepicker .ui-datepicker-next-hover {||\ttop: 1px;||}||.ui-datepicker .ui-datepicker-prev {||\tleft: 2px;||}||.ui-datepicker .ui-datepicker-next {||\tright: 2px;||}||.ui-datepicker .ui-datepicker-prev-hover {||\tleft: 1px;||}||.ui-datepicker .ui-datepicker-next-hover {||\tright: 1px;||}||.ui-datepicker .ui-datepicker-prev span,||.ui-datepicker .ui-datepicker-next span {||\tdisplay: block;||\tposition: absolute;||\tleft: 50%;||\tmargin-left: -8px;||\ttop: 50%;||\tmargin-top: -8px;||}||.ui-datepicker .ui-datepicker-title {||\tmargin: 0 2.3em;||\tline-height: 1.8em;||\ttext-align: center;||}||.ui-datepicker .ui-datepicker-title select {||\tfont-size: 1em;||\tmargin: 1px 0;||}||.ui-datepicker select.ui-datepicker-month,||.ui-datepicker select.ui-datepicker-year {||\twidth: 45%;||}||.ui-datepicker table {||\twidth: 100%;||\tfont-size: .9em;||\tborder-collapse: collapse;||\tmargin: 0 0 .4em;||}||.ui-datepicker th {||\tpadding: .7em .3em;||\ttext-align: center;||\tfont-weight: bold;||\tborder: 0;||}||.ui-datepicker td {||\tborder: 0;||\tpadding: 1px;||}||.ui-datepicker td span,||.ui-datepicker td a {||\tdisplay: block;||\tpadding: .2em;||\ttext-align: right;||\ttext-decoration: none;||}||.ui-datepicker .ui-datepicker-buttonpane {||\tbackground-image: none;||\tmargin: .7em 0 0 0;||\tpadding: 0 .2em;||\tborder-left: 0;||\tborder-right: 0;||\tborder-bottom: 0;||}||.ui-datepicker .ui-datepicker-buttonpane button {||\tfloat: right;||\tmargin: .5em .2em .4em;||\tcursor: pointer;||\tpadding: .2em .6em .3em .6em;||\twidth: auto;||\toverflow: visible;||}||.ui-datepicker .ui-datepicker-buttonpane button.ui-datepicker-current {||\tfloat: left;||}||||\/* with multiple calendars *\/||.ui-datepicker.ui-datepicker-multi {||\twidth: auto;||}||.ui-datepicker-multi .ui-datepicker-group {||\tfloat: left;||}||.ui-datepicker-multi .ui-datepicker-group table {||\twidth: 95%;||\tmargin: 0 auto .4em;||}||.ui-datepicker-multi-2 .ui-datepicker-group {||\twidth: 50%;||}||.ui-datepicker-multi-3 .ui-datepicker-group {||\twidth: 33.3%;||}||.ui-datepicker-multi-4 .ui-datepicker-group {||\twidth: 25%;||}||.ui-datepicker-multi .ui-datepicker-group-last .ui-datepicker-header,||.ui-datepicker-multi .ui-datepicker-group-middle .ui-datepicker-header {||\tborder-left-width: 0;||}||.ui-datepicker-multi .ui-datepicker-buttonpane {||\tclear: left;||}||.ui-datepicker-row-break {||\tclear: both;||\twidth: 100%;||\tfont-size: 0;||}||||\/* RTL support *\/||.ui-datepicker-rtl {||\tdirection: rtl;||}||.ui-datepicker-rtl .ui-datepicker-prev {||\tright: 2px;||\tleft: auto;||}||.ui-datepicker-rtl .ui-datepicker-next {||\tleft: 2px;||\tright: auto;||}||.ui-datepicker-rtl .ui-datepicker-prev:hover {||\tright: 1px;||\tleft: auto;||}||.ui-datepicker-rtl .ui-datepicker-next:hover {||\tleft: 1px;||\tright: auto;||}||.ui-datepicker-rtl .ui-datepicker-buttonpane {||\tclear: right;||}||.ui-datepicker-rtl .ui-datepicker-buttonpane button {||\tfloat: left;||}||.ui-datepicker-rtl .ui-datepicker-buttonpane button.ui-datepicker-current,||.ui-datepicker-rtl .ui-datepicker-group {||\tfloat: right;||}||.ui-datepicker-rtl .ui-datepicker-group-last .ui-datepicker-header,||.ui-datepicker-rtl .ui-datepicker-group-middle .ui-datepicker-header {||\tborder-right-width: 0;||\tborder-left-width: 1px;||}||||\/* Icons *\/||.ui-datepicker .ui-icon {||\tdisplay: block;||\ttext-indent: -99999px;||\toverflow: hidden;||\tbackground-repeat: no-repeat;||\tleft: .5em;||\ttop: .3em;||}&#8220; border_radii=&#8220;on|20px|20px|20px|20px&#8220; border_width_all=&#8220;1px&#8220; border_color_all=&#8220;#FFD700&#8243; global_colors_info=&#8220;{}&#8220;]<script><!-- [et_pb_line_break_holder] -->  $( function() {<!-- [et_pb_line_break_holder] -->    $( \"#wgt_arrival\" ).datepicker({<!-- [et_pb_line_break_holder] -->      dayNames: [ \"Sonntag\", \"Montag\", \"Dienstag\", \"Mittwoch\", \"Donnerstag\", \"Freitag\", \"Samstag\" ],<!-- [et_pb_line_break_holder] -->      dayNamesMin: [ \"So\", \"Mo\", \"Di\", \"Mi\", \"Do\", \"Fr\", \"Sa\" ],<!-- [et_pb_line_break_holder] -->      firstDay: 1,<!-- [et_pb_line_break_holder] -->      monthNames: [ \"Januar\", \"Februar\", \"M\u00e4rz\", \"April\", \"Mai\", \"Juni\", \"Juli\", \"August\", \"September\", \"Oktober\", \"November\", \"Dezember\" ],<!-- [et_pb_line_break_holder] -->      dateFormat: \"dd.mm.yy\",<!-- [et_pb_line_break_holder] -->      altFormat: \"yy-mm-dd\",<!-- [et_pb_line_break_holder] -->      altField: \"#arrival\",<!-- [et_pb_line_break_holder] -->      defaultDate: 0,<!-- [et_pb_line_break_holder] -->      minDate: 0,<!-- [et_pb_line_break_holder] -->      prevText: \"Zur\u00fcck\",<!-- [et_pb_line_break_holder] -->      nextText: \"Weiter\",<!-- [et_pb_line_break_holder] -->      hideIfNoPrevNxt: true<!-- [et_pb_line_break_holder] -->    } );<!-- [et_pb_line_break_holder] -->    $( \"#wgt_arrival\" ).datepicker(\"setDate\", \"+0d\");<!-- [et_pb_line_break_holder] -->  } );<!-- [et_pb_line_break_holder] --><\/script><!-- [et_pb_line_break_holder] --><\/p>\n<form action=\"\/buchen\"><!-- [et_pb_line_break_holder] -->  <\/p>\n<div class=\"wgt_field\"><!-- [et_pb_line_break_holder] -->\t  <label for=\"wgt_arrival\">Anreise<\/label><!-- [et_pb_line_break_holder] -->  \t<input id=\"wgt_arrival\"\/><!-- [et_pb_line_break_holder] -->  <\/div>\n<p><!-- [et_pb_line_break_holder] -->  <input type=\"hidden\" id=\"arrival\" name=\"arrival\" \/><!-- [et_pb_line_break_holder] -->  <\/p>\n<div class=\"wgt_field\"><!-- [et_pb_line_break_holder] -->    <label for=\"wgt_duration\">N\u00e4chte<\/label><!-- [et_pb_line_break_holder] -->    <input id=\"wgt_duration\" type=\"number\" name=\"duration\" min=\"1\" max=\"14\" value=\"2\" inputmode=\"decimal\" \/><!-- [et_pb_line_break_holder] -->  <\/div>\n<p><!-- [et_pb_line_break_holder] -->  <\/p>\n<div class=\"wgt_field\"><!-- [et_pb_line_break_holder] -->    <label for=\"wgt_duration\">Personen<\/label><!-- [et_pb_line_break_holder] -->    <input id =\"wgt_numGuests\" type=\"number\" name=\"numOfGuests\" min=\"1\" max=\"14\" value=\"2\" inputmode=\"decimal\" \/><!-- [et_pb_line_break_holder] -->  <\/div>\n<p><!-- [et_pb_line_break_holder] -->  <\/p>\n<div class=\"wgt_field\"><!-- [et_pb_line_break_holder] -->    <pee><!-- [et_pb_line_break_holder] -->      \u00a0<!-- [et_pb_line_break_holder] -->    <\/pee><!-- [et_pb_line_break_holder] -->    <button type=\"submit\">Suchen<\/button><!-- [et_pb_line_break_holder] -->  <\/div>\n<p><!-- [et_pb_line_break_holder] --><\/form>\n<p>[\/et_pb_code][\/et_pb_column][\/et_pb_row][et_pb_row _builder_version=&#8220;4.27.6&#8243; _module_preset=&#8220;default&#8220; width=&#8220;100%&#8220; max_width=&#8220;100%&#8220; height=&#8220;80vh&#8220; height_tablet=&#8220;60vh&#8220; height_phone=&#8220;50vh&#8220; height_last_edited=&#8220;on|phone&#8220; max_height=&#8220;80vh&#8220; max_height_tablet=&#8220;60vh&#8220; max_height_phone=&#8220;50vh&#8220; max_height_last_edited=&#8220;on|phone&#8220; custom_padding=&#8220;0px||0px||true|false&#8220; hover_enabled=&#8220;0&#8243; global_colors_info=&#8220;{}&#8220; width_last_edited=&#8220;on|desktop&#8220; sticky_enabled=&#8220;0&#8243; max_width_last_edited=&#8220;on|desktop&#8220; width_tablet=&#8220;100%&#8220; width_phone=&#8220;100%&#8220; max_width_tablet=&#8220;100%&#8220; max_width_phone=&#8220;100%&#8220;][et_pb_column type=&#8220;4_4&#8243; _builder_version=&#8220;4.27.4&#8243; _module_preset=&#8220;default&#8220; global_colors_info=&#8220;{}&#8220;][et_pb_slider show_arrows=&#8220;off&#8220; show_pagination=&#8220;off&#8220; use_bg_overlay=&#8220;on&#8220; bg_overlay_color=&#8220;rgba(0,0,0,0.5)&#8220; module_class=&#8220;zoom-villa-slider&#8220; _builder_version=&#8220;4.27.6&#8243; _module_preset=&#8220;default&#8220; height=&#8220;80vh&#8220; height_tablet=&#8220;60vh&#8220; height_phone=&#8220;50vh&#8220; height_last_edited=&#8220;on|phone&#8220; max_height=&#8220;80vh&#8220; max_height_tablet=&#8220;60vh&#8220; max_height_phone=&#8220;50vh&#8220; max_height_last_edited=&#8220;on|desktop&#8220; auto=&#8220;on&#8220; auto_speed=&#8220;5000&#8243; auto_ignore_hover=&#8220;on&#8220; hover_enabled=&#8220;0&#8243; global_colors_info=&#8220;{}&#8220; sticky_enabled=&#8220;0&#8243;][et_pb_slide _builder_version=&#8220;4.27.6&#8243; _module_preset=&#8220;default&#8220; background_enable_color=&#8220;off&#8220; background_image=&#8220;https:\/\/villa.ch\/wp-content\/uploads\/2025\/11\/backpackers-villa-terrasse-vorne-1.jpg&#8220; background_enable_image=&#8220;on&#8220; background_enable_video_mp4=&#8220;off&#8220; global_colors_info=&#8220;{}&#8220; sticky_transition=&#8220;on&#8220;][\/et_pb_slide][et_pb_slide _builder_version=&#8220;4.27.6&#8243; _module_preset=&#8220;default&#8220; background_enable_color=&#8220;off&#8220; background_image=&#8220;https:\/\/villa.ch\/wp-content\/uploads\/2025\/11\/backpackers-villa-room-6.jpg&#8220; background_enable_image=&#8220;on&#8220; global_colors_info=&#8220;{}&#8220; sticky_transition=&#8220;on&#8220;][\/et_pb_slide][et_pb_slide _builder_version=&#8220;4.27.6&#8243; _module_preset=&#8220;default&#8220; background_enable_color=&#8220;off&#8220; background_image=&#8220;https:\/\/villa.ch\/wp-content\/uploads\/2025\/11\/backpackers-villa-treppenhaus-1.jpg&#8220; background_enable_image=&#8220;on&#8220; global_colors_info=&#8220;{}&#8220; sticky_transition=&#8220;on&#8220;][\/et_pb_slide][et_pb_slide _builder_version=&#8220;4.27.6&#8243; _module_preset=&#8220;default&#8220; background_enable_color=&#8220;off&#8220; background_image=&#8220;https:\/\/villa.ch\/wp-content\/uploads\/2025\/11\/backpackers-villa-aussen-sommer-1.jpg&#8220; background_enable_image=&#8220;on&#8220; global_colors_info=&#8220;{}&#8220; sticky_transition=&#8220;on&#8220;][\/et_pb_slide][et_pb_slide _builder_version=&#8220;4.27.6&#8243; _module_preset=&#8220;default&#8220; background_enable_color=&#8220;off&#8220; background_image=&#8220;https:\/\/villa.ch\/wp-content\/uploads\/2025\/11\/backpackers-villa-eingangsbereich-1.jpg&#8220; background_enable_image=&#8220;on&#8220; global_colors_info=&#8220;{}&#8220; sticky_transition=&#8220;on&#8220;][\/et_pb_slide][\/et_pb_slider][\/et_pb_column][\/et_pb_row][\/et_pb_section][et_pb_section fb_built=&#8220;1&#8243; custom_padding_last_edited=&#8220;on|desktop&#8220; module_id=&#8220;reviews&#8220; _builder_version=&#8220;4.27.4&#8243; _module_preset=&#8220;default&#8220; z_index=&#8220;0&#8243; width=&#8220;100%&#8220; max_width=&#8220;100%&#8220; custom_margin=&#8220;||0px||false|false&#8220; custom_margin_tablet=&#8220;||0px||false|false&#8220; custom_margin_phone=&#8220;||0px||false|false&#8220; custom_margin_last_edited=&#8220;on|desktop&#8220; custom_padding=&#8220;||0px||false|false&#8220; custom_padding_tablet=&#8220;||0px||false|false&#8220; custom_padding_phone=&#8220;||0px||false|false&#8220; global_colors_info=&#8220;{}&#8220;][et_pb_row disabled_on=&#8220;on|on|off&#8220; admin_label=&#8220;Button Booking alt&#8220; module_class=&#8220;icons-inline&#8220; _builder_version=&#8220;4.27.4&#8243; _module_preset=&#8220;default&#8220; background_color=&#8220;#FFD700&#8243; position_origin_a=&#8220;center_right&#8220; z_index=&#8220;10&#8243; width=&#8220;13%&#8220; max_width=&#8220;13%&#8220; module_alignment=&#8220;right&#8220; overflow-y=&#8220;scroll&#8220; custom_margin=&#8220;0px|0px|0px||false|false&#8220; custom_padding=&#8220;5px|0px|5px||false|false&#8220; sticky_position=&#8220;top&#8220; sticky_offset_top=&#8220;40%&#8220; custom_css_main_element=&#8220;justify-content: flex-end;&#8220; border_radii=&#8220;off|4px|||4px&#8220; border_color_all=&#8220;#FFD700&#8243; saved_tabs=&#8220;all&#8220; locked=&#8220;off&#8220; global_colors_info=&#8220;{}&#8220;][et_pb_column type=&#8220;4_4&#8243; _builder_version=&#8220;4.27.4&#8243; _module_preset=&#8220;default&#8220; global_colors_info=&#8220;{}&#8220;][et_pb_button button_url=&#8220;\/de\/buchen&#8220; button_text=&#8220;Jetzt buchen&#8220; button_alignment=&#8220;left&#8220; _builder_version=&#8220;4.27.6&#8243; _module_preset=&#8220;default&#8220; custom_button=&#8220;on&#8220; button_text_size=&#8220;24px&#8220; button_text_color=&#8220;#5A7683&#8243; button_bg_color=&#8220;#FFD700&#8243; button_border_width=&#8220;0px&#8220; button_border_radius=&#8220;0px&#8220; button_font=&#8220;Univers 65 Bold||||||||&#8220; button_icon=&#8220;&#xe07e;||divi||400&#8243; button_icon_color=&#8220;#5A7683&#8243; z_index=&#8220;500&#8243; custom_margin=&#8220;2px||||false|false&#8220; custom_padding=&#8220;||||false|false&#8220; global_colors_info=&#8220;{}&#8220; button_bg_color__hover_enabled=&#8220;on|desktop&#8220; button_icon_color__hover_enabled=&#8220;on|desktop&#8220; button_bg_color__hover=&#8220;#FFD700&#8243; button_bg_enable_color__hover=&#8220;on&#8220; button_icon_color__hover=&#8220;#5A7683&#8243;][\/et_pb_button][\/et_pb_column][\/et_pb_row][et_pb_row column_structure=&#8220;1_2,1_2&#8243; _builder_version=&#8220;4.27.4&#8243; _module_preset=&#8220;default&#8220; z_index=&#8220;1&#8243; width=&#8220;90%&#8220; max_width=&#8220;1440px&#8220; max_width_tablet=&#8220;90%&#8220; max_width_phone=&#8220;90%&#8220; max_width_last_edited=&#8220;on|phone&#8220; custom_padding=&#8220;||27px|||&#8220; global_colors_info=&#8220;{}&#8220;][et_pb_column type=&#8220;1_2&#8243; _builder_version=&#8220;4.27.4&#8243; _module_preset=&#8220;default&#8220; global_colors_info=&#8220;{}&#8220;][et_pb_heading title=&#8220;\u00dcber die Villa &#8220; _builder_version=&#8220;4.27.4&#8243; _module_preset=&#8220;default&#8220; title_level=&#8220;h3&#8243; title_font=&#8220;Univers 65 Bold||||||||&#8220; title_text_color=&#8220;#5A7683&#8243; title_font_size=&#8220;39px&#8220; custom_margin=&#8220;0px||1%||false|false&#8220; custom_padding=&#8220;0px||0px||false|false&#8220; title_font_size_tablet=&#8220;26px&#8220; title_font_size_phone=&#8220;22px&#8220; title_font_size_last_edited=&#8220;on|desktop&#8220; global_colors_info=&#8220;{}&#8220;][\/et_pb_heading][et_pb_text ul_position=&#8220;inside&#8220; quote_border_color=&#8220;#FFD700&#8243; _builder_version=&#8220;4.27.6&#8243; _module_preset=&#8220;default&#8220; text_font=&#8220;Univers 55 Regular||||||||&#8220; text_text_color=&#8220;#363636&#8243; text_font_size=&#8220;18px&#8220; text_line_height=&#8220;1.4em&#8220; link_font=&#8220;Univers 65 Bold||||on|||#5A7683|solid&#8220; link_text_color=&#8220;#5A7683&#8243; link_font_size=&#8220;18px&#8220; link_line_height=&#8220;1.4em&#8220; ul_text_color=&#8220;#363636&#8243; ul_font_size=&#8220;18px&#8220; ul_line_height=&#8220;1.4em&#8220; ol_text_color=&#8220;#363636&#8243; ol_font_size=&#8220;18px&#8220; ol_line_height=&#8220;1.4em&#8220; quote_text_color=&#8220;#5A7683&#8243; quote_font_size=&#8220;18px&#8220; quote_line_height=&#8220;1.4em&#8220; custom_margin=&#8220;0px||||false|false&#8220; custom_padding=&#8220;30px||||false|false&#8220; text_font_size_tablet=&#8220;18px&#8220; text_font_size_phone=&#8220;18px&#8220; text_font_size_last_edited=&#8220;on|desktop&#8220; global_colors_info=&#8220;{}&#8220;]<\/p>\n<p>Sch\u00f6n, dass du da bist. Mach es dir gem\u00fctlich in der Villa unter den Herbergen; deinem zu Hause auf Reisen.<br \/>Seit 1998 heissen wir G\u00e4ste aus aller Welt in unserem lebhaften Hostel willkommen.<br \/>Besonders f\u00fcr alle die es unkompliziert m\u00f6gen, Abenteuerlustige und Weltenbummler sind wir die richtige Anlaufstelle in Interlaken.<br \/>Familien liegen uns besonders am Herzen. Alle Kinder unter 16 Jahren \u00fcbernachten zum halben Preis bei Direktbuchung.<\/p>\n<p>In der Backpackers Villa ist alles da, was du f\u00fcr deinen unvergesslichen Aufenthalt in Interlaken brauchst:<\/p>\n<ul>\n<li>Preisg\u00fcnstige \u00dcbernachtungen<\/li>\n<li>Zentrale Lage<\/li>\n<li>Gute Anbindung an die \u00f6ffentlichen Verkehrsmittel \/ Parkpl\u00e4tze vor dem Haus (gegen Geb\u00fchr)<\/li>\n<li>Bequeme Betten, L\u00e4mpli, Steckdosen am Bett und pers\u00f6nliches Schliessfach<\/li>\n<li>Grossz\u00fcgige Innen- und Au\u00dfenbereiche mit viel Platz zum Verweilen, Abschalten oder zum Austausch mit anderen Reisenden<\/li>\n<li>Wohlf\u00fchlatmosph\u00e4re und<\/li>\n<li>ein hilfsbereites Team mit Insider-Tipps, tatkr\u00e4ftig und engagiert \u2013 gern f\u00fcr euch da, wenn ihr Unterst\u00fctzung braucht.<\/li>\n<\/ul>\n<p>Komm vorbei und erlebe die perfekte Mischung aus Alpenflair und Weltgef\u00fchl in der Backpackers Villa in Interlaken.<\/p>\n<p>Wir freuen uns auf dich!<\/p>\n<p>[\/et_pb_text][\/et_pb_column][et_pb_column type=&#8220;1_2&#8243; _builder_version=&#8220;4.27.4&#8243; _module_preset=&#8220;default&#8220; custom_padding_tablet=&#8220;||3vh||false|false&#8220; custom_padding_phone=&#8220;||5vh||false|false&#8220; custom_padding_last_edited=&#8220;on|desktop&#8220; global_colors_info=&#8220;{}&#8220;][et_pb_heading title=&#8220;Reviews&#8220; _builder_version=&#8220;4.27.4&#8243; _module_preset=&#8220;default&#8220; title_level=&#8220;h3&#8243; title_font=&#8220;Univers 65 Bold||||||||&#8220; title_text_color=&#8220;#5A7683&#8243; title_font_size=&#8220;39px&#8220; module_alignment=&#8220;center&#8220; custom_margin=&#8220;0px||1%||false|false&#8220; custom_padding=&#8220;0px||0px||false|false&#8220; title_font_size_tablet=&#8220;26px&#8220; title_font_size_phone=&#8220;22px&#8220; title_font_size_last_edited=&#8220;on|desktop&#8220; global_colors_info=&#8220;{}&#8220;][\/et_pb_heading][et_pb_text module_class=&#8220;hw-rating-star&#8220; _builder_version=&#8220;4.27.4&#8243; _module_preset=&#8220;default&#8220; text_font=&#8220;Univers 65 Bold||||||||&#8220; text_text_color=&#8220;#363636&#8243; text_font_size=&#8220;2em&#8220; positioning=&#8220;relative&#8220; position_origin_a=&#8220;center_center&#8220; position_origin_f=&#8220;center_right&#8220; vertical_offset=&#8220;100px&#8220; text_orientation=&#8220;center&#8220; width=&#8220;100%&#8220; custom_css_free_form=&#8220;selector .lblRating {display: none;}&#8220; global_colors_info=&#8220;{}&#8220;]<\/p>\n<div id=\"hw_rating\"><span class=\"avgRating\">9.7\n<\/span><span class=\"lblRating\">Ausgezeichnet\n<\/span><span hidden>2026-03-02 06:30:01\n<\/span><\/div>\n<p>[\/et_pb_text][et_pb_code disabled_on=&#8220;off|off|off&#8220; _builder_version=&#8220;4.27.6&#8243; _module_preset=&#8220;default&#8220; positioning=&#8220;relative&#8220; position_origin_a=&#8220;center_center&#8220; position_origin_f=&#8220;top_right&#8220; position_origin_r=&#8220;bottom_left&#8220; vertical_offset=&#8220;-170px&#8220; text_orientation=&#8220;center&#8220; width=&#8220;100%&#8220; custom_margin_tablet=&#8220;||175px||false|false&#8220; custom_margin_phone=&#8220;||170px||false|false&#8220; custom_margin_last_edited=&#8220;on|phone&#8220; custom_css_main_element=&#8220;font-family: &#8218;Univers 55 Regular&#8216;, Helvetica, Arial, Lucida, sans-serif;&#8220; global_colors_info=&#8220;{}&#8220;]<div class=\"wprevpro-shortcode-wrapper\"><div style=\"display:none;\" class=\"wprevpro wprev-slider  \" data-onemobil=\"yes\"  id=\"wprev-slider-1\" data-revsameheight=\"yes\" data-slideprops='{\"autoplay\": true,\"delay\": 11750,\"animation\": \"horizontal\",\"sliderspeed\": 750,\"arrows\": true,\"animateHeight\": false,\"forceheight\": \"yes\",\"sliderarrowheight\": \"yes\",\"loadmorersli\": \"no\",\"totalreviewsarray\": 224,\"reviewsperpage\": 1,\"checkfloatdelay\": 0,\"sliderid\":1,\"iswidget\":false}'><ul><li>\t\t<div class=\"wprevpro_t15_outer_div w3_wprs-row wprevprodiv\">\r\n\t\t\t<div class=\"wpproslider_t15_DIV_1 w3_wprs-col l12 outerrevdiv\">\r\n\t\t<div class=\"indrevdiv wpproslider_t15_DIV_1a  wprev_preview_bg1_T15 wprev_preview_bradius_T15\" style='padding-top: 15px;'>\r\n\t\t\t\t\t\t<div class=\"wpproslider_t15_H3_3 wprev_preview_tcolor1_T15\">\r\n\t\t\t\t<div class=\"wprevpro_t15_SPAN_7 wprevlocation\"><\/div>\t\t\t<\/div>\r\n\t\t\t<span class=\"wprev_preview_tcolor3_T15 wprev_showdate_T15\">28\/04\/26<\/span>\r\n\t\t\t<span class=\"wpproslider_t15_SPAN_4\">\r\n\t\t\t<span class=\"wprevpro_star_imgs_T15\"><span class=\"starloc1 wprevpro_star_imgs wprevpro_star_imgsloc1\"><span class=\"svgicons svg-wprsp-star\"><\/span><span class=\"svgicons svg-wprsp-star\"><\/span><span class=\"svgicons svg-wprsp-star\"><\/span><span class=\"svgicons svg-wprsp-star\"><\/span><span class=\"svgicons svg-wprsp-star\"><\/span><\/span><span class=\"verifiedloc1 wprevpro_verified_svg wprevtooltip\" data-wprevtooltip=\"Verified on Google\"><span class=\"svgicons svg-wprsp-verified \"><\/span><\/span><\/span>\r\n\t\t\t<\/span>\r\n\t\t\t<div class=\"indrevtxt wpproslider_t15_P_5 wprev_preview_tcolor2_T15\"><div class='readmoretextdiv indrevlineclamp' data-lines='3' data-revid='247'>\t\t\t\t\t\t\tLo mejor el servicio, sus trabajadores son lo mejor.<br>\nEl \u00fanico defecto es que inclu\u00eda el desayuno y como sal\u00edamos a las 6.30 y el desayuno no empezaba hasta las 7, pues pudimos echar algo en la maquina, yo me tome un chocolate y mis compa\u00f1eros un cafe. Las habitaciones est\u00e1n muy limpias, tienen una terraza muy c\u00f3moda para desayunar, mucha flexibilidad para el checkin y checkout.\t\t\t\t\t\t\t\t<\/div><div class='divwprsrdmore' style='opacity:0;'><span class='wprevpro_btn_show_rdpop'>more...<\/span><span class='wprs_rd_less' style='display:none;'>less...<\/span><\/div>\t\t\t\t\t\t\t<\/div>\r\n\t\t\t<span class=\"wpproslider_t15_date wprev_preview_tcolor3_T15\"><\/span>\r\n\t\t\t<div class='wprevt15_icon_div'><a href=\"https:\/\/www.google.com\/maps\/reviews\/data=!4m8!14m7!1m6!2m5!1sCi9DQUlRQUNvZENodHljRjlvT2pBemExUmhRbEk1U2xnMldGQlJNMEZoUm5sV1NHYxAB!2m1!1s0x0:0x6c68e578229bdf89!3m1!1s2@1:CAIQACodChtycF9oOjAza1RhQlI5Slg2WFBRM0FhRnlWSGc%7C%7C?hl=en-US\" target=\"_blank\" rel=\"nofollow noreferrer\" class=\"wprevpro_t15_site_logo_a\"><img decoding=\"async\" width=32 height=32 src=\"https:\/\/villa.ch\/wp-content\/plugins\/wp-review-slider-pro\/public\/partials\/imgs\/google_small_icon.svg\" alt=\"Google Logo\" class=\"wprevpro_t15_site_logo wprevsiteicon \"><\/a><\/div>\t\t\t\t\t\t\t\t\t\t\t<\/div>\r\n\t\t<div class=\"wprevmodal_modal_rdmore\" style=\"display: none;\">\n\t<div class=\"wprevmodal_modal_rdmore-content\">\n\t<span class=\"wprevmodal_rdmore_close\">\u00d7<\/span><div class=\"wpproslider_t6_DIV_1a\">\n\t\t\t<div class=\"indrevdiv wpproslider_t6_DIV_2 wprev_preview_bg1_T6 wprev_preview_bradius_T6\">\n\t\t\t<div class=\"wpproslider_t6_DIV_2_top\">\n\t\t\t\t\n\t\t\t\t<div class=\"wpproslider_t6_DIV_3\">\n\t\t\t\t\t<div class=\"t6displayname wpproslider_t6_STRONG_5 wprev_preview_tcolor2_T6\"><\/div>\n\t\t\t\t\t<div class=\"wpproslider_t6_star_DIV\"><span class=\"wprevpro_star_imgs_T6\"><span class=\"starloc1 wprevpro_star_imgs wprevpro_star_imgsloc1\"><span class=\"svgicons svg-wprsp-star\"><\/span><span class=\"svgicons svg-wprsp-star\"><\/span><span class=\"svgicons svg-wprsp-star\"><\/span><span class=\"svgicons svg-wprsp-star\"><\/span><span class=\"svgicons svg-wprsp-star\"><\/span><\/span><\/span><\/div>\n\t\t\t\t\t<div class=\"wpproslider_t6_SPAN_6 wprev_preview_tcolor2_T6\"><span class=\"wprev_showdate_T6\">28\/04\/26<\/span><\/div>\n\t\t\t\t<\/div>\n\t\t\t<\/div>\n\t\t\t<div class=\" wpproslider_t6_DIV_4 rdmorepopbody\">\n\t\t\t\t\t<div class=\"wpproslider_t6_P_4 wprev_preview_tcolor1_T6\">\n\t\t\t\t\t\tLo mejor el servicio, sus trabajadores son lo mejor.<br>\nEl \u00fanico defecto es que inclu\u00eda el desayuno y como sal\u00edamos a las 6.30 y el desayuno no empezaba hasta las 7, pues pudimos echar algo en la maquina, yo me tome un chocolate y mis compa\u00f1eros un cafe. Las habitaciones est\u00e1n muy limpias, tienen una terraza muy c\u00f3moda para desayunar, mucha flexibilidad para el checkin y checkout.\n\t\t\t\t\t<\/div>\n\t\t\t\t\t\n\t\t\t<\/div>\n\t\t\t<div class=\"wpproslider_t6_DIV_3_logo rdmorepoplogo\"><div class='wprevt15_icon_div'><a href=\"https:\/\/www.google.com\/maps\/reviews\/data=!4m8!14m7!1m6!2m5!1sCi9DQUlRQUNvZENodHljRjlvT2pBemExUmhRbEk1U2xnMldGQlJNMEZoUm5sV1NHYxAB!2m1!1s0x0:0x6c68e578229bdf89!3m1!1s2@1:CAIQACodChtycF9oOjAza1RhQlI5Slg2WFBRM0FhRnlWSGc%7C%7C?hl=en-US\" target=\"_blank\" rel=\"nofollow noreferrer\" class=\"wprevpro_t15_site_logo_a\"><img decoding=\"async\" width=32 height=32 src=\"https:\/\/villa.ch\/wp-content\/plugins\/wp-review-slider-pro\/public\/partials\/imgs\/google_small_icon.svg\" alt=\"Google Logo\" class=\"wprevpro_t15_site_logo wprevsiteicon \"><\/a><\/div><\/div><\/div><\/div><\/div><\/div>\t\r\n\t<\/div>\r\n\t\t<\/div>\r\n<\/li><li>\t\t<div class=\"wprevpro_t15_outer_div w3_wprs-row wprevprodiv\">\r\n\t\t\t<div class=\"wpproslider_t15_DIV_1 w3_wprs-col l12 outerrevdiv\">\r\n\t\t<div class=\"indrevdiv wpproslider_t15_DIV_1a  wprev_preview_bg1_T15 wprev_preview_bradius_T15\" style='padding-top: 15px;'>\r\n\t\t\t\t\t\t<div class=\"wpproslider_t15_H3_3 wprev_preview_tcolor1_T15\">\r\n\t\t\t\t<div class=\"wprevpro_t15_SPAN_7 wprevlocation\"><\/div>\t\t\t<\/div>\r\n\t\t\t<span class=\"wprev_preview_tcolor3_T15 wprev_showdate_T15\">24\/04\/26<\/span>\r\n\t\t\t<span class=\"wpproslider_t15_SPAN_4\">\r\n\t\t\t<span class=\"wprevpro_star_imgs_T15\"><span class=\"starloc1 wprevpro_star_imgs wprevpro_star_imgsloc1\"><span class=\"svgicons svg-wprsp-star\"><\/span><span class=\"svgicons svg-wprsp-star\"><\/span><span class=\"svgicons svg-wprsp-star\"><\/span><span class=\"svgicons svg-wprsp-star\"><\/span><span class=\"svgicons svg-wprsp-star\"><\/span><\/span><span class=\"verifiedloc1 wprevpro_verified_svg wprevtooltip\" data-wprevtooltip=\"Verified on Google\"><span class=\"svgicons svg-wprsp-verified \"><\/span><\/span><\/span>\r\n\t\t\t<\/span>\r\n\t\t\t<div class=\"indrevtxt wpproslider_t15_P_5 wprev_preview_tcolor2_T15\"><div class='readmoretextdiv indrevlineclamp' data-lines='3' data-revid='243'>\t\t\t\t\t\t\tI had a fantastic stay at Backpackers Villa. The location is perfect for easy mountain access, and the staff is incredibly friendly, helpful, and accommodating.<br>\n<br>\nClean, warm, and comfortable rooms, convenient and secure storage options, and great common areas make it an ideal place to stay after a long day of activities. Backpackers is affordable, welcoming, and well organized. Highly recommended for staying in Interlaken.\t\t\t\t\t\t\t\t<\/div><div class='divwprsrdmore' style='opacity:0;'><span class='wprevpro_btn_show_rdpop'>more...<\/span><span class='wprs_rd_less' style='display:none;'>less...<\/span><\/div>\t\t\t\t\t\t\t<\/div>\r\n\t\t\t<span class=\"wpproslider_t15_date wprev_preview_tcolor3_T15\"><\/span>\r\n\t\t\t<div class='wprevt15_icon_div'><a href=\"https:\/\/www.google.com\/maps\/reviews\/data=!4m8!14m7!1m6!2m5!1sCi9DQUlRQUNvZENodHljRjlvT2xKV04wNWpNWEptTWtKcFdYZDNZbTA1WkU1S2RFRRAB!2m1!1s0x0:0x6c68e578229bdf89!3m1!1s2@1:CAIQACodChtycF9oOlJWN05jMXJmMkJpWXd3Ym05ZE5KdEE%7C%7C?hl=en-US\" target=\"_blank\" rel=\"nofollow noreferrer\" class=\"wprevpro_t15_site_logo_a\"><img decoding=\"async\" width=32 height=32 src=\"https:\/\/villa.ch\/wp-content\/plugins\/wp-review-slider-pro\/public\/partials\/imgs\/google_small_icon.svg\" alt=\"Google Logo\" class=\"wprevpro_t15_site_logo wprevsiteicon \"><\/a><\/div>\t\t\t\t\t\t\t\t\t\t\t<\/div>\r\n\t\t<div class=\"wprevmodal_modal_rdmore\" style=\"display: none;\">\n\t<div class=\"wprevmodal_modal_rdmore-content\">\n\t<span class=\"wprevmodal_rdmore_close\">\u00d7<\/span><div class=\"wpproslider_t6_DIV_1a\">\n\t\t\t<div class=\"indrevdiv wpproslider_t6_DIV_2 wprev_preview_bg1_T6 wprev_preview_bradius_T6\">\n\t\t\t<div class=\"wpproslider_t6_DIV_2_top\">\n\t\t\t\t\n\t\t\t\t<div class=\"wpproslider_t6_DIV_3\">\n\t\t\t\t\t<div class=\"t6displayname wpproslider_t6_STRONG_5 wprev_preview_tcolor2_T6\"><\/div>\n\t\t\t\t\t<div class=\"wpproslider_t6_star_DIV\"><span class=\"wprevpro_star_imgs_T6\"><span class=\"starloc1 wprevpro_star_imgs wprevpro_star_imgsloc1\"><span class=\"svgicons svg-wprsp-star\"><\/span><span class=\"svgicons svg-wprsp-star\"><\/span><span class=\"svgicons svg-wprsp-star\"><\/span><span class=\"svgicons svg-wprsp-star\"><\/span><span class=\"svgicons svg-wprsp-star\"><\/span><\/span><\/span><\/div>\n\t\t\t\t\t<div class=\"wpproslider_t6_SPAN_6 wprev_preview_tcolor2_T6\"><span class=\"wprev_showdate_T6\">24\/04\/26<\/span><\/div>\n\t\t\t\t<\/div>\n\t\t\t<\/div>\n\t\t\t<div class=\" wpproslider_t6_DIV_4 rdmorepopbody\">\n\t\t\t\t\t<div class=\"wpproslider_t6_P_4 wprev_preview_tcolor1_T6\">\n\t\t\t\t\t\tI had a fantastic stay at Backpackers Villa. The location is perfect for easy mountain access, and the staff is incredibly friendly, helpful, and accommodating.<br>\n<br>\nClean, warm, and comfortable rooms, convenient and secure storage options, and great common areas make it an ideal place to stay after a long day of activities. Backpackers is affordable, welcoming, and well organized. Highly recommended for staying in Interlaken.\n\t\t\t\t\t<\/div>\n\t\t\t\t\t\n\t\t\t<\/div>\n\t\t\t<div class=\"wpproslider_t6_DIV_3_logo rdmorepoplogo\"><div class='wprevt15_icon_div'><a href=\"https:\/\/www.google.com\/maps\/reviews\/data=!4m8!14m7!1m6!2m5!1sCi9DQUlRQUNvZENodHljRjlvT2xKV04wNWpNWEptTWtKcFdYZDNZbTA1WkU1S2RFRRAB!2m1!1s0x0:0x6c68e578229bdf89!3m1!1s2@1:CAIQACodChtycF9oOlJWN05jMXJmMkJpWXd3Ym05ZE5KdEE%7C%7C?hl=en-US\" target=\"_blank\" rel=\"nofollow noreferrer\" class=\"wprevpro_t15_site_logo_a\"><img decoding=\"async\" width=32 height=32 src=\"https:\/\/villa.ch\/wp-content\/plugins\/wp-review-slider-pro\/public\/partials\/imgs\/google_small_icon.svg\" alt=\"Google Logo\" class=\"wprevpro_t15_site_logo wprevsiteicon \"><\/a><\/div><\/div><\/div><\/div><\/div><\/div>\t\r\n\t<\/div>\r\n\t\t<\/div>\r\n<\/li><li>\t\t<div class=\"wprevpro_t15_outer_div w3_wprs-row wprevprodiv\">\r\n\t\t\t<div class=\"wpproslider_t15_DIV_1 w3_wprs-col l12 outerrevdiv\">\r\n\t\t<div class=\"indrevdiv wpproslider_t15_DIV_1a  wprev_preview_bg1_T15 wprev_preview_bradius_T15\" style='padding-top: 15px;'>\r\n\t\t\t\t\t\t<div class=\"wpproslider_t15_H3_3 wprev_preview_tcolor1_T15\">\r\n\t\t\t\t<div class=\"wprevpro_t15_SPAN_7 wprevlocation\"><\/div>\t\t\t<\/div>\r\n\t\t\t<span class=\"wprev_preview_tcolor3_T15 wprev_showdate_T15\">23\/04\/26<\/span>\r\n\t\t\t<span class=\"wpproslider_t15_SPAN_4\">\r\n\t\t\t<span class=\"wprevpro_star_imgs_T15\"><span class=\"starloc1 wprevpro_star_imgs wprevpro_star_imgsloc1\"><span class=\"svgicons svg-wprsp-star\"><\/span><span class=\"svgicons svg-wprsp-star\"><\/span><span class=\"svgicons svg-wprsp-star\"><\/span><span class=\"svgicons svg-wprsp-star\"><\/span><span class=\"svgicons svg-wprsp-star-o\"><\/span><\/span><span class=\"verifiedloc1 wprevpro_verified_svg wprevtooltip\" data-wprevtooltip=\"Verified on Google\"><span class=\"svgicons svg-wprsp-verified \"><\/span><\/span><\/span>\r\n\t\t\t<\/span>\r\n\t\t\t<div class=\"indrevtxt wpproslider_t15_P_5 wprev_preview_tcolor2_T15\"><div class='readmoretextdiv indrevlineclamp' data-lines='3' data-revid='244'>\t\t\t\t\t\t\tHervorragende M\u00f6glichkeit zweckm\u00e4\u00dfig und kosteng\u00fcnstig zu \u00fcbernachten. Alle Mitarbeiter sind sehr freundlich und hilfsbereit. Jederzeit wieder, sehr zu empfehlen.\t\t\t\t\t\t\t\t<\/div><div class='divwprsrdmore' style='opacity:0;'><span class='wprevpro_btn_show_rdpop'>more...<\/span><span class='wprs_rd_less' style='display:none;'>less...<\/span><\/div>\t\t\t\t\t\t\t<\/div>\r\n\t\t\t<span class=\"wpproslider_t15_date wprev_preview_tcolor3_T15\"><\/span>\r\n\t\t\t<div class='wprevt15_icon_div'><a href=\"https:\/\/www.google.com\/maps\/reviews\/data=!4m8!14m7!1m6!2m5!1sCi9DQUlRQUNvZENodHljRjlvT2tsRlVFNU5Sbkp5UlhObk9WTnJNM1Z2Ym5CUlJsRRAB!2m1!1s0x0:0x6c68e578229bdf89!3m1!1s2@1:CAIQACodChtycF9oOklFUE5NRnJyRXNnOVNrM3VvbnBRRlE%7C%7C?hl=en-US\" target=\"_blank\" rel=\"nofollow noreferrer\" class=\"wprevpro_t15_site_logo_a\"><img decoding=\"async\" width=32 height=32 src=\"https:\/\/villa.ch\/wp-content\/plugins\/wp-review-slider-pro\/public\/partials\/imgs\/google_small_icon.svg\" alt=\"Google Logo\" class=\"wprevpro_t15_site_logo wprevsiteicon \"><\/a><\/div>\t\t\t\t\t\t\t\t\t\t\t<\/div>\r\n\t\t<div class=\"wprevmodal_modal_rdmore\" style=\"display: none;\">\n\t<div class=\"wprevmodal_modal_rdmore-content\">\n\t<span class=\"wprevmodal_rdmore_close\">\u00d7<\/span><div class=\"wpproslider_t6_DIV_1a\">\n\t\t\t<div class=\"indrevdiv wpproslider_t6_DIV_2 wprev_preview_bg1_T6 wprev_preview_bradius_T6\">\n\t\t\t<div class=\"wpproslider_t6_DIV_2_top\">\n\t\t\t\t\n\t\t\t\t<div class=\"wpproslider_t6_DIV_3\">\n\t\t\t\t\t<div class=\"t6displayname wpproslider_t6_STRONG_5 wprev_preview_tcolor2_T6\"><\/div>\n\t\t\t\t\t<div class=\"wpproslider_t6_star_DIV\"><span class=\"wprevpro_star_imgs_T6\"><span class=\"starloc1 wprevpro_star_imgs wprevpro_star_imgsloc1\"><span class=\"svgicons svg-wprsp-star\"><\/span><span class=\"svgicons svg-wprsp-star\"><\/span><span class=\"svgicons svg-wprsp-star\"><\/span><span class=\"svgicons svg-wprsp-star\"><\/span><span class=\"svgicons svg-wprsp-star-o\"><\/span><\/span><\/span><\/div>\n\t\t\t\t\t<div class=\"wpproslider_t6_SPAN_6 wprev_preview_tcolor2_T6\"><span class=\"wprev_showdate_T6\">23\/04\/26<\/span><\/div>\n\t\t\t\t<\/div>\n\t\t\t<\/div>\n\t\t\t<div class=\" wpproslider_t6_DIV_4 rdmorepopbody\">\n\t\t\t\t\t<div class=\"wpproslider_t6_P_4 wprev_preview_tcolor1_T6\">\n\t\t\t\t\t\tHervorragende M\u00f6glichkeit zweckm\u00e4\u00dfig und kosteng\u00fcnstig zu \u00fcbernachten. Alle Mitarbeiter sind sehr freundlich und hilfsbereit. Jederzeit wieder, sehr zu empfehlen.\n\t\t\t\t\t<\/div>\n\t\t\t\t\t\n\t\t\t<\/div>\n\t\t\t<div class=\"wpproslider_t6_DIV_3_logo rdmorepoplogo\"><div class='wprevt15_icon_div'><a href=\"https:\/\/www.google.com\/maps\/reviews\/data=!4m8!14m7!1m6!2m5!1sCi9DQUlRQUNvZENodHljRjlvT2tsRlVFNU5Sbkp5UlhObk9WTnJNM1Z2Ym5CUlJsRRAB!2m1!1s0x0:0x6c68e578229bdf89!3m1!1s2@1:CAIQACodChtycF9oOklFUE5NRnJyRXNnOVNrM3VvbnBRRlE%7C%7C?hl=en-US\" target=\"_blank\" rel=\"nofollow noreferrer\" class=\"wprevpro_t15_site_logo_a\"><img decoding=\"async\" width=32 height=32 src=\"https:\/\/villa.ch\/wp-content\/plugins\/wp-review-slider-pro\/public\/partials\/imgs\/google_small_icon.svg\" alt=\"Google Logo\" class=\"wprevpro_t15_site_logo wprevsiteicon \"><\/a><\/div><\/div><\/div><\/div><\/div><\/div>\t\r\n\t<\/div>\r\n\t\t<\/div>\r\n<\/li><li>\t\t<div class=\"wprevpro_t15_outer_div w3_wprs-row wprevprodiv\">\r\n\t\t\t<div class=\"wpproslider_t15_DIV_1 w3_wprs-col l12 outerrevdiv\">\r\n\t\t<div class=\"indrevdiv wpproslider_t15_DIV_1a  wprev_preview_bg1_T15 wprev_preview_bradius_T15\" style='padding-top: 15px;'>\r\n\t\t\t<div class=\"wpproslider_t15_avatar_div\"><\/div>\t\t\t<div class=\"wpproslider_t15_H3_3 wprev_preview_tcolor1_T15\">\r\n\t\t\t\t<div class=\"wprevpro_t15_SPAN_7 wprevlocation\">USA<\/div>\t\t\t<\/div>\r\n\t\t\t<span class=\"wprev_preview_tcolor3_T15 wprev_showdate_T15\">20\/04\/26<\/span>\r\n\t\t\t<span class=\"wpproslider_t15_SPAN_4\">\r\n\t\t\t<span class=\"wprevpro_star_imgs_T15\"><span class=\"starloc1 wprevpro_star_imgs wprevpro_star_imgsloc1\"><span class=\"svgicons svg-wprsp-star\"><\/span><span class=\"svgicons svg-wprsp-star\"><\/span><span class=\"svgicons svg-wprsp-star\"><\/span><span class=\"svgicons svg-wprsp-star\"><\/span><span class=\"svgicons svg-wprsp-star\"><\/span><\/span><span class=\"verifiedloc1 wprevpro_verified_svg wprevtooltip\" data-wprevtooltip=\"Verified on Hostelworld\"><span class=\"svgicons svg-wprsp-verified \"><\/span><\/span><\/span>\r\n\t\t\t<\/span>\r\n\t\t\t<div class=\"indrevtxt wpproslider_t15_P_5 wprev_preview_tcolor2_T15\"><div class='readmoretextdiv indrevlineclamp' data-lines='3' data-revid='241'>\t\t\t\t\t\t\tFavorite hostel I have stayed at! Free fresh baked bread, yogurt and cappuccinos every morning. Very clean and easy to use facilities. Close proximity to train and bus stops as well as free transport for the duration of your stay.\t\t\t\t\t\t\t\t<\/div><div class='divwprsrdmore' style='opacity:0;'><span class='wprevpro_btn_show_rdpop'>more...<\/span><span class='wprs_rd_less' style='display:none;'>less...<\/span><\/div>\t\t\t\t\t\t\t<\/div>\r\n\t\t\t<span class=\"wpproslider_t15_date wprev_preview_tcolor3_T15\"><\/span>\r\n\t\t\t<div class='wprevt15_icon_div'><a href=\"https:\/\/www.hostelworld.com\/pwa\/hosteldetails.php\/backpackers-villa-sonnenhof-hostel-interlaken\/30745\" target=\"_blank\" rel=\"nofollow noreferrer\" class=\"wprevpro_t15_site_logo_a\"><img decoding=\"async\" width=32 height=32 src=\"https:\/\/villa.ch\/wp-content\/plugins\/wp-review-slider-pro\/public\/partials\/imgs\/hostelworld_small_icon.png?id=1\" alt=\"hostelworld logo\" class=\"wprevpro_t15_site_logo wprevsiteicon \"><\/a><\/div>\t\t\t\t\t\t\t\t\t\t\t<\/div>\r\n\t\t<div class=\"wprevmodal_modal_rdmore\" style=\"display: none;\">\n\t<div class=\"wprevmodal_modal_rdmore-content\">\n\t<span class=\"wprevmodal_rdmore_close\">\u00d7<\/span><div class=\"wpproslider_t6_DIV_1a\">\n\t\t\t<div class=\"indrevdiv wpproslider_t6_DIV_2 wprev_preview_bg1_T6 wprev_preview_bradius_T6\">\n\t\t\t<div class=\"wpproslider_t6_DIV_2_top\">\n\t\t\t\t\n\t\t\t\t<div class=\"wpproslider_t6_DIV_3\">\n\t\t\t\t\t<div class=\"t6displayname wpproslider_t6_STRONG_5 wprev_preview_tcolor2_T6\"><\/div>\n\t\t\t\t\t<div class=\"wpproslider_t6_star_DIV\"><span class=\"wprevpro_star_imgs_T6\"><span class=\"starloc1 wprevpro_star_imgs wprevpro_star_imgsloc1\"><span class=\"svgicons svg-wprsp-star\"><\/span><span class=\"svgicons svg-wprsp-star\"><\/span><span class=\"svgicons svg-wprsp-star\"><\/span><span class=\"svgicons svg-wprsp-star\"><\/span><span class=\"svgicons svg-wprsp-star\"><\/span><\/span><\/span><\/div>\n\t\t\t\t\t<div class=\"wpproslider_t6_SPAN_6 wprev_preview_tcolor2_T6\"><span class=\"wprev_showdate_T6\">20\/04\/26<\/span><\/div>\n\t\t\t\t<\/div>\n\t\t\t<\/div>\n\t\t\t<div class=\" wpproslider_t6_DIV_4 rdmorepopbody\">\n\t\t\t\t\t<div class=\"wpproslider_t6_P_4 wprev_preview_tcolor1_T6\">\n\t\t\t\t\t\tFavorite hostel I have stayed at! Free fresh baked bread, yogurt and cappuccinos every morning. Very clean and easy to use facilities. Close proximity to train and bus stops as well as free transport for the duration of your stay.\n\t\t\t\t\t<\/div>\n\t\t\t\t\t\n\t\t\t<\/div>\n\t\t\t<div class=\"wpproslider_t6_DIV_3_logo rdmorepoplogo\"><div class='wprevt15_icon_div'><a href=\"https:\/\/www.hostelworld.com\/pwa\/hosteldetails.php\/backpackers-villa-sonnenhof-hostel-interlaken\/30745\" target=\"_blank\" rel=\"nofollow noreferrer\" class=\"wprevpro_t15_site_logo_a\"><img decoding=\"async\" width=32 height=32 src=\"https:\/\/villa.ch\/wp-content\/plugins\/wp-review-slider-pro\/public\/partials\/imgs\/hostelworld_small_icon.png?id=1\" alt=\"hostelworld logo\" class=\"wprevpro_t15_site_logo wprevsiteicon \"><\/a><\/div><\/div><\/div><\/div><\/div><\/div>\t\r\n\t<\/div>\r\n\t\t<\/div>\r\n<\/li><li>\t\t<div class=\"wprevpro_t15_outer_div w3_wprs-row wprevprodiv\">\r\n\t\t\t<div class=\"wpproslider_t15_DIV_1 w3_wprs-col l12 outerrevdiv\">\r\n\t\t<div class=\"indrevdiv wpproslider_t15_DIV_1a  wprev_preview_bg1_T15 wprev_preview_bradius_T15\" style='padding-top: 15px;'>\r\n\t\t\t<div class=\"wpproslider_t15_avatar_div\"><\/div>\t\t\t<div class=\"wpproslider_t15_H3_3 wprev_preview_tcolor1_T15\">\r\n\t\t\t\t<div class=\"wprevpro_t15_SPAN_7 wprevlocation\">Pakistan<\/div>\t\t\t<\/div>\r\n\t\t\t<span class=\"wprev_preview_tcolor3_T15 wprev_showdate_T15\">15\/04\/26<\/span>\r\n\t\t\t<span class=\"wpproslider_t15_SPAN_4\">\r\n\t\t\t<span class=\"wprevpro_star_imgs_T15\"><span class=\"starloc1 wprevpro_star_imgs wprevpro_star_imgsloc1\"><span class=\"svgicons svg-wprsp-star\"><\/span><span class=\"svgicons svg-wprsp-star\"><\/span><span class=\"svgicons svg-wprsp-star\"><\/span><span class=\"svgicons svg-wprsp-star\"><\/span><span class=\"svgicons svg-wprsp-star\"><\/span><\/span><span class=\"verifiedloc1 wprevpro_verified_svg wprevtooltip\" data-wprevtooltip=\"Verified on Hostelworld\"><span class=\"svgicons svg-wprsp-verified \"><\/span><\/span><\/span>\r\n\t\t\t<\/span>\r\n\t\t\t<div class=\"indrevtxt wpproslider_t15_P_5 wprev_preview_tcolor2_T15\"><div class='readmoretextdiv indrevlineclamp' data-lines='3' data-revid='245'>\t\t\t\t\t\t\tThis was my first time staying at a hostel while traveling and I have to say it was pretty good. The building is well kept with very good facilities...free breakfast, fast wifi, well-maintained and clean bathrooms, fully equiped kitchen, conveniently located within walking distance of both train stations as well as the city center, great view of mountains from the terraces, and the best part, it is very economical. I highly recommend staying here if one is going to Interlaken.\t\t\t\t\t\t\t\t<\/div><div class='divwprsrdmore' style='opacity:0;'><span class='wprevpro_btn_show_rdpop'>more...<\/span><span class='wprs_rd_less' style='display:none;'>less...<\/span><\/div>\t\t\t\t\t\t\t<\/div>\r\n\t\t\t<span class=\"wpproslider_t15_date wprev_preview_tcolor3_T15\"><\/span>\r\n\t\t\t<div class='wprevt15_icon_div'><a href=\"https:\/\/www.hostelworld.com\/pwa\/hosteldetails.php\/backpackers-villa-sonnenhof-hostel-interlaken\/30745\" target=\"_blank\" rel=\"nofollow noreferrer\" class=\"wprevpro_t15_site_logo_a\"><img decoding=\"async\" width=32 height=32 src=\"https:\/\/villa.ch\/wp-content\/plugins\/wp-review-slider-pro\/public\/partials\/imgs\/hostelworld_small_icon.png?id=1\" alt=\"hostelworld logo\" class=\"wprevpro_t15_site_logo wprevsiteicon \"><\/a><\/div>\t\t\t\t\t\t\t\t\t\t\t<\/div>\r\n\t\t<div class=\"wprevmodal_modal_rdmore\" style=\"display: none;\">\n\t<div class=\"wprevmodal_modal_rdmore-content\">\n\t<span class=\"wprevmodal_rdmore_close\">\u00d7<\/span><div class=\"wpproslider_t6_DIV_1a\">\n\t\t\t<div class=\"indrevdiv wpproslider_t6_DIV_2 wprev_preview_bg1_T6 wprev_preview_bradius_T6\">\n\t\t\t<div class=\"wpproslider_t6_DIV_2_top\">\n\t\t\t\t\n\t\t\t\t<div class=\"wpproslider_t6_DIV_3\">\n\t\t\t\t\t<div class=\"t6displayname wpproslider_t6_STRONG_5 wprev_preview_tcolor2_T6\"><\/div>\n\t\t\t\t\t<div class=\"wpproslider_t6_star_DIV\"><span class=\"wprevpro_star_imgs_T6\"><span class=\"starloc1 wprevpro_star_imgs wprevpro_star_imgsloc1\"><span class=\"svgicons svg-wprsp-star\"><\/span><span class=\"svgicons svg-wprsp-star\"><\/span><span class=\"svgicons svg-wprsp-star\"><\/span><span class=\"svgicons svg-wprsp-star\"><\/span><span class=\"svgicons svg-wprsp-star\"><\/span><\/span><\/span><\/div>\n\t\t\t\t\t<div class=\"wpproslider_t6_SPAN_6 wprev_preview_tcolor2_T6\"><span class=\"wprev_showdate_T6\">15\/04\/26<\/span><\/div>\n\t\t\t\t<\/div>\n\t\t\t<\/div>\n\t\t\t<div class=\" wpproslider_t6_DIV_4 rdmorepopbody\">\n\t\t\t\t\t<div class=\"wpproslider_t6_P_4 wprev_preview_tcolor1_T6\">\n\t\t\t\t\t\tThis was my first time staying at a hostel while traveling and I have to say it was pretty good. The building is well kept with very good facilities...free breakfast, fast wifi, well-maintained and clean bathrooms, fully equiped kitchen, conveniently located within walking distance of both train stations as well as the city center, great view of mountains from the terraces, and the best part, it is very economical. I highly recommend staying here if one is going to Interlaken.\n\t\t\t\t\t<\/div>\n\t\t\t\t\t\n\t\t\t<\/div>\n\t\t\t<div class=\"wpproslider_t6_DIV_3_logo rdmorepoplogo\"><div class='wprevt15_icon_div'><a href=\"https:\/\/www.hostelworld.com\/pwa\/hosteldetails.php\/backpackers-villa-sonnenhof-hostel-interlaken\/30745\" target=\"_blank\" rel=\"nofollow noreferrer\" class=\"wprevpro_t15_site_logo_a\"><img decoding=\"async\" width=32 height=32 src=\"https:\/\/villa.ch\/wp-content\/plugins\/wp-review-slider-pro\/public\/partials\/imgs\/hostelworld_small_icon.png?id=1\" alt=\"hostelworld logo\" class=\"wprevpro_t15_site_logo wprevsiteicon \"><\/a><\/div><\/div><\/div><\/div><\/div><\/div>\t\r\n\t<\/div>\r\n\t\t<\/div>\r\n<\/li><li>\t\t<div class=\"wprevpro_t15_outer_div w3_wprs-row wprevprodiv\">\r\n\t\t\t<div class=\"wpproslider_t15_DIV_1 w3_wprs-col l12 outerrevdiv\">\r\n\t\t<div class=\"indrevdiv wpproslider_t15_DIV_1a  wprev_preview_bg1_T15 wprev_preview_bradius_T15\" style='padding-top: 15px;'>\r\n\t\t\t<div class=\"wpproslider_t15_avatar_div\"><\/div>\t\t\t<div class=\"wpproslider_t15_H3_3 wprev_preview_tcolor1_T15\">\r\n\t\t\t\t<div class=\"wprevpro_t15_SPAN_7 wprevlocation\">USA<\/div>\t\t\t<\/div>\r\n\t\t\t<span class=\"wprev_preview_tcolor3_T15 wprev_showdate_T15\">10\/04\/26<\/span>\r\n\t\t\t<span class=\"wpproslider_t15_SPAN_4\">\r\n\t\t\t<span class=\"wprevpro_star_imgs_T15\"><span class=\"starloc1 wprevpro_star_imgs wprevpro_star_imgsloc1\"><span class=\"svgicons svg-wprsp-star\"><\/span><span class=\"svgicons svg-wprsp-star\"><\/span><span class=\"svgicons svg-wprsp-star\"><\/span><span class=\"svgicons svg-wprsp-star\"><\/span><span class=\"svgicons svg-wprsp-star\"><\/span><\/span><span class=\"verifiedloc1 wprevpro_verified_svg wprevtooltip\" data-wprevtooltip=\"Verified on Hostelworld\"><span class=\"svgicons svg-wprsp-verified \"><\/span><\/span><\/span>\r\n\t\t\t<\/span>\r\n\t\t\t<div class=\"indrevtxt wpproslider_t15_P_5 wprev_preview_tcolor2_T15\"><div class='readmoretextdiv indrevlineclamp' data-lines='3' data-revid='238'>\t\t\t\t\t\t\tComes with towels, card unlocking lockers, and clean sheets. Also free breakfast which makes this the BEST hostel I\u2019ve ever stayed in\t\t\t\t\t\t\t\t<\/div><div class='divwprsrdmore' style='opacity:0;'><span class='wprevpro_btn_show_rdpop'>more...<\/span><span class='wprs_rd_less' style='display:none;'>less...<\/span><\/div>\t\t\t\t\t\t\t<\/div>\r\n\t\t\t<span class=\"wpproslider_t15_date wprev_preview_tcolor3_T15\"><\/span>\r\n\t\t\t<div class='wprevt15_icon_div'><a href=\"https:\/\/www.hostelworld.com\/pwa\/hosteldetails.php\/backpackers-villa-sonnenhof-hostel-interlaken\/30745\" target=\"_blank\" rel=\"nofollow noreferrer\" class=\"wprevpro_t15_site_logo_a\"><img decoding=\"async\" width=32 height=32 src=\"https:\/\/villa.ch\/wp-content\/plugins\/wp-review-slider-pro\/public\/partials\/imgs\/hostelworld_small_icon.png?id=1\" alt=\"hostelworld logo\" class=\"wprevpro_t15_site_logo wprevsiteicon \"><\/a><\/div>\t\t\t\t\t\t\t\t\t\t\t<\/div>\r\n\t\t<div class=\"wprevmodal_modal_rdmore\" style=\"display: none;\">\n\t<div class=\"wprevmodal_modal_rdmore-content\">\n\t<span class=\"wprevmodal_rdmore_close\">\u00d7<\/span><div class=\"wpproslider_t6_DIV_1a\">\n\t\t\t<div class=\"indrevdiv wpproslider_t6_DIV_2 wprev_preview_bg1_T6 wprev_preview_bradius_T6\">\n\t\t\t<div class=\"wpproslider_t6_DIV_2_top\">\n\t\t\t\t\n\t\t\t\t<div class=\"wpproslider_t6_DIV_3\">\n\t\t\t\t\t<div class=\"t6displayname wpproslider_t6_STRONG_5 wprev_preview_tcolor2_T6\"><\/div>\n\t\t\t\t\t<div class=\"wpproslider_t6_star_DIV\"><span class=\"wprevpro_star_imgs_T6\"><span class=\"starloc1 wprevpro_star_imgs wprevpro_star_imgsloc1\"><span class=\"svgicons svg-wprsp-star\"><\/span><span class=\"svgicons svg-wprsp-star\"><\/span><span class=\"svgicons svg-wprsp-star\"><\/span><span class=\"svgicons svg-wprsp-star\"><\/span><span class=\"svgicons svg-wprsp-star\"><\/span><\/span><\/span><\/div>\n\t\t\t\t\t<div class=\"wpproslider_t6_SPAN_6 wprev_preview_tcolor2_T6\"><span class=\"wprev_showdate_T6\">10\/04\/26<\/span><\/div>\n\t\t\t\t<\/div>\n\t\t\t<\/div>\n\t\t\t<div class=\" wpproslider_t6_DIV_4 rdmorepopbody\">\n\t\t\t\t\t<div class=\"wpproslider_t6_P_4 wprev_preview_tcolor1_T6\">\n\t\t\t\t\t\tComes with towels, card unlocking lockers, and clean sheets. Also free breakfast which makes this the BEST hostel I\u2019ve ever stayed in\n\t\t\t\t\t<\/div>\n\t\t\t\t\t\n\t\t\t<\/div>\n\t\t\t<div class=\"wpproslider_t6_DIV_3_logo rdmorepoplogo\"><div class='wprevt15_icon_div'><a href=\"https:\/\/www.hostelworld.com\/pwa\/hosteldetails.php\/backpackers-villa-sonnenhof-hostel-interlaken\/30745\" target=\"_blank\" rel=\"nofollow noreferrer\" class=\"wprevpro_t15_site_logo_a\"><img decoding=\"async\" width=32 height=32 src=\"https:\/\/villa.ch\/wp-content\/plugins\/wp-review-slider-pro\/public\/partials\/imgs\/hostelworld_small_icon.png?id=1\" alt=\"hostelworld logo\" class=\"wprevpro_t15_site_logo wprevsiteicon \"><\/a><\/div><\/div><\/div><\/div><\/div><\/div>\t\r\n\t<\/div>\r\n\t\t<\/div>\r\n<\/li><li>\t\t<div class=\"wprevpro_t15_outer_div w3_wprs-row wprevprodiv\">\r\n\t\t\t<div class=\"wpproslider_t15_DIV_1 w3_wprs-col l12 outerrevdiv\">\r\n\t\t<div class=\"indrevdiv wpproslider_t15_DIV_1a  wprev_preview_bg1_T15 wprev_preview_bradius_T15\" style='padding-top: 15px;'>\r\n\t\t\t\t\t\t<div class=\"wpproslider_t15_H3_3 wprev_preview_tcolor1_T15\">\r\n\t\t\t\t<div class=\"wprevpro_t15_SPAN_7 wprevlocation\"><\/div>\t\t\t<\/div>\r\n\t\t\t<span class=\"wprev_preview_tcolor3_T15 wprev_showdate_T15\">09\/04\/26<\/span>\r\n\t\t\t<span class=\"wpproslider_t15_SPAN_4\">\r\n\t\t\t<span class=\"wprevpro_star_imgs_T15\"><span class=\"starloc1 wprevpro_star_imgs wprevpro_star_imgsloc1\"><span class=\"svgicons svg-wprsp-star\"><\/span><span class=\"svgicons svg-wprsp-star\"><\/span><span class=\"svgicons svg-wprsp-star\"><\/span><span class=\"svgicons svg-wprsp-star\"><\/span><span class=\"svgicons svg-wprsp-star\"><\/span><\/span><span class=\"verifiedloc1 wprevpro_verified_svg wprevtooltip\" data-wprevtooltip=\"Verified on Google\"><span class=\"svgicons svg-wprsp-verified \"><\/span><\/span><\/span>\r\n\t\t\t<\/span>\r\n\t\t\t<div class=\"indrevtxt wpproslider_t15_P_5 wprev_preview_tcolor2_T15\"><div class='readmoretextdiv indrevlineclamp' data-lines='3' data-revid='236'>\t\t\t\t\t\t\tWell one of the finest hostel in city<br>\nStaff service every thing is amazing, furthermore washing area clean they have plenty of space you can sit any where nice friendly staff<br>\nI visited first time and really enjoyed<br>\nMoreover location is great middle of the city walking distance to station<br>\nFree pass for local buses<br>\nFree breakfast<br>\nI highly recommend this hostel for all the visitors\t\t\t\t\t\t\t\t<\/div><div class='divwprsrdmore' style='opacity:0;'><span class='wprevpro_btn_show_rdpop'>more...<\/span><span class='wprs_rd_less' style='display:none;'>less...<\/span><\/div>\t\t\t\t\t\t\t<\/div>\r\n\t\t\t<span class=\"wpproslider_t15_date wprev_preview_tcolor3_T15\"><\/span>\r\n\t\t\t<div class='wprevt15_icon_div'><a href=\"https:\/\/www.google.com\/maps\/reviews\/data=!4m8!14m7!1m6!2m5!1sCi9DQUlRQUNvZENodHljRjlvT25GamVWWmxValY0Vm1Wc2EweDNWM0UwZFdwTVkyYxAB!2m1!1s0x0:0x6c68e578229bdf89!3m1!1s2@1:CAIQACodChtycF9oOnFjeVZlUjV4VmVsa0x3V3E0dWpMY2c%7C%7C?hl=en-US\" target=\"_blank\" rel=\"nofollow noreferrer\" class=\"wprevpro_t15_site_logo_a\"><img decoding=\"async\" width=32 height=32 src=\"https:\/\/villa.ch\/wp-content\/plugins\/wp-review-slider-pro\/public\/partials\/imgs\/google_small_icon.svg\" alt=\"Google Logo\" class=\"wprevpro_t15_site_logo wprevsiteicon \"><\/a><\/div>\t\t\t\t\t\t\t\t\t\t\t<\/div>\r\n\t\t<div class=\"wprevmodal_modal_rdmore\" style=\"display: none;\">\n\t<div class=\"wprevmodal_modal_rdmore-content\">\n\t<span class=\"wprevmodal_rdmore_close\">\u00d7<\/span><div class=\"wpproslider_t6_DIV_1a\">\n\t\t\t<div class=\"indrevdiv wpproslider_t6_DIV_2 wprev_preview_bg1_T6 wprev_preview_bradius_T6\">\n\t\t\t<div class=\"wpproslider_t6_DIV_2_top\">\n\t\t\t\t\n\t\t\t\t<div class=\"wpproslider_t6_DIV_3\">\n\t\t\t\t\t<div class=\"t6displayname wpproslider_t6_STRONG_5 wprev_preview_tcolor2_T6\"><\/div>\n\t\t\t\t\t<div class=\"wpproslider_t6_star_DIV\"><span class=\"wprevpro_star_imgs_T6\"><span class=\"starloc1 wprevpro_star_imgs wprevpro_star_imgsloc1\"><span class=\"svgicons svg-wprsp-star\"><\/span><span class=\"svgicons svg-wprsp-star\"><\/span><span class=\"svgicons svg-wprsp-star\"><\/span><span class=\"svgicons svg-wprsp-star\"><\/span><span class=\"svgicons svg-wprsp-star\"><\/span><\/span><\/span><\/div>\n\t\t\t\t\t<div class=\"wpproslider_t6_SPAN_6 wprev_preview_tcolor2_T6\"><span class=\"wprev_showdate_T6\">09\/04\/26<\/span><\/div>\n\t\t\t\t<\/div>\n\t\t\t<\/div>\n\t\t\t<div class=\" wpproslider_t6_DIV_4 rdmorepopbody\">\n\t\t\t\t\t<div class=\"wpproslider_t6_P_4 wprev_preview_tcolor1_T6\">\n\t\t\t\t\t\tWell one of the finest hostel in city<br>\nStaff service every thing is amazing, furthermore washing area clean they have plenty of space you can sit any where nice friendly staff<br>\nI visited first time and really enjoyed<br>\nMoreover location is great middle of the city walking distance to station<br>\nFree pass for local buses<br>\nFree breakfast<br>\nI highly recommend this hostel for all the visitors\n\t\t\t\t\t<\/div>\n\t\t\t\t\t\n\t\t\t<\/div>\n\t\t\t<div class=\"wpproslider_t6_DIV_3_logo rdmorepoplogo\"><div class='wprevt15_icon_div'><a href=\"https:\/\/www.google.com\/maps\/reviews\/data=!4m8!14m7!1m6!2m5!1sCi9DQUlRQUNvZENodHljRjlvT25GamVWWmxValY0Vm1Wc2EweDNWM0UwZFdwTVkyYxAB!2m1!1s0x0:0x6c68e578229bdf89!3m1!1s2@1:CAIQACodChtycF9oOnFjeVZlUjV4VmVsa0x3V3E0dWpMY2c%7C%7C?hl=en-US\" target=\"_blank\" rel=\"nofollow noreferrer\" class=\"wprevpro_t15_site_logo_a\"><img decoding=\"async\" width=32 height=32 src=\"https:\/\/villa.ch\/wp-content\/plugins\/wp-review-slider-pro\/public\/partials\/imgs\/google_small_icon.svg\" alt=\"Google Logo\" class=\"wprevpro_t15_site_logo wprevsiteicon \"><\/a><\/div><\/div><\/div><\/div><\/div><\/div>\t\r\n\t<\/div>\r\n\t\t<\/div>\r\n<\/li><li>\t\t<div class=\"wprevpro_t15_outer_div w3_wprs-row wprevprodiv\">\r\n\t\t\t<div class=\"wpproslider_t15_DIV_1 w3_wprs-col l12 outerrevdiv\">\r\n\t\t<div class=\"indrevdiv wpproslider_t15_DIV_1a  wprev_preview_bg1_T15 wprev_preview_bradius_T15\" style='padding-top: 15px;'>\r\n\t\t\t\t\t\t<div class=\"wpproslider_t15_H3_3 wprev_preview_tcolor1_T15\">\r\n\t\t\t\t<div class=\"wprevpro_t15_SPAN_7 wprevlocation\"><\/div>\t\t\t<\/div>\r\n\t\t\t<span class=\"wprev_preview_tcolor3_T15 wprev_showdate_T15\">07\/04\/26<\/span>\r\n\t\t\t<span class=\"wpproslider_t15_SPAN_4\">\r\n\t\t\t<span class=\"wprevpro_star_imgs_T15\"><span class=\"starloc1 wprevpro_star_imgs wprevpro_star_imgsloc1\"><span class=\"svgicons svg-wprsp-star\"><\/span><span class=\"svgicons svg-wprsp-star\"><\/span><span class=\"svgicons svg-wprsp-star\"><\/span><span class=\"svgicons svg-wprsp-star\"><\/span><span class=\"svgicons svg-wprsp-star\"><\/span><\/span><span class=\"verifiedloc1 wprevpro_verified_svg wprevtooltip\" data-wprevtooltip=\"Verified on Google\"><span class=\"svgicons svg-wprsp-verified \"><\/span><\/span><\/span>\r\n\t\t\t<\/span>\r\n\t\t\t<div class=\"indrevtxt wpproslider_t15_P_5 wprev_preview_tcolor2_T15\"><div class='readmoretextdiv indrevlineclamp' data-lines='3' data-revid='231'>\t\t\t\t\t\t\t\uc2dd\ub2f9\uc11c \uc2dc\ub044\ub7ec\uc6b4 \ud55c\uad6d\uc778 \ub54c\ubb38\uc5d0 \uc870\uae08 \ubd88\ud3b8\ud588\uc5c8\ub124\uc694.<br>\n\uadf8\uac70\uc57c \uc77c\uc2dc\uc801\uc778 \ubb38\uc81c\uace0, \uc804\uccb4\uc801\uc73c\ub85c \uc88b\uc558\uc2b5\ub2c8\ub2e4.<br>\n\uc8fc\ubcc0 \ubdf0\ub3c4 \uba4b\uc9c0\uace0, \ubc84\uc2a4\uc815\ub958\uc7a5\uc774 \ubc14\ub85c \uc55e\uc774\uace0.<br>\n\ub113\uc740 \uc8fc\ubc29\ub3c4 \uc88b\uc544\uc694.\t\t\t\t\t\t\t\t<\/div><div class='divwprsrdmore' style='opacity:0;'><span class='wprevpro_btn_show_rdpop'>more...<\/span><span class='wprs_rd_less' style='display:none;'>less...<\/span><\/div>\t\t\t\t\t\t\t<\/div>\r\n\t\t\t<span class=\"wpproslider_t15_date wprev_preview_tcolor3_T15\"><\/span>\r\n\t\t\t<div class='wprevt15_icon_div'><a href=\"https:\/\/www.google.com\/maps\/reviews\/data=!4m8!14m7!1m6!2m5!1sCi9DQUlRQUNvZENodHljRjlvT2pWd2FrOUhUVTkzU0cxSmNGTk1Tak4xWkZsNWRXYxAB!2m1!1s0x0:0x6c68e578229bdf89!3m1!1s2@1:CAIQACodChtycF9oOjVwak9HTU93SG1JcFNMSjN1ZFl5dWc%7C%7C?hl=en-US\" target=\"_blank\" rel=\"nofollow noreferrer\" class=\"wprevpro_t15_site_logo_a\"><img decoding=\"async\" width=32 height=32 src=\"https:\/\/villa.ch\/wp-content\/plugins\/wp-review-slider-pro\/public\/partials\/imgs\/google_small_icon.svg\" alt=\"Google Logo\" class=\"wprevpro_t15_site_logo wprevsiteicon \"><\/a><\/div>\t\t\t\t\t\t\t\t\t\t\t<\/div>\r\n\t\t<div class=\"wprevmodal_modal_rdmore\" style=\"display: none;\">\n\t<div class=\"wprevmodal_modal_rdmore-content\">\n\t<span class=\"wprevmodal_rdmore_close\">\u00d7<\/span><div class=\"wpproslider_t6_DIV_1a\">\n\t\t\t<div class=\"indrevdiv wpproslider_t6_DIV_2 wprev_preview_bg1_T6 wprev_preview_bradius_T6\">\n\t\t\t<div class=\"wpproslider_t6_DIV_2_top\">\n\t\t\t\t\n\t\t\t\t<div class=\"wpproslider_t6_DIV_3\">\n\t\t\t\t\t<div class=\"t6displayname wpproslider_t6_STRONG_5 wprev_preview_tcolor2_T6\"><\/div>\n\t\t\t\t\t<div class=\"wpproslider_t6_star_DIV\"><span class=\"wprevpro_star_imgs_T6\"><span class=\"starloc1 wprevpro_star_imgs wprevpro_star_imgsloc1\"><span class=\"svgicons svg-wprsp-star\"><\/span><span class=\"svgicons svg-wprsp-star\"><\/span><span class=\"svgicons svg-wprsp-star\"><\/span><span class=\"svgicons svg-wprsp-star\"><\/span><span class=\"svgicons svg-wprsp-star\"><\/span><\/span><\/span><\/div>\n\t\t\t\t\t<div class=\"wpproslider_t6_SPAN_6 wprev_preview_tcolor2_T6\"><span class=\"wprev_showdate_T6\">07\/04\/26<\/span><\/div>\n\t\t\t\t<\/div>\n\t\t\t<\/div>\n\t\t\t<div class=\" wpproslider_t6_DIV_4 rdmorepopbody\">\n\t\t\t\t\t<div class=\"wpproslider_t6_P_4 wprev_preview_tcolor1_T6\">\n\t\t\t\t\t\t\uc2dd\ub2f9\uc11c \uc2dc\ub044\ub7ec\uc6b4 \ud55c\uad6d\uc778 \ub54c\ubb38\uc5d0 \uc870\uae08 \ubd88\ud3b8\ud588\uc5c8\ub124\uc694.<br>\n\uadf8\uac70\uc57c \uc77c\uc2dc\uc801\uc778 \ubb38\uc81c\uace0, \uc804\uccb4\uc801\uc73c\ub85c \uc88b\uc558\uc2b5\ub2c8\ub2e4.<br>\n\uc8fc\ubcc0 \ubdf0\ub3c4 \uba4b\uc9c0\uace0, \ubc84\uc2a4\uc815\ub958\uc7a5\uc774 \ubc14\ub85c \uc55e\uc774\uace0.<br>\n\ub113\uc740 \uc8fc\ubc29\ub3c4 \uc88b\uc544\uc694.\n\t\t\t\t\t<\/div>\n\t\t\t\t\t\n\t\t\t<\/div>\n\t\t\t<div class=\"wpproslider_t6_DIV_3_logo rdmorepoplogo\"><div class='wprevt15_icon_div'><a href=\"https:\/\/www.google.com\/maps\/reviews\/data=!4m8!14m7!1m6!2m5!1sCi9DQUlRQUNvZENodHljRjlvT2pWd2FrOUhUVTkzU0cxSmNGTk1Tak4xWkZsNWRXYxAB!2m1!1s0x0:0x6c68e578229bdf89!3m1!1s2@1:CAIQACodChtycF9oOjVwak9HTU93SG1JcFNMSjN1ZFl5dWc%7C%7C?hl=en-US\" target=\"_blank\" rel=\"nofollow noreferrer\" class=\"wprevpro_t15_site_logo_a\"><img decoding=\"async\" width=32 height=32 src=\"https:\/\/villa.ch\/wp-content\/plugins\/wp-review-slider-pro\/public\/partials\/imgs\/google_small_icon.svg\" alt=\"Google Logo\" class=\"wprevpro_t15_site_logo wprevsiteicon \"><\/a><\/div><\/div><\/div><\/div><\/div><\/div>\t\r\n\t<\/div>\r\n\t\t<\/div>\r\n<\/li><li>\t\t<div class=\"wprevpro_t15_outer_div w3_wprs-row wprevprodiv\">\r\n\t\t\t<div class=\"wpproslider_t15_DIV_1 w3_wprs-col l12 outerrevdiv\">\r\n\t\t<div class=\"indrevdiv wpproslider_t15_DIV_1a  wprev_preview_bg1_T15 wprev_preview_bradius_T15\" style='padding-top: 15px;'>\r\n\t\t\t\t\t\t<div class=\"wpproslider_t15_H3_3 wprev_preview_tcolor1_T15\">\r\n\t\t\t\t<div class=\"wprevpro_t15_SPAN_7 wprevlocation\"><\/div>\t\t\t<\/div>\r\n\t\t\t<span class=\"wprev_preview_tcolor3_T15 wprev_showdate_T15\">06\/04\/26<\/span>\r\n\t\t\t<span class=\"wpproslider_t15_SPAN_4\">\r\n\t\t\t<span class=\"wprevpro_star_imgs_T15\"><span class=\"starloc1 wprevpro_star_imgs wprevpro_star_imgsloc1\"><span class=\"svgicons svg-wprsp-star\"><\/span><span class=\"svgicons svg-wprsp-star\"><\/span><span class=\"svgicons svg-wprsp-star\"><\/span><span class=\"svgicons svg-wprsp-star\"><\/span><span class=\"svgicons svg-wprsp-star\"><\/span><\/span><span class=\"verifiedloc1 wprevpro_verified_svg wprevtooltip\" data-wprevtooltip=\"Verified on Google\"><span class=\"svgicons svg-wprsp-verified \"><\/span><\/span><\/span>\r\n\t\t\t<\/span>\r\n\t\t\t<div class=\"indrevtxt wpproslider_t15_P_5 wprev_preview_tcolor2_T15\"><div class='readmoretextdiv indrevlineclamp' data-lines='3' data-revid='232'>\t\t\t\t\t\t\t\uc778\ud130\ub77c\ucf04 \ub3d9\uc11c\uc5ed \uc911\uac04\uc5d0 \uc704\uce58\ud558\uace0 \uac8c\uc2a4\ud2b8 \uce74\ub4dc\ub97c \uc774\uc6a9\ud558\uba74 \uc5ed\uac04 \uc774\ub3d9\ub3c4 \ud3b8\ub9ac\ud558\uac8c \ud560\uc218 \uc788\uc2b5\ub2c8\ub2e4.<br>\n\uac1d\uc2e4\uacfc \ud654\uc7a5\uc2e4 \ubaa8\ub450 \uccad\uacb0\ud558\uba70 \uc2a4\uc704\uc2a4 \ubb3c\uac00\uc5d0 \ud6cc\ub96d\ud55c \uc870\uc2dd\uc774 \uc788\uace0 \uacf5\uc6a9\uc8fc\ubc29\ub3c4 \uaddc\ubaa8\uac00 \uc788\uc5b4 \ub9c8\ud2b8\uc5d0\uc11c \uc0ac\uc628 \uc694\ub9ac\ub97c \ud574\uba39\uae30\uc5d0\ub3c4 \ubd88\ud3b8\ud568\uc774 \uc5c6\uc2b5\ub2c8\ub2e4.<br>\n\uadf8\ub9ac\uace0 \uacf3\uacf3\uc5d0 \ud14c\ub77c\uc2a4 \uc88c\uc11d\uc774 \ub9c8\ub828\ub418\uc5b4 \uc788\uc5b4 \uc54c\ud504\uc2a4 \uc0b0\ub9e5 \ubd84\uc704\uae30\ub97c \ub290\ub07c\uae30\uc5d0 \ubd80\uc871\ud568\uc774 \uc5c6\uc5b4 \ucd94\ucc9c\ud569\ub2c8\ub2e4.\t\t\t\t\t\t\t\t<\/div><div class='divwprsrdmore' style='opacity:0;'><span class='wprevpro_btn_show_rdpop'>more...<\/span><span class='wprs_rd_less' style='display:none;'>less...<\/span><\/div>\t\t\t\t\t\t\t<\/div>\r\n\t\t\t<span class=\"wpproslider_t15_date wprev_preview_tcolor3_T15\"><\/span>\r\n\t\t\t<div class='wprevt15_icon_div'><a href=\"https:\/\/www.google.com\/maps\/reviews\/data=!4m8!14m7!1m6!2m5!1sCi9DQUlRQUNvZENodHljRjlvT2pFeFZEVlJOVWhxZFVGWlFtTldlVlJyUzFkc2NYYxAB!2m1!1s0x0:0x6c68e578229bdf89!3m1!1s2@1:CAIQACodChtycF9oOjExVDVRNUhqdUFZQmNWeVRrS1dscXc%7C%7C?hl=en-US\" target=\"_blank\" rel=\"nofollow noreferrer\" class=\"wprevpro_t15_site_logo_a\"><img decoding=\"async\" width=32 height=32 src=\"https:\/\/villa.ch\/wp-content\/plugins\/wp-review-slider-pro\/public\/partials\/imgs\/google_small_icon.svg\" alt=\"Google Logo\" class=\"wprevpro_t15_site_logo wprevsiteicon \"><\/a><\/div>\t\t\t\t\t\t\t\t\t\t\t<\/div>\r\n\t\t<div class=\"wprevmodal_modal_rdmore\" style=\"display: none;\">\n\t<div class=\"wprevmodal_modal_rdmore-content\">\n\t<span class=\"wprevmodal_rdmore_close\">\u00d7<\/span><div class=\"wpproslider_t6_DIV_1a\">\n\t\t\t<div class=\"indrevdiv wpproslider_t6_DIV_2 wprev_preview_bg1_T6 wprev_preview_bradius_T6\">\n\t\t\t<div class=\"wpproslider_t6_DIV_2_top\">\n\t\t\t\t\n\t\t\t\t<div class=\"wpproslider_t6_DIV_3\">\n\t\t\t\t\t<div class=\"t6displayname wpproslider_t6_STRONG_5 wprev_preview_tcolor2_T6\"><\/div>\n\t\t\t\t\t<div class=\"wpproslider_t6_star_DIV\"><span class=\"wprevpro_star_imgs_T6\"><span class=\"starloc1 wprevpro_star_imgs wprevpro_star_imgsloc1\"><span class=\"svgicons svg-wprsp-star\"><\/span><span class=\"svgicons svg-wprsp-star\"><\/span><span class=\"svgicons svg-wprsp-star\"><\/span><span class=\"svgicons svg-wprsp-star\"><\/span><span class=\"svgicons svg-wprsp-star\"><\/span><\/span><\/span><\/div>\n\t\t\t\t\t<div class=\"wpproslider_t6_SPAN_6 wprev_preview_tcolor2_T6\"><span class=\"wprev_showdate_T6\">06\/04\/26<\/span><\/div>\n\t\t\t\t<\/div>\n\t\t\t<\/div>\n\t\t\t<div class=\" wpproslider_t6_DIV_4 rdmorepopbody\">\n\t\t\t\t\t<div class=\"wpproslider_t6_P_4 wprev_preview_tcolor1_T6\">\n\t\t\t\t\t\t\uc778\ud130\ub77c\ucf04 \ub3d9\uc11c\uc5ed \uc911\uac04\uc5d0 \uc704\uce58\ud558\uace0 \uac8c\uc2a4\ud2b8 \uce74\ub4dc\ub97c \uc774\uc6a9\ud558\uba74 \uc5ed\uac04 \uc774\ub3d9\ub3c4 \ud3b8\ub9ac\ud558\uac8c \ud560\uc218 \uc788\uc2b5\ub2c8\ub2e4.<br>\n\uac1d\uc2e4\uacfc \ud654\uc7a5\uc2e4 \ubaa8\ub450 \uccad\uacb0\ud558\uba70 \uc2a4\uc704\uc2a4 \ubb3c\uac00\uc5d0 \ud6cc\ub96d\ud55c \uc870\uc2dd\uc774 \uc788\uace0 \uacf5\uc6a9\uc8fc\ubc29\ub3c4 \uaddc\ubaa8\uac00 \uc788\uc5b4 \ub9c8\ud2b8\uc5d0\uc11c \uc0ac\uc628 \uc694\ub9ac\ub97c \ud574\uba39\uae30\uc5d0\ub3c4 \ubd88\ud3b8\ud568\uc774 \uc5c6\uc2b5\ub2c8\ub2e4.<br>\n\uadf8\ub9ac\uace0 \uacf3\uacf3\uc5d0 \ud14c\ub77c\uc2a4 \uc88c\uc11d\uc774 \ub9c8\ub828\ub418\uc5b4 \uc788\uc5b4 \uc54c\ud504\uc2a4 \uc0b0\ub9e5 \ubd84\uc704\uae30\ub97c \ub290\ub07c\uae30\uc5d0 \ubd80\uc871\ud568\uc774 \uc5c6\uc5b4 \ucd94\ucc9c\ud569\ub2c8\ub2e4.\n\t\t\t\t\t<\/div>\n\t\t\t\t\t\n\t\t\t<\/div>\n\t\t\t<div class=\"wpproslider_t6_DIV_3_logo rdmorepoplogo\"><div class='wprevt15_icon_div'><a href=\"https:\/\/www.google.com\/maps\/reviews\/data=!4m8!14m7!1m6!2m5!1sCi9DQUlRQUNvZENodHljRjlvT2pFeFZEVlJOVWhxZFVGWlFtTldlVlJyUzFkc2NYYxAB!2m1!1s0x0:0x6c68e578229bdf89!3m1!1s2@1:CAIQACodChtycF9oOjExVDVRNUhqdUFZQmNWeVRrS1dscXc%7C%7C?hl=en-US\" target=\"_blank\" rel=\"nofollow noreferrer\" class=\"wprevpro_t15_site_logo_a\"><img decoding=\"async\" width=32 height=32 src=\"https:\/\/villa.ch\/wp-content\/plugins\/wp-review-slider-pro\/public\/partials\/imgs\/google_small_icon.svg\" alt=\"Google Logo\" class=\"wprevpro_t15_site_logo wprevsiteicon \"><\/a><\/div><\/div><\/div><\/div><\/div><\/div>\t\r\n\t<\/div>\r\n\t\t<\/div>\r\n<\/li><li>\t\t<div class=\"wprevpro_t15_outer_div w3_wprs-row wprevprodiv\">\r\n\t\t\t<div class=\"wpproslider_t15_DIV_1 w3_wprs-col l12 outerrevdiv\">\r\n\t\t<div class=\"indrevdiv wpproslider_t15_DIV_1a  wprev_preview_bg1_T15 wprev_preview_bradius_T15\" style='padding-top: 15px;'>\r\n\t\t\t\t\t\t<div class=\"wpproslider_t15_H3_3 wprev_preview_tcolor1_T15\">\r\n\t\t\t\t<div class=\"wprevpro_t15_SPAN_7 wprevlocation\"><\/div>\t\t\t<\/div>\r\n\t\t\t<span class=\"wprev_preview_tcolor3_T15 wprev_showdate_T15\">06\/04\/26<\/span>\r\n\t\t\t<span class=\"wpproslider_t15_SPAN_4\">\r\n\t\t\t<span class=\"wprevpro_star_imgs_T15\"><span class=\"starloc1 wprevpro_star_imgs wprevpro_star_imgsloc1\"><span class=\"svgicons svg-wprsp-star\"><\/span><span class=\"svgicons svg-wprsp-star\"><\/span><span class=\"svgicons svg-wprsp-star\"><\/span><span class=\"svgicons svg-wprsp-star\"><\/span><span class=\"svgicons svg-wprsp-star-o\"><\/span><\/span><span class=\"verifiedloc1 wprevpro_verified_svg wprevtooltip\" data-wprevtooltip=\"Verified on Google\"><span class=\"svgicons svg-wprsp-verified \"><\/span><\/span><\/span>\r\n\t\t\t<\/span>\r\n\t\t\t<div class=\"indrevtxt wpproslider_t15_P_5 wprev_preview_tcolor2_T15\"><div class='readmoretextdiv indrevlineclamp' data-lines='3' data-revid='233'>\t\t\t\t\t\t\tLeuk hostel, vriendelijke ontvangst. Ruime tuin en een grote ruimte om te koken met meerdere kookstations, ookal werd deze voornamelijk gebruikt om noodles te koken of maaltijden op te warmen in een magnetron. Er zijn redelijk wat voorzieningen zoals een tafeltennistafel, grote kookruimte, tafelvoetbal en de mogelijkheid om te wassen echter wel voor de hoofdprijs van 10 francs!!! En dat is niet omdat iemand het met de hand voor je gaat doen, er staat gewoon een wasmachine. De kamer was erg klein, wat de mogelijkheid beperkt om je derriere ruim te kunnen keren. En veel verkeer wat langsrijd, dit merk je als je het raam openzet . Op elke verdieping was er een toilet buiten dienst wat zorgde voor oncomfortabele momenten bij hoge nood. Zeker wel aan te raden maar neem geen vuile was mee en een sterke blaas!\t\t\t\t\t\t\t\t<\/div><div class='divwprsrdmore' style='opacity:0;'><span class='wprevpro_btn_show_rdpop'>more...<\/span><span class='wprs_rd_less' style='display:none;'>less...<\/span><\/div>\t\t\t\t\t\t\t<\/div>\r\n\t\t\t<span class=\"wpproslider_t15_date wprev_preview_tcolor3_T15\"><\/span>\r\n\t\t\t<div class='wprevt15_icon_div'><a href=\"https:\/\/www.google.com\/maps\/reviews\/data=!4m8!14m7!1m6!2m5!1sCi9DQUlRQUNvZENodHljRjlvT2tObk56SlVlbTVEWXkwemNESlVYMkpPYjFVd1pXYxAB!2m1!1s0x0:0x6c68e578229bdf89!3m1!1s2@1:CAIQACodChtycF9oOkNnNzJUem5DYy0zcDJUX2JOb1UwZWc%7C%7C?hl=en-US\" target=\"_blank\" rel=\"nofollow noreferrer\" class=\"wprevpro_t15_site_logo_a\"><img decoding=\"async\" width=32 height=32 src=\"https:\/\/villa.ch\/wp-content\/plugins\/wp-review-slider-pro\/public\/partials\/imgs\/google_small_icon.svg\" alt=\"Google Logo\" class=\"wprevpro_t15_site_logo wprevsiteicon \"><\/a><\/div>\t\t\t\t\t\t\t\t\t\t\t<\/div>\r\n\t\t<div class=\"wprevmodal_modal_rdmore\" style=\"display: none;\">\n\t<div class=\"wprevmodal_modal_rdmore-content\">\n\t<span class=\"wprevmodal_rdmore_close\">\u00d7<\/span><div class=\"wpproslider_t6_DIV_1a\">\n\t\t\t<div class=\"indrevdiv wpproslider_t6_DIV_2 wprev_preview_bg1_T6 wprev_preview_bradius_T6\">\n\t\t\t<div class=\"wpproslider_t6_DIV_2_top\">\n\t\t\t\t\n\t\t\t\t<div class=\"wpproslider_t6_DIV_3\">\n\t\t\t\t\t<div class=\"t6displayname wpproslider_t6_STRONG_5 wprev_preview_tcolor2_T6\"><\/div>\n\t\t\t\t\t<div class=\"wpproslider_t6_star_DIV\"><span class=\"wprevpro_star_imgs_T6\"><span class=\"starloc1 wprevpro_star_imgs wprevpro_star_imgsloc1\"><span class=\"svgicons svg-wprsp-star\"><\/span><span class=\"svgicons svg-wprsp-star\"><\/span><span class=\"svgicons svg-wprsp-star\"><\/span><span class=\"svgicons svg-wprsp-star\"><\/span><span class=\"svgicons svg-wprsp-star-o\"><\/span><\/span><\/span><\/div>\n\t\t\t\t\t<div class=\"wpproslider_t6_SPAN_6 wprev_preview_tcolor2_T6\"><span class=\"wprev_showdate_T6\">06\/04\/26<\/span><\/div>\n\t\t\t\t<\/div>\n\t\t\t<\/div>\n\t\t\t<div class=\" wpproslider_t6_DIV_4 rdmorepopbody\">\n\t\t\t\t\t<div class=\"wpproslider_t6_P_4 wprev_preview_tcolor1_T6\">\n\t\t\t\t\t\tLeuk hostel, vriendelijke ontvangst. Ruime tuin en een grote ruimte om te koken met meerdere kookstations, ookal werd deze voornamelijk gebruikt om noodles te koken of maaltijden op te warmen in een magnetron. Er zijn redelijk wat voorzieningen zoals een tafeltennistafel, grote kookruimte, tafelvoetbal en de mogelijkheid om te wassen echter wel voor de hoofdprijs van 10 francs!!! En dat is niet omdat iemand het met de hand voor je gaat doen, er staat gewoon een wasmachine. De kamer was erg klein, wat de mogelijkheid beperkt om je derriere ruim te kunnen keren. En veel verkeer wat langsrijd, dit merk je als je het raam openzet . Op elke verdieping was er een toilet buiten dienst wat zorgde voor oncomfortabele momenten bij hoge nood. Zeker wel aan te raden maar neem geen vuile was mee en een sterke blaas!\n\t\t\t\t\t<\/div>\n\t\t\t\t\t\n\t\t\t<\/div>\n\t\t\t<div class=\"wpproslider_t6_DIV_3_logo rdmorepoplogo\"><div class='wprevt15_icon_div'><a href=\"https:\/\/www.google.com\/maps\/reviews\/data=!4m8!14m7!1m6!2m5!1sCi9DQUlRQUNvZENodHljRjlvT2tObk56SlVlbTVEWXkwemNESlVYMkpPYjFVd1pXYxAB!2m1!1s0x0:0x6c68e578229bdf89!3m1!1s2@1:CAIQACodChtycF9oOkNnNzJUem5DYy0zcDJUX2JOb1UwZWc%7C%7C?hl=en-US\" target=\"_blank\" rel=\"nofollow noreferrer\" class=\"wprevpro_t15_site_logo_a\"><img decoding=\"async\" width=32 height=32 src=\"https:\/\/villa.ch\/wp-content\/plugins\/wp-review-slider-pro\/public\/partials\/imgs\/google_small_icon.svg\" alt=\"Google Logo\" class=\"wprevpro_t15_site_logo wprevsiteicon \"><\/a><\/div><\/div><\/div><\/div><\/div><\/div>\t\r\n\t<\/div>\r\n\t\t<\/div>\r\n<\/li><\/ul><\/div><\/div> [\/et_pb_code][\/et_pb_column][\/et_pb_row][\/et_pb_section][et_pb_section fb_built=&#8220;1&#8243; custom_padding_last_edited=&#8220;on|desktop&#8220; module_id=&#8220;rooms&#8220; _builder_version=&#8220;4.27.6&#8243; _module_preset=&#8220;default&#8220; z_index=&#8220;0&#8243; width=&#8220;100%&#8220; max_width=&#8220;100%&#8220; custom_margin=&#8220;||0px||false|false&#8220; custom_margin_tablet=&#8220;||||false|false&#8220; custom_margin_phone=&#8220;||||false|false&#8220; custom_margin_last_edited=&#8220;on|tablet&#8220; custom_padding=&#8220;||0px||false|false&#8220; custom_padding_tablet=&#8220;50px||||false|false&#8220; custom_padding_phone=&#8220;50px||||false|false&#8220; global_colors_info=&#8220;{}&#8220;][et_pb_row _builder_version=&#8220;4.27.4&#8243; _module_preset=&#8220;default&#8220; z_index=&#8220;1&#8243; width=&#8220;90%&#8220; max_width=&#8220;1440px&#8220; custom_padding=&#8220;||27px|||&#8220; global_colors_info=&#8220;{}&#8220;][et_pb_column type=&#8220;4_4&#8243; _builder_version=&#8220;4.27.4&#8243; _module_preset=&#8220;default&#8220; global_colors_info=&#8220;{}&#8220;][et_pb_heading title=&#8220;Zimmer &#038; Kategorien&#8220; _builder_version=&#8220;4.27.4&#8243; _module_preset=&#8220;default&#8220; title_level=&#8220;h2&#8243; title_font=&#8220;Univers 65 Bold||||||||&#8220; title_text_color=&#8220;#5A7683&#8243; title_font_size=&#8220;40px&#8220; custom_margin=&#8220;0px||1%||false|false&#8220; custom_padding=&#8220;0px||0px||false|false&#8220; title_font_size_tablet=&#8220;38px&#8220; title_font_size_phone=&#8220;32px&#8220; title_font_size_last_edited=&#8220;on|desktop&#8220; global_colors_info=&#8220;{}&#8220;][\/et_pb_heading][\/et_pb_column][\/et_pb_row][et_pb_row column_structure=&#8220;1_3,1_3,1_3&#8243; make_equal=&#8220;on&#8220; module_class=&#8220;boxen-startseite&#8220; _builder_version=&#8220;4.27.5&#8243; _module_preset=&#8220;default&#8220; width=&#8220;90%&#8220; max_width=&#8220;1440px&#8220; custom_padding=&#8220;||27px|||&#8220; locked=&#8220;off&#8220; global_colors_info=&#8220;{}&#8220;][et_pb_column type=&#8220;1_3&#8243; _builder_version=&#8220;4.27.4&#8243; _module_preset=&#8220;default&#8220; global_colors_info=&#8220;{}&#8220;][difl_imagecarousel item_desktop=&#8220;1&#8243; item_tablet=&#8220;1&#8243; centered_slides=&#8220;on&#8220; loop=&#8220;on&#8220; arrow=&#8220;on&#8220; use_lightbox=&#8220;on&#8220; use_lightbox_caption=&#8220;on&#8220; ic_equal_height=&#8220;on&#8220; ic_full_width=&#8220;on&#8220; arrow_prev_icon_use_icon=&#8220;on&#8220; arrow_prev_icon_font_icon=&#8220;&#xf053;||fa||900&#8243; arrow_prev_icon_icon_size=&#8220;40px&#8220; arrow_next_icon_use_icon=&#8220;on&#8220; arrow_next_icon_font_icon=&#8220;&#xf054;||fa||900&#8243; arrow_next_icon_icon_size=&#8220;40px&#8220; arrow_color=&#8220;#FFD700&#8243; arrow_background=&#8220;RGBA(255,255,255,0)&#8220; image_scale=&#8220;on&#8220; image_scale_value=&#8220;1.1&#8243; item_wrapper_padding=&#8220;||||false|false&#8220; _builder_version=&#8220;4.27.6&#8243; _module_preset=&#8220;default&#8220; caption_font=&#8220;Univers 55 Regular||||||||&#8220; caption_text_color=&#8220;#363636&#8243; caption_font_size=&#8220;14px&#8220; caption_line_height=&#8220;1.4em&#8220; position_origin_f=&#8220;center_center&#8220; global_colors_info=&#8220;{}&#8220; ic_overlay_background_bgcolor__hover_enabled=&#8220;on|desktop&#8220; ic_overlay_background_bgcolor__hover=&#8220;rgba(255,215,0,0.25)&#8220;][difl_imagecarouselitem image=&#8220;https:\/\/villa.ch\/wp-content\/uploads\/2025\/05\/6-Bett.jpg&#8220; ic_button_button_url_new_window=&#8220;1&#8243; _builder_version=&#8220;4.27.5&#8243; _module_preset=&#8220;default&#8220; global_colors_info=&#8220;{}&#8220;][\/difl_imagecarouselitem][difl_imagecarouselitem image=&#8220;https:\/\/villa.ch\/wp-content\/uploads\/2025\/05\/Eco-Quad32_bg-scaled-e1772014648945.jpg&#8220; ic_button_button_url_new_window=&#8220;1&#8243; _builder_version=&#8220;4.27.5&#8243; _module_preset=&#8220;default&#8220; global_colors_info=&#8220;{}&#8220;][\/difl_imagecarouselitem][difl_imagecarouselitem image=&#8220;https:\/\/villa.ch\/wp-content\/uploads\/2025\/05\/2-Bett.jpg&#8220; ic_button_button_url_new_window=&#8220;1&#8243; _builder_version=&#8220;4.27.5&#8243; _module_preset=&#8220;default&#8220; global_colors_info=&#8220;{}&#8220;][\/difl_imagecarouselitem][difl_imagecarouselitem image=&#8220;https:\/\/villa.ch\/wp-content\/uploads\/2026\/02\/Bettlampe-1-scalednew.jpg&#8220; ic_button_button_url_new_window=&#8220;1&#8243; _builder_version=&#8220;4.27.5&#8243; _module_preset=&#8220;default&#8220; global_colors_info=&#8220;{}&#8220;][\/difl_imagecarouselitem][difl_imagecarouselitem image=&#8220;https:\/\/villa.ch\/wp-content\/uploads\/2025\/05\/Bad-2.jpg&#8220; ic_button_button_url_new_window=&#8220;1&#8243; _builder_version=&#8220;4.27.5&#8243; _module_preset=&#8220;default&#8220; global_colors_info=&#8220;{}&#8220;][\/difl_imagecarouselitem][\/difl_imagecarousel][et_pb_heading title=&#8220;Eco&#8220; _builder_version=&#8220;4.27.4&#8243; _module_preset=&#8220;default&#8220; title_level=&#8220;h3&#8243; title_font=&#8220;Univers 65 Bold||||||||&#8220; title_text_color=&#8220;#5A7683&#8243; title_font_size=&#8220;32px&#8220; title_line_height=&#8220;1.41em&#8220; custom_margin=&#8220;||0px||false|false&#8220; custom_padding=&#8220;||0px||false|false&#8220; title_font_size_tablet=&#8220;30px&#8220; title_font_size_phone=&#8220;28px&#8220; title_font_size_last_edited=&#8220;on|desktop&#8220; global_colors_info=&#8220;{}&#8220;][\/et_pb_heading][difl_inline_contents _builder_version=&#8220;4.27.5&#8243; _module_preset=&#8220;default&#8220; global_colors_info=&#8220;{}&#8220;][difl_inline_contents_item content_type=&#8220;Icon&#8220; content_icon=&#8220;&#xf1eb;||fa||900&#8243; icon_color=&#8220;#5A7683&#8243; icon_size=&#8220;24px&#8220; _builder_version=&#8220;4.27.5&#8243; _module_preset=&#8220;default&#8220; custom_margin=&#8220;|10px|||false|false&#8220; global_colors_info=&#8220;{}&#8220;][\/difl_inline_contents_item][difl_inline_contents_item content_type=&#8220;Icon&#8220; content_icon=&#8220;&#xe06c;||divi||400&#8243; icon_color=&#8220;#5A7683&#8243; icon_size=&#8220;24px&#8220; _builder_version=&#8220;4.27.5&#8243; _module_preset=&#8220;default&#8220; custom_margin=&#8220;|10px|||false|false&#8220; global_colors_info=&#8220;{}&#8220;][\/difl_inline_contents_item][difl_inline_contents_item content_type=&#8220;Icon&#8220; content_icon=&#8220;&#xe06d;||fa||900&#8243; icon_color=&#8220;#5A7683&#8243; icon_size=&#8220;24px&#8220; _builder_version=&#8220;4.27.5&#8243; _module_preset=&#8220;default&#8220; global_colors_info=&#8220;{}&#8220;][\/difl_inline_contents_item][\/difl_inline_contents][et_pb_text ul_position=&#8220;inside&#8220; quote_border_color=&#8220;#FFD700&#8243; _builder_version=&#8220;4.27.4&#8243; _module_preset=&#8220;default&#8220; text_font=&#8220;Univers 55 Regular||||||||&#8220; text_text_color=&#8220;#363636&#8243; text_font_size=&#8220;18px&#8220; text_line_height=&#8220;1.4em&#8220; link_font=&#8220;Univers 65 Bold||||on|||#5A7683|solid&#8220; link_text_color=&#8220;#5A7683&#8243; link_font_size=&#8220;18px&#8220; link_line_height=&#8220;1.4em&#8220; ul_text_color=&#8220;#363636&#8243; ul_font_size=&#8220;18px&#8220; ul_line_height=&#8220;1.4em&#8220; ol_text_color=&#8220;#363636&#8243; ol_font_size=&#8220;18px&#8220; ol_line_height=&#8220;1.4em&#8220; quote_text_color=&#8220;#5A7683&#8243; quote_font_size=&#8220;18px&#8220; quote_line_height=&#8220;1.4em&#8220; height_tablet=&#8220;auto&#8220; height_phone=&#8220;auto&#8220; height_last_edited=&#8220;on|phone&#8220; custom_margin=&#8220;0px||||false|false&#8220; custom_padding=&#8220;0px||||false|false&#8220; text_font_size_tablet=&#8220;18px&#8220; text_font_size_phone=&#8220;18px&#8220; text_font_size_last_edited=&#8220;on|desktop&#8220; global_colors_info=&#8220;{}&#8220;]Einfache zweckm\u00e4ssige Zimmer im wundersch\u00f6nen historischen Chalet. WC &#038; Duschen auf der Etage, ein stabiles, gem\u00fctliches Bett, L\u00e4mpli und Schliessfach &#8211; alles, was du brauchst.[\/et_pb_text][et_pb_button button_url=&#8220;\/de\/buchen&#8220; button_text=&#8220;Jetzt buchen&#8220; _builder_version=&#8220;4.27.6&#8243; _module_preset=&#8220;default&#8220; custom_button=&#8220;on&#8220; button_text_size=&#8220;18px&#8220; button_text_color=&#8220;#5A7683&#8243; button_bg_color=&#8220;#FFD700&#8243; button_border_width=&#8220;1px&#8220; button_border_color=&#8220;#FFD700&#8243; button_font=&#8220;Univers 65 Bold||||||||&#8220; button_icon=&#8220;&#x24;||divi||400&#8243; custom_padding=&#8220;5px||1px||false|false&#8220; global_colors_info=&#8220;{}&#8220; button_text_color__hover_enabled=&#8220;on|desktop&#8220; button_text_color__hover=&#8220;#FFD700&#8243; button_bg_color__hover_enabled=&#8220;on|desktop&#8220; button_bg_color__hover=&#8220;#5A7683&#8243; button_bg_enable_color__hover=&#8220;on&#8220; button_border_color__hover_enabled=&#8220;on|desktop&#8220; button_border_color__hover=&#8220;#5A7683&#8243;][\/et_pb_button][\/et_pb_column][et_pb_column type=&#8220;1_3&#8243; _builder_version=&#8220;4.27.4&#8243; _module_preset=&#8220;default&#8220; global_colors_info=&#8220;{}&#8220;][difl_imagecarousel item_desktop=&#8220;1&#8243; item_tablet=&#8220;1&#8243; centered_slides=&#8220;on&#8220; loop=&#8220;on&#8220; arrow=&#8220;on&#8220; use_lightbox=&#8220;on&#8220; use_lightbox_caption=&#8220;on&#8220; ic_equal_height=&#8220;on&#8220; ic_full_width=&#8220;on&#8220; arrow_prev_icon_use_icon=&#8220;on&#8220; arrow_prev_icon_font_icon=&#8220;&#xf053;||fa||900&#8243; arrow_prev_icon_icon_size=&#8220;40px&#8220; arrow_next_icon_use_icon=&#8220;on&#8220; arrow_next_icon_font_icon=&#8220;&#xf054;||fa||900&#8243; arrow_next_icon_icon_size=&#8220;40px&#8220; arrow_color=&#8220;#FFD700&#8243; arrow_background=&#8220;RGBA(255,255,255,0)&#8220; image_scale=&#8220;on&#8220; image_scale_value=&#8220;1.1&#8243; item_wrapper_padding=&#8220;||||false|false&#8220; _builder_version=&#8220;4.27.6&#8243; _module_preset=&#8220;default&#8220; caption_font=&#8220;Univers 55 Regular||||||||&#8220; caption_text_color=&#8220;#363636&#8243; caption_font_size=&#8220;14px&#8220; caption_line_height=&#8220;1.4em&#8220; position_origin_f=&#8220;center_center&#8220; global_colors_info=&#8220;{}&#8220; ic_overlay_background_bgcolor__hover=&#8220;rgba(255,215,0,0.25)&#8220; ic_overlay_background_bgcolor__hover_enabled=&#8220;on|desktop&#8220;][difl_imagecarouselitem image=&#8220;https:\/\/villa.ch\/wp-content\/uploads\/2025\/05\/8-Bett.jpg&#8220; ic_button_button_url_new_window=&#8220;1&#8243; _builder_version=&#8220;4.27.4&#8243; _module_preset=&#8220;default&#8220; global_colors_info=&#8220;{}&#8220;][\/difl_imagecarouselitem][difl_imagecarouselitem image=&#8220;https:\/\/villa.ch\/wp-content\/uploads\/2025\/05\/Bad.jpg&#8220; ic_button_button_url_new_window=&#8220;1&#8243; _builder_version=&#8220;4.27.4&#8243; _module_preset=&#8220;default&#8220; global_colors_info=&#8220;{}&#8220;][\/difl_imagecarouselitem][difl_imagecarouselitem image=&#8220;https:\/\/villa.ch\/wp-content\/uploads\/2025\/05\/Bettlampe-scaled-e1754307821664.jpg&#8220; ic_button_button_url_new_window=&#8220;1&#8243; _builder_version=&#8220;4.27.4&#8243; _module_preset=&#8220;default&#8220; global_colors_info=&#8220;{}&#8220;][\/difl_imagecarouselitem][\/difl_imagecarousel][et_pb_heading title=&#8220;Jungfrau&#8220; _builder_version=&#8220;4.27.4&#8243; _module_preset=&#8220;default&#8220; title_level=&#8220;h3&#8243; title_font=&#8220;Univers 65 Bold||||||||&#8220; title_text_color=&#8220;#5A7683&#8243; title_font_size=&#8220;32px&#8220; title_line_height=&#8220;1.41em&#8220; custom_margin=&#8220;||0px||false|false&#8220; custom_padding=&#8220;||0px||false|false&#8220; title_font_size_tablet=&#8220;30px&#8220; title_font_size_phone=&#8220;28px&#8220; title_font_size_last_edited=&#8220;on|desktop&#8220; global_colors_info=&#8220;{}&#8220;][\/et_pb_heading][difl_inline_contents _builder_version=&#8220;4.27.5&#8243; _module_preset=&#8220;default&#8220; global_colors_info=&#8220;{}&#8220;][difl_inline_contents_item content_type=&#8220;Icon&#8220; content_icon=&#8220;&#xf1eb;||fa||900&#8243; icon_color=&#8220;#5A7683&#8243; icon_size=&#8220;24px&#8220; _builder_version=&#8220;4.27.5&#8243; _module_preset=&#8220;default&#8220; custom_margin=&#8220;|10px|||false|false&#8220; global_colors_info=&#8220;{}&#8220;][\/difl_inline_contents_item][difl_inline_contents_item content_type=&#8220;Icon&#8220; content_icon=&#8220;&#xe06c;||divi||400&#8243; icon_color=&#8220;#5A7683&#8243; icon_size=&#8220;24px&#8220; _builder_version=&#8220;4.27.5&#8243; _module_preset=&#8220;default&#8220; custom_margin=&#8220;|10px|||false|false&#8220; global_colors_info=&#8220;{}&#8220;][\/difl_inline_contents_item][difl_inline_contents_item content_type=&#8220;Icon&#8220; content_icon=&#8220;&#xe06d;||fa||900&#8243; icon_color=&#8220;#5A7683&#8243; icon_size=&#8220;24px&#8220; _builder_version=&#8220;4.27.5&#8243; _module_preset=&#8220;default&#8220; global_colors_info=&#8220;{}&#8220;][\/difl_inline_contents_item][\/difl_inline_contents][et_pb_text ul_position=&#8220;inside&#8220; quote_border_color=&#8220;#FFD700&#8243; _builder_version=&#8220;4.27.6&#8243; _module_preset=&#8220;default&#8220; text_font=&#8220;Univers 55 Regular||||||||&#8220; text_text_color=&#8220;#363636&#8243; text_font_size=&#8220;18px&#8220; text_line_height=&#8220;1.4em&#8220; link_font=&#8220;Univers 65 Bold||||on|||#5A7683|solid&#8220; link_text_color=&#8220;#5A7683&#8243; link_font_size=&#8220;18px&#8220; link_line_height=&#8220;1.4em&#8220; ul_text_color=&#8220;#363636&#8243; ul_font_size=&#8220;18px&#8220; ul_line_height=&#8220;1.4em&#8220; ol_text_color=&#8220;#363636&#8243; ol_font_size=&#8220;18px&#8220; ol_line_height=&#8220;1.4em&#8220; quote_text_color=&#8220;#5A7683&#8243; quote_font_size=&#8220;18px&#8220; quote_line_height=&#8220;1.4em&#8220; height_tablet=&#8220;auto&#8220; height_phone=&#8220;auto&#8220; height_last_edited=&#8220;on|phone&#8220; custom_margin=&#8220;0px||||false|false&#8220; custom_padding=&#8220;0px||||false|false&#8220; text_font_size_tablet=&#8220;18px&#8220; text_font_size_phone=&#8220;18px&#8220; text_font_size_last_edited=&#8220;on|desktop&#8220; global_colors_info=&#8220;{}&#8220;]<\/p>\n<p>Grossz\u00fcgige Zimmer mit 4 bis 7 Betten und WC. Etagendusche. S\u00fcdbalkon mit Blick auf die schneebedeckten Berge und zur weltber\u00fchmten Jungfrau.<\/p>\n<p>[\/et_pb_text][et_pb_button button_url=&#8220;\/de\/buchen&#8220; button_text=&#8220;Jetzt buchen&#8220; _builder_version=&#8220;4.27.6&#8243; _module_preset=&#8220;default&#8220; custom_button=&#8220;on&#8220; button_text_size=&#8220;18px&#8220; button_text_color=&#8220;#5A7683&#8243; button_bg_color=&#8220;#FFD700&#8243; button_border_width=&#8220;1px&#8220; button_border_color=&#8220;#FFD700&#8243; button_font=&#8220;Univers 65 Bold||||||||&#8220; button_icon=&#8220;&#x24;||divi||400&#8243; custom_padding=&#8220;5px||1px||false|false&#8220; global_colors_info=&#8220;{}&#8220; button_text_color__hover_enabled=&#8220;on|desktop&#8220; button_text_color__hover=&#8220;#FFD700&#8243; button_bg_color__hover_enabled=&#8220;on|desktop&#8220; button_bg_color__hover=&#8220;#5A7683&#8243; button_bg_enable_color__hover=&#8220;on&#8220; button_border_color__hover_enabled=&#8220;on|desktop&#8220; button_border_color__hover=&#8220;#5A7683&#8243;][\/et_pb_button][\/et_pb_column][et_pb_column type=&#8220;1_3&#8243; _builder_version=&#8220;4.27.4&#8243; _module_preset=&#8220;default&#8220; global_colors_info=&#8220;{}&#8220;][difl_imagecarousel item_desktop=&#8220;1&#8243; item_tablet=&#8220;1&#8243; centered_slides=&#8220;on&#8220; loop=&#8220;on&#8220; arrow=&#8220;on&#8220; use_lightbox=&#8220;on&#8220; use_lightbox_caption=&#8220;on&#8220; ic_equal_height=&#8220;on&#8220; ic_full_width=&#8220;on&#8220; arrow_prev_icon_use_icon=&#8220;on&#8220; arrow_prev_icon_font_icon=&#8220;&#xf053;||fa||900&#8243; arrow_prev_icon_icon_size=&#8220;40px&#8220; arrow_next_icon_use_icon=&#8220;on&#8220; arrow_next_icon_font_icon=&#8220;&#xf054;||fa||900&#8243; arrow_next_icon_icon_size=&#8220;40px&#8220; arrow_color=&#8220;#FFD700&#8243; arrow_background=&#8220;RGBA(255,255,255,0)&#8220; image_scale=&#8220;on&#8220; image_scale_value=&#8220;1.1&#8243; item_wrapper_padding=&#8220;||||false|false&#8220; _builder_version=&#8220;4.27.6&#8243; _module_preset=&#8220;default&#8220; caption_font=&#8220;Univers 55 Regular||||||||&#8220; caption_text_color=&#8220;#363636&#8243; caption_font_size=&#8220;14px&#8220; caption_line_height=&#8220;1.4em&#8220; position_origin_f=&#8220;center_center&#8220; global_colors_info=&#8220;{}&#8220; ic_overlay_background_bgcolor__hover=&#8220;rgba(255,215,0,0.25)&#8220; ic_overlay_background_bgcolor__hover_enabled=&#8220;on|desktop&#8220;][difl_imagecarouselitem image=&#8220;https:\/\/villa.ch\/wp-content\/uploads\/2025\/05\/6-Bett-1.jpg&#8220; ic_button_button_url_new_window=&#8220;1&#8243; _builder_version=&#8220;4.27.4&#8243; _module_preset=&#8220;default&#8220; global_colors_info=&#8220;{}&#8220;][\/difl_imagecarouselitem][difl_imagecarouselitem image=&#8220;https:\/\/villa.ch\/wp-content\/uploads\/2025\/05\/Vierbett.jpg&#8220; ic_button_button_url_new_window=&#8220;1&#8243; _builder_version=&#8220;4.27.4&#8243; _module_preset=&#8220;default&#8220; global_colors_info=&#8220;{}&#8220;][\/difl_imagecarouselitem][difl_imagecarouselitem image=&#8220;https:\/\/villa.ch\/wp-content\/uploads\/2025\/05\/twin-1.jpg&#8220; ic_button_button_url_new_window=&#8220;1&#8243; _builder_version=&#8220;4.27.4&#8243; _module_preset=&#8220;default&#8220; global_colors_info=&#8220;{}&#8220;][\/difl_imagecarouselitem][difl_imagecarouselitem image=&#8220;https:\/\/villa.ch\/wp-content\/uploads\/2025\/05\/WC.jpg&#8220; ic_button_button_url_new_window=&#8220;1&#8243; _builder_version=&#8220;4.27.4&#8243; _module_preset=&#8220;default&#8220; global_colors_info=&#8220;{}&#8220;][\/difl_imagecarouselitem][\/difl_imagecarousel][et_pb_heading title=&#8220;Komfort&#8220; _builder_version=&#8220;4.27.4&#8243; _module_preset=&#8220;default&#8220; title_level=&#8220;h3&#8243; title_font=&#8220;Univers 65 Bold||||||||&#8220; title_text_color=&#8220;#5A7683&#8243; title_font_size=&#8220;32px&#8220; title_line_height=&#8220;1.41em&#8220; custom_margin=&#8220;||0px||false|false&#8220; custom_padding=&#8220;||0px||false|false&#8220; title_font_size_tablet=&#8220;30px&#8220; title_font_size_phone=&#8220;28px&#8220; title_font_size_last_edited=&#8220;on|desktop&#8220; global_colors_info=&#8220;{}&#8220;][\/et_pb_heading][difl_inline_contents _builder_version=&#8220;4.27.5&#8243; _module_preset=&#8220;default&#8220; global_colors_info=&#8220;{}&#8220;][difl_inline_contents_item content_type=&#8220;Icon&#8220; content_icon=&#8220;&#xf1eb;||fa||900&#8243; icon_color=&#8220;#5A7683&#8243; icon_size=&#8220;24px&#8220; _builder_version=&#8220;4.27.5&#8243; _module_preset=&#8220;default&#8220; custom_margin=&#8220;|10px|||false|false&#8220; global_colors_info=&#8220;{}&#8220;][\/difl_inline_contents_item][difl_inline_contents_item content_type=&#8220;Icon&#8220; content_icon=&#8220;&#xe06c;||divi||400&#8243; icon_color=&#8220;#5A7683&#8243; icon_size=&#8220;24px&#8220; _builder_version=&#8220;4.27.5&#8243; _module_preset=&#8220;default&#8220; custom_margin=&#8220;|10px|||false|false&#8220; global_colors_info=&#8220;{}&#8220;][\/difl_inline_contents_item][difl_inline_contents_item content_type=&#8220;Icon&#8220; content_icon=&#8220;&#xf2cc;||fa||900&#8243; icon_color=&#8220;#5A7683&#8243; icon_size=&#8220;24px&#8220; _builder_version=&#8220;4.27.5&#8243; _module_preset=&#8220;default&#8220; global_colors_info=&#8220;{}&#8220;][\/difl_inline_contents_item][\/difl_inline_contents][et_pb_text ul_position=&#8220;inside&#8220; quote_border_color=&#8220;#FFD700&#8243; _builder_version=&#8220;4.27.4&#8243; _module_preset=&#8220;default&#8220; text_font=&#8220;Univers 55 Regular||||||||&#8220; text_text_color=&#8220;#363636&#8243; text_font_size=&#8220;18px&#8220; text_line_height=&#8220;1.4em&#8220; link_font=&#8220;Univers 65 Bold||||on|||#5A7683|solid&#8220; link_text_color=&#8220;#5A7683&#8243; link_font_size=&#8220;18px&#8220; link_line_height=&#8220;1.4em&#8220; ul_text_color=&#8220;#363636&#8243; ul_font_size=&#8220;18px&#8220; ul_line_height=&#8220;1.4em&#8220; ol_text_color=&#8220;#363636&#8243; ol_font_size=&#8220;18px&#8220; ol_line_height=&#8220;1.4em&#8220; quote_text_color=&#8220;#5A7683&#8243; quote_font_size=&#8220;18px&#8220; quote_line_height=&#8220;1.4em&#8220; height_tablet=&#8220;auto&#8220; height_phone=&#8220;auto&#8220; height_last_edited=&#8220;on|phone&#8220; custom_margin=&#8220;0px||||false|false&#8220; custom_padding=&#8220;0px||||false|false&#8220; text_font_size_tablet=&#8220;18px&#8220; text_font_size_phone=&#8220;18px&#8220; text_font_size_last_edited=&#8220;on|desktop&#8220; global_colors_info=&#8220;{}&#8220;]<\/p>\n<p>Moderne Zimmer mit 2 bis 6 Betten in unserem &#8222;Suncube&#8220;. Alle Zimmer verf\u00fcgen \u00fcber Dusche\/WC.<\/p>\n<p>[\/et_pb_text][et_pb_button button_url=&#8220;\/de\/buchen&#8220; button_text=&#8220;Jetzt buchen&#8220; _builder_version=&#8220;4.27.6&#8243; _module_preset=&#8220;default&#8220; custom_button=&#8220;on&#8220; button_text_size=&#8220;18px&#8220; button_text_color=&#8220;#5A7683&#8243; button_bg_color=&#8220;#FFD700&#8243; button_border_width=&#8220;1px&#8220; button_border_color=&#8220;#FFD700&#8243; button_font=&#8220;Univers 65 Bold||||||||&#8220; button_icon=&#8220;&#x24;||divi||400&#8243; custom_padding=&#8220;5px||1px||false|false&#8220; global_colors_info=&#8220;{}&#8220; button_text_color__hover_enabled=&#8220;on|desktop&#8220; button_text_color__hover=&#8220;#FFD700&#8243; button_bg_color__hover_enabled=&#8220;on|desktop&#8220; button_bg_color__hover=&#8220;#5A7683&#8243; button_bg_enable_color__hover=&#8220;on&#8220; button_border_color__hover_enabled=&#8220;on|desktop&#8220; button_border_color__hover=&#8220;#5A7683&#8243;][\/et_pb_button][\/et_pb_column][\/et_pb_row][\/et_pb_section][et_pb_section fb_built=&#8220;1&#8243; module_id=&#8220;rooms&#8220; _builder_version=&#8220;4.27.4&#8243; _module_preset=&#8220;default&#8220; z_index=&#8220;0&#8243; width=&#8220;100%&#8220; max_width=&#8220;100%&#8220; custom_margin=&#8220;||0px||false|false&#8220; custom_padding=&#8220;||0px||false|false&#8220; global_colors_info=&#8220;{}&#8220;][et_pb_row _builder_version=&#8220;4.27.4&#8243; _module_preset=&#8220;default&#8220; width=&#8220;90%&#8220; max_width=&#8220;1440px&#8220; custom_padding=&#8220;||27px|||&#8220; global_colors_info=&#8220;{}&#8220;][et_pb_column type=&#8220;4_4&#8243; _builder_version=&#8220;4.27.4&#8243; _module_preset=&#8220;default&#8220; global_colors_info=&#8220;{}&#8220;][et_pb_heading title=&#8220;Was wir sonst noch bieten&#8220; _builder_version=&#8220;4.27.4&#8243; _module_preset=&#8220;default&#8220; title_level=&#8220;h2&#8243; title_font=&#8220;Univers 65 Bold||||||||&#8220; title_text_color=&#8220;#5A7683&#8243; title_font_size=&#8220;40px&#8220; custom_margin=&#8220;0px||1%||false|false&#8220; custom_padding=&#8220;0px||0px||false|false&#8220; title_font_size_tablet=&#8220;38px&#8220; title_font_size_phone=&#8220;32px&#8220; title_font_size_last_edited=&#8220;on|desktop&#8220; global_colors_info=&#8220;{}&#8220;][\/et_pb_heading][\/et_pb_column][\/et_pb_row][et_pb_row column_structure=&#8220;1_3,1_3,1_3&#8243; module_class=&#8220;icons-inline&#8220; _builder_version=&#8220;4.27.5&#8243; _module_preset=&#8220;default&#8220; width=&#8220;90%&#8220; max_width=&#8220;1440px&#8220; custom_padding=&#8220;||27px|||&#8220; global_colors_info=&#8220;{}&#8220;][et_pb_column type=&#8220;1_3&#8243; _builder_version=&#8220;4.27.4&#8243; _module_preset=&#8220;default&#8220; global_colors_info=&#8220;{}&#8220;][difl_imagecarousel item_desktop=&#8220;1&#8243; item_tablet=&#8220;1&#8243; centered_slides=&#8220;on&#8220; loop=&#8220;on&#8220; arrow=&#8220;on&#8220; use_lightbox=&#8220;on&#8220; use_lightbox_caption=&#8220;on&#8220; ic_equal_height=&#8220;on&#8220; ic_full_width=&#8220;on&#8220; arrow_prev_icon_use_icon=&#8220;on&#8220; arrow_prev_icon_font_icon=&#8220;&#xf053;||fa||900&#8243; arrow_prev_icon_icon_size=&#8220;40px&#8220; arrow_next_icon_use_icon=&#8220;on&#8220; arrow_next_icon_font_icon=&#8220;&#xf054;||fa||900&#8243; arrow_next_icon_icon_size=&#8220;40px&#8220; arrow_color=&#8220;#FFD700&#8243; arrow_background=&#8220;RGBA(255,255,255,0)&#8220; image_scale=&#8220;on&#8220; image_scale_value=&#8220;1.1&#8243; item_wrapper_padding=&#8220;||||false|false&#8220; _builder_version=&#8220;4.27.6&#8243; _module_preset=&#8220;default&#8220; caption_font=&#8220;Univers 55 Regular||||||||&#8220; caption_text_color=&#8220;#363636&#8243; caption_font_size=&#8220;14px&#8220; caption_line_height=&#8220;1.4em&#8220; position_origin_f=&#8220;center_center&#8220; global_colors_info=&#8220;{}&#8220; ic_overlay_background_bgcolor__hover_enabled=&#8220;on|desktop&#8220; ic_overlay_background_bgcolor__hover=&#8220;rgba(255,215,0,0.25)&#8220;][difl_imagecarouselitem image=&#8220;https:\/\/villa.ch\/wp-content\/uploads\/2025\/08\/Komplett.jpg&#8220; ic_button_button_url_new_window=&#8220;1&#8243; wrapper_padding=&#8220;||||false|false&#8220; _builder_version=&#8220;4.27.4&#8243; _module_preset=&#8220;default&#8220; global_colors_info=&#8220;{}&#8220;][\/difl_imagecarouselitem][difl_imagecarouselitem image=&#8220;https:\/\/villa.ch\/wp-content\/uploads\/2025\/08\/Kaffee-scaled.jpg&#8220; ic_button_button_url_new_window=&#8220;1&#8243; wrapper_padding=&#8220;||||false|false&#8220; _builder_version=&#8220;4.27.4&#8243; _module_preset=&#8220;default&#8220; global_colors_info=&#8220;{}&#8220;][\/difl_imagecarouselitem][difl_imagecarouselitem image=&#8220;https:\/\/villa.ch\/wp-content\/uploads\/2025\/08\/Brot.jpg&#8220; ic_button_button_url_new_window=&#8220;1&#8243; wrapper_padding=&#8220;||||false|false&#8220; _builder_version=&#8220;4.27.4&#8243; _module_preset=&#8220;default&#8220; global_colors_info=&#8220;{}&#8220;][\/difl_imagecarouselitem][difl_imagecarouselitem image=&#8220;https:\/\/villa.ch\/wp-content\/uploads\/2025\/08\/Muesli.jpg&#8220; ic_button_button_url_new_window=&#8220;1&#8243; wrapper_padding=&#8220;||||false|false&#8220; _builder_version=&#8220;4.27.4&#8243; _module_preset=&#8220;default&#8220; global_colors_info=&#8220;{}&#8220;][\/difl_imagecarouselitem][difl_imagecarouselitem image=&#8220;https:\/\/villa.ch\/wp-content\/uploads\/2025\/08\/Konfi.jpg&#8220; ic_button_button_url_new_window=&#8220;1&#8243; wrapper_padding=&#8220;||||false|false&#8220; _builder_version=&#8220;4.27.4&#8243; _module_preset=&#8220;default&#8220; global_colors_info=&#8220;{}&#8220;][\/difl_imagecarouselitem][\/difl_imagecarousel][et_pb_heading title=&#8220;Fr\u00fchst\u00fcck&#8220; _builder_version=&#8220;4.27.4&#8243; _module_preset=&#8220;default&#8220; title_level=&#8220;h3&#8243; title_font=&#8220;Univers 65 Bold||||||||&#8220; title_text_color=&#8220;#5A7683&#8243; title_font_size=&#8220;32px&#8220; title_line_height=&#8220;1.41em&#8220; custom_margin=&#8220;||0px||false|false&#8220; custom_padding=&#8220;||0px||false|false&#8220; title_font_size_tablet=&#8220;30px&#8220; title_font_size_phone=&#8220;28px&#8220; title_font_size_last_edited=&#8220;on|desktop&#8220; global_colors_info=&#8220;{}&#8220;][\/et_pb_heading][et_pb_text ul_position=&#8220;inside&#8220; quote_border_color=&#8220;#FFD700&#8243; _builder_version=&#8220;4.27.4&#8243; _module_preset=&#8220;default&#8220; text_font=&#8220;Univers 55 Regular||||||||&#8220; text_text_color=&#8220;#363636&#8243; text_font_size=&#8220;18px&#8220; text_line_height=&#8220;1.4em&#8220; link_font=&#8220;Univers 65 Bold||||on|||#5A7683|solid&#8220; link_text_color=&#8220;#5A7683&#8243; link_font_size=&#8220;18px&#8220; link_line_height=&#8220;1.4em&#8220; ul_text_color=&#8220;#363636&#8243; ul_font_size=&#8220;18px&#8220; ul_line_height=&#8220;1.4em&#8220; ol_text_color=&#8220;#363636&#8243; ol_font_size=&#8220;18px&#8220; ol_line_height=&#8220;1.4em&#8220; quote_text_color=&#8220;#5A7683&#8243; quote_font_size=&#8220;18px&#8220; quote_line_height=&#8220;1.4em&#8220; height_tablet=&#8220;auto&#8220; height_phone=&#8220;auto&#8220; height_last_edited=&#8220;on|phone&#8220; custom_margin=&#8220;0px||||false|false&#8220; custom_padding=&#8220;0px||||false|false&#8220; text_font_size_tablet=&#8220;18px&#8220; text_font_size_phone=&#8220;18px&#8220; text_font_size_last_edited=&#8220;on|desktop&#8220; global_colors_info=&#8220;{}&#8220;]<\/p>\n<p>Wir bieten all unseren G\u00e4sten ein einfaches, nahrhaftes und vor allem kostenfreies Fr\u00fchst\u00fcck an. Startet in den Tag mit einem richtig guten Kaffee, leckerem Brot aus der Region, Aufstrich, Joghurt und M\u00fcsli! Das gibt richtig Power!<\/p>\n<p>[\/et_pb_text][\/et_pb_column][et_pb_column type=&#8220;1_3&#8243; _builder_version=&#8220;4.27.4&#8243; _module_preset=&#8220;default&#8220; global_colors_info=&#8220;{}&#8220;][difl_imagecarousel item_desktop=&#8220;1&#8243; item_tablet=&#8220;1&#8243; centered_slides=&#8220;on&#8220; loop=&#8220;on&#8220; arrow=&#8220;on&#8220; use_lightbox=&#8220;on&#8220; use_lightbox_caption=&#8220;on&#8220; ic_equal_height=&#8220;on&#8220; ic_full_width=&#8220;on&#8220; arrow_prev_icon_use_icon=&#8220;on&#8220; arrow_prev_icon_font_icon=&#8220;&#xf053;||fa||900&#8243; arrow_prev_icon_icon_size=&#8220;40px&#8220; arrow_next_icon_use_icon=&#8220;on&#8220; arrow_next_icon_font_icon=&#8220;&#xf054;||fa||900&#8243; arrow_next_icon_icon_size=&#8220;40px&#8220; arrow_color=&#8220;#FFD700&#8243; arrow_background=&#8220;RGBA(255,255,255,0)&#8220; image_scale=&#8220;on&#8220; image_scale_value=&#8220;1.1&#8243; _builder_version=&#8220;4.27.6&#8243; _module_preset=&#8220;default&#8220; caption_font=&#8220;Univers 55 Regular||||||||&#8220; caption_text_color=&#8220;#363636&#8243; caption_font_size=&#8220;14px&#8220; caption_line_height=&#8220;1.4em&#8220; global_colors_info=&#8220;{}&#8220; ic_overlay_background_bgcolor__hover=&#8220;rgba(255,215,0,0.25)&#8220; ic_overlay_background_bgcolor__hover_enabled=&#8220;on|desktop&#8220;][difl_imagecarouselitem image=&#8220;https:\/\/villa.ch\/wp-content\/uploads\/2025\/08\/Kueche-ganz.jpg&#8220; ic_button_button_url_new_window=&#8220;1&#8243; _builder_version=&#8220;4.27.4&#8243; _module_preset=&#8220;default&#8220; global_colors_info=&#8220;{}&#8220;][\/difl_imagecarouselitem][difl_imagecarouselitem image=&#8220;https:\/\/villa.ch\/wp-content\/uploads\/2025\/08\/Kueche-Teil.jpg&#8220; ic_button_button_url_new_window=&#8220;1&#8243; _builder_version=&#8220;4.27.4&#8243; _module_preset=&#8220;default&#8220; global_colors_info=&#8220;{}&#8220;][\/difl_imagecarouselitem][\/difl_imagecarousel][et_pb_heading title=&#8220;K\u00fcche&#8220; _builder_version=&#8220;4.27.4&#8243; _module_preset=&#8220;default&#8220; title_level=&#8220;h3&#8243; title_font=&#8220;Univers 65 Bold||||||||&#8220; title_text_color=&#8220;#5A7683&#8243; title_font_size=&#8220;32px&#8220; title_line_height=&#8220;1.41em&#8220; custom_margin=&#8220;||0px||false|false&#8220; custom_padding=&#8220;||0px||false|false&#8220; title_font_size_tablet=&#8220;30px&#8220; title_font_size_phone=&#8220;28px&#8220; title_font_size_last_edited=&#8220;on|desktop&#8220; global_colors_info=&#8220;{}&#8220;][\/et_pb_heading][et_pb_text ul_position=&#8220;inside&#8220; quote_border_color=&#8220;#FFD700&#8243; _builder_version=&#8220;4.27.4&#8243; _module_preset=&#8220;default&#8220; text_font=&#8220;Univers 55 Regular||||||||&#8220; text_text_color=&#8220;#363636&#8243; text_font_size=&#8220;18px&#8220; text_line_height=&#8220;1.4em&#8220; link_font=&#8220;Univers 65 Bold||||on|||#5A7683|solid&#8220; link_text_color=&#8220;#5A7683&#8243; link_font_size=&#8220;18px&#8220; link_line_height=&#8220;1.4em&#8220; ul_text_color=&#8220;#363636&#8243; ul_font_size=&#8220;18px&#8220; ul_line_height=&#8220;1.4em&#8220; ol_text_color=&#8220;#363636&#8243; ol_font_size=&#8220;18px&#8220; ol_line_height=&#8220;1.4em&#8220; quote_text_color=&#8220;#5A7683&#8243; quote_font_size=&#8220;18px&#8220; quote_line_height=&#8220;1.4em&#8220; height_tablet=&#8220;auto&#8220; height_phone=&#8220;auto&#8220; height_last_edited=&#8220;on|phone&#8220; custom_margin=&#8220;0px||||false|false&#8220; custom_padding=&#8220;0px||||false|false&#8220; text_font_size_tablet=&#8220;18px&#8220; text_font_size_phone=&#8220;18px&#8220; text_font_size_last_edited=&#8220;on|desktop&#8220; global_colors_info=&#8220;{}&#8220;]<\/p>\n<p>Ihr wollt gut und g\u00fcnstig essen oder liebt es euch selbst, etwas zuzubereiten? Unsere grossz\u00fcgige Selbstkocherk\u00fcche hat wirklich alles, was das Koch-Herz begehrt! Sie ist nicht nur voll ausgestattet, sondern hat auch 24 Stunden ge\u00f6ffnet.<\/p>\n<p>[\/et_pb_text][\/et_pb_column][et_pb_column type=&#8220;1_3&#8243; _builder_version=&#8220;4.27.4&#8243; _module_preset=&#8220;default&#8220; global_colors_info=&#8220;{}&#8220;][difl_imagecarousel item_desktop=&#8220;1&#8243; item_tablet=&#8220;1&#8243; centered_slides=&#8220;on&#8220; loop=&#8220;on&#8220; arrow=&#8220;on&#8220; use_lightbox=&#8220;on&#8220; use_lightbox_caption=&#8220;on&#8220; ic_equal_height=&#8220;on&#8220; ic_full_width=&#8220;on&#8220; arrow_prev_icon_use_icon=&#8220;on&#8220; arrow_prev_icon_font_icon=&#8220;&#xf053;||fa||900&#8243; arrow_prev_icon_icon_size=&#8220;40px&#8220; arrow_next_icon_use_icon=&#8220;on&#8220; arrow_next_icon_font_icon=&#8220;&#xf054;||fa||900&#8243; arrow_next_icon_icon_size=&#8220;40px&#8220; arrow_color=&#8220;#FFD700&#8243; arrow_background=&#8220;RGBA(255,255,255,0)&#8220; image_scale=&#8220;on&#8220; image_scale_value=&#8220;1.1&#8243; _builder_version=&#8220;4.27.6&#8243; _module_preset=&#8220;default&#8220; caption_font=&#8220;Univers 55 Regular||||||||&#8220; caption_text_color=&#8220;#363636&#8243; caption_font_size=&#8220;14px&#8220; caption_line_height=&#8220;1.4em&#8220; global_colors_info=&#8220;{}&#8220; ic_overlay_background_bgcolor__hover=&#8220;rgba(255,215,0,0.25)&#8220; ic_overlay_background_bgcolor__hover_enabled=&#8220;on|desktop&#8220;][difl_imagecarouselitem image=&#8220;https:\/\/villa.ch\/wp-content\/uploads\/2025\/08\/Waschkueche.jpg&#8220; ic_button_button_url_new_window=&#8220;1&#8243; _builder_version=&#8220;4.27.4&#8243; _module_preset=&#8220;default&#8220; global_colors_info=&#8220;{}&#8220;][\/difl_imagecarouselitem][\/difl_imagecarousel][et_pb_heading title=&#8220;Waschk\u00fcche&#8220; _builder_version=&#8220;4.27.4&#8243; _module_preset=&#8220;default&#8220; title_level=&#8220;h3&#8243; title_font=&#8220;Univers 65 Bold||||||||&#8220; title_text_color=&#8220;#5A7683&#8243; title_font_size=&#8220;32px&#8220; title_line_height=&#8220;1.41em&#8220; custom_margin=&#8220;||0px||false|false&#8220; custom_padding=&#8220;||0px||false|false&#8220; title_font_size_tablet=&#8220;30px&#8220; title_font_size_phone=&#8220;28px&#8220; title_font_size_last_edited=&#8220;on|desktop&#8220; global_colors_info=&#8220;{}&#8220;][\/et_pb_heading][et_pb_text ul_position=&#8220;inside&#8220; quote_border_color=&#8220;#FFD700&#8243; _builder_version=&#8220;4.27.4&#8243; _module_preset=&#8220;default&#8220; text_font=&#8220;Univers 55 Regular||||||||&#8220; text_text_color=&#8220;#363636&#8243; text_font_size=&#8220;18px&#8220; text_line_height=&#8220;1.4em&#8220; link_font=&#8220;Univers 65 Bold||||on|||#5A7683|solid&#8220; link_text_color=&#8220;#5A7683&#8243; link_font_size=&#8220;18px&#8220; link_line_height=&#8220;1.4em&#8220; ul_text_color=&#8220;#363636&#8243; ul_font_size=&#8220;18px&#8220; ul_line_height=&#8220;1.4em&#8220; ol_text_color=&#8220;#363636&#8243; ol_font_size=&#8220;18px&#8220; ol_line_height=&#8220;1.4em&#8220; quote_text_color=&#8220;#5A7683&#8243; quote_font_size=&#8220;18px&#8220; quote_line_height=&#8220;1.4em&#8220; height_tablet=&#8220;auto&#8220; height_phone=&#8220;auto&#8220; height_last_edited=&#8220;on|phone&#8220; custom_margin=&#8220;0px||||false|false&#8220; custom_padding=&#8220;0px||||false|false&#8220; text_font_size_tablet=&#8220;18px&#8220; text_font_size_phone=&#8220;18px&#8220; text_font_size_last_edited=&#8220;on|desktop&#8220; global_colors_info=&#8220;{}&#8220;]<\/p>\n<p>Unsere hauseigene Waschk\u00fcche hat 24 Stunden f\u00fcr euch ge\u00f6ffnet. Im Preis ist das Waschmittel bereits inklusive und das Trocknen ist kostenlos.\u00a0<\/p>\n<p>&nbsp;<\/p>\n<p>[\/et_pb_text][\/et_pb_column][\/et_pb_row][\/et_pb_section][et_pb_section fb_built=&#8220;1&#8243; module_id=&#8220;about&#8220; _builder_version=&#8220;4.27.4&#8243; _module_preset=&#8220;default&#8220; z_index=&#8220;0&#8243; width=&#8220;100%&#8220; max_width=&#8220;100%&#8220; custom_margin=&#8220;||0px||false|false&#8220; custom_padding=&#8220;||0px||false|false&#8220; global_colors_info=&#8220;{}&#8220;][et_pb_row _builder_version=&#8220;4.27.4&#8243; _module_preset=&#8220;default&#8220; width=&#8220;90%&#8220; max_width=&#8220;1440px&#8220; custom_padding=&#8220;||27px|||&#8220; global_colors_info=&#8220;{}&#8220;][et_pb_column type=&#8220;4_4&#8243; _builder_version=&#8220;4.27.4&#8243; _module_preset=&#8220;default&#8220; global_colors_info=&#8220;{}&#8220;][et_pb_heading title=&#8220;\u00dcber uns&#8220; _builder_version=&#8220;4.27.4&#8243; _module_preset=&#8220;default&#8220; title_level=&#8220;h2&#8243; title_font=&#8220;Univers 65 Bold||||||||&#8220; title_text_color=&#8220;#5A7683&#8243; title_font_size=&#8220;40px&#8220; custom_margin=&#8220;0px||1%||false|false&#8220; custom_padding=&#8220;0px||0px||false|false&#8220; title_font_size_tablet=&#8220;38px&#8220; title_font_size_phone=&#8220;32px&#8220; title_font_size_last_edited=&#8220;on|desktop&#8220; global_colors_info=&#8220;{}&#8220;][\/et_pb_heading][\/et_pb_column][\/et_pb_row][et_pb_row column_structure=&#8220;1_3,1_3,1_3&#8243; use_custom_gutter=&#8220;on&#8220; make_equal=&#8220;on&#8220; module_class=&#8220;icons-inline&#8220; _builder_version=&#8220;4.27.4&#8243; _module_preset=&#8220;default&#8220; width=&#8220;90%&#8220; max_width=&#8220;1440px&#8220; custom_padding=&#8220;||27px|||&#8220; locked=&#8220;off&#8220; global_colors_info=&#8220;{}&#8220;][et_pb_column type=&#8220;1_3&#8243; admin_label=&#8220;CSR&#8220; _builder_version=&#8220;4.27.4&#8243; _module_preset=&#8220;default&#8220; background_color=&#8220;#FFD700&#8243; custom_padding=&#8220;2%|1%|2%|1%|true|true&#8220; custom_padding_tablet=&#8220;3%|2%|3%|2%|true|true&#8220; custom_padding_phone=&#8220;6%|3%|6%|3%|true|true&#8220; custom_padding_last_edited=&#8220;on|desktop&#8220; global_colors_info=&#8220;{}&#8220;][et_pb_heading title=&#8220;NACHHALTIGKEIT &#8220; _builder_version=&#8220;4.27.4&#8243; _module_preset=&#8220;default&#8220; title_level=&#8220;h3&#8243; title_font=&#8220;Univers 65 Bold||||||||&#8220; custom_margin=&#8220;||0px||false|false&#8220; custom_padding=&#8220;||0px||false|false&#8220; global_colors_info=&#8220;{}&#8220;][\/et_pb_heading][et_pb_text ul_position=&#8220;inside&#8220; quote_border_color=&#8220;#FFD700&#8243; _builder_version=&#8220;4.27.4&#8243; _module_preset=&#8220;default&#8220; text_font=&#8220;Univers 55 Regular||||||||&#8220; text_text_color=&#8220;#363636&#8243; text_font_size=&#8220;18px&#8220; text_line_height=&#8220;1.4em&#8220; link_font=&#8220;||||on|||#FFD700|&#8220; link_text_color=&#8220;#5A7683&#8243; link_font_size=&#8220;18px&#8220; link_line_height=&#8220;1.4em&#8220; ul_text_color=&#8220;#363636&#8243; ul_font_size=&#8220;18px&#8220; ul_line_height=&#8220;1.4em&#8220; ol_text_color=&#8220;#363636&#8243; ol_font_size=&#8220;18px&#8220; ol_line_height=&#8220;1.4em&#8220; quote_text_color=&#8220;#5A7683&#8243; quote_font_size=&#8220;18px&#8220; quote_line_height=&#8220;1.4em&#8220; custom_margin=&#8220;0px||||false|false&#8220; custom_padding=&#8220;0px||||false|false&#8220; text_font_size_tablet=&#8220;18px&#8220; text_font_size_phone=&#8220;18px&#8220; text_font_size_last_edited=&#8220;on|desktop&#8220; global_colors_info=&#8220;{}&#8220;]<\/p>\n<p>\u00a0&#8230;schreiben wir in der Backpackers Villa GROSS.<\/p>\n<p>Wir sorgen ganz konkret f\u00fcr mehr Nachhaltigkeit und investieren in Klimaschutz und die Bewahrung unserer Umwelt. Mit klimafreundlichen Technologien und Prozessen, sowie Projektspenden leisten wir unseren Beitrag zum Umweltschutz.<\/p>\n<p>[\/et_pb_text][et_pb_button button_url=&#8220;@ET-DC@eyJkeW5hbWljIjp0cnVlLCJjb250ZW50IjoicG9zdF9saW5rX3VybF9wYWdlIiwic2V0dGluZ3MiOnsicG9zdF9pZCI6IjI1In19@&#8220; button_text=&#8220;Mehr erfahren&#8220; _builder_version=&#8220;4.27.6&#8243; _dynamic_attributes=&#8220;button_url&#8220; _module_preset=&#8220;default&#8220; custom_button=&#8220;on&#8220; button_text_size=&#8220;18px&#8220; button_text_color=&#8220;#FFD700&#8243; button_bg_color=&#8220;#5A7683&#8243; button_border_width=&#8220;1px&#8220; button_border_color=&#8220;#FFD700&#8243; button_font=&#8220;Univers 65 Bold||||||||&#8220; button_icon=&#8220;&#x24;||divi||400&#8243; custom_padding=&#8220;5px||1px||false|false&#8220; locked=&#8220;off&#8220; global_colors_info=&#8220;{}&#8220; button_text_color__hover_enabled=&#8220;on|desktop&#8220; button_text_color__hover=&#8220;#5A7683&#8243; button_bg_color__hover_enabled=&#8220;on|hover&#8220; button_bg_color__hover=&#8220;#FFD700&#8243; button_bg_enable_color__hover=&#8220;on&#8220; button_border_color__hover_enabled=&#8220;on|desktop&#8220; button_border_color__hover=&#8220;#5A7683&#8243;][\/et_pb_button][et_pb_heading title=&#8220;Du m\u00f6chtest Teil unseres Teams werden?&#8220; _builder_version=&#8220;4.27.4&#8243; _module_preset=&#8220;default&#8220; title_level=&#8220;h3&#8243; title_font=&#8220;Univers 65 Bold||||||||&#8220; custom_margin=&#8220;||0px||false|false&#8220; custom_padding=&#8220;||0px||false|false&#8220; global_colors_info=&#8220;{}&#8220;][\/et_pb_heading][et_pb_text ul_position=&#8220;inside&#8220; quote_border_color=&#8220;#FFD700&#8243; disabled_on=&#8220;on|on|on&#8220; _builder_version=&#8220;4.27.4&#8243; _module_preset=&#8220;default&#8220; text_font=&#8220;Univers 55 Regular||||||||&#8220; text_text_color=&#8220;#363636&#8243; text_font_size=&#8220;18px&#8220; text_line_height=&#8220;1.4em&#8220; link_font=&#8220;||||on|||#FFD700|&#8220; link_text_color=&#8220;#5A7683&#8243; link_font_size=&#8220;18px&#8220; link_line_height=&#8220;1.4em&#8220; ul_text_color=&#8220;#363636&#8243; ul_font_size=&#8220;18px&#8220; ul_line_height=&#8220;1.4em&#8220; ol_text_color=&#8220;#363636&#8243; ol_font_size=&#8220;18px&#8220; ol_line_height=&#8220;1.4em&#8220; quote_text_color=&#8220;#5A7683&#8243; quote_font_size=&#8220;18px&#8220; quote_line_height=&#8220;1.4em&#8220; custom_margin=&#8220;0px||||false|false&#8220; custom_padding=&#8220;0px||||false|false&#8220; text_font_size_tablet=&#8220;18px&#8220; text_font_size_phone=&#8220;18px&#8220; text_font_size_last_edited=&#8220;on|desktop&#8220; disabled=&#8220;on&#8220; global_colors_info=&#8220;{}&#8220;]<\/p>\n<p>Sch\u00f6n, dass du dich f\u00fcr eine Stelle in der Backpackers Villa interessierst.<br \/>Aktuell suchen wir f\u00fcr unser dynamisches Hostel:<\/p>\n<p>[\/et_pb_text][et_pb_text ul_position=&#8220;inside&#8220; quote_border_color=&#8220;#FFD700&#8243; disabled_on=&#8220;off|off|off&#8220; _builder_version=&#8220;4.27.4&#8243; _module_preset=&#8220;default&#8220; text_font=&#8220;Univers 55 Regular||||||||&#8220; text_text_color=&#8220;#363636&#8243; text_font_size=&#8220;18px&#8220; text_line_height=&#8220;1.4em&#8220; link_font=&#8220;||||on|||#FFD700|&#8220; link_text_color=&#8220;#5A7683&#8243; link_font_size=&#8220;18px&#8220; link_line_height=&#8220;1.4em&#8220; ul_text_color=&#8220;#363636&#8243; ul_font_size=&#8220;18px&#8220; ul_line_height=&#8220;1.4em&#8220; ol_text_color=&#8220;#363636&#8243; ol_font_size=&#8220;18px&#8220; ol_line_height=&#8220;1.4em&#8220; quote_text_color=&#8220;#5A7683&#8243; quote_font_size=&#8220;18px&#8220; quote_line_height=&#8220;1.4em&#8220; custom_margin=&#8220;0px||||false|false&#8220; custom_padding=&#8220;0px||||false|false&#8220; text_font_size_tablet=&#8220;18px&#8220; text_font_size_phone=&#8220;18px&#8220; text_font_size_last_edited=&#8220;on|desktop&#8220; locked=&#8220;off&#8220; global_colors_info=&#8220;{}&#8220;]<\/p>\n<p>Sch\u00f6n, dass du dich f\u00fcr eine Stelle in der Backpackers Villa interessierst.<\/p>\n<p>[\/et_pb_text][et_pb_text ul_position=&#8220;inside&#8220; quote_border_color=&#8220;#FFD700&#8243; _builder_version=&#8220;4.27.6&#8243; _module_preset=&#8220;default&#8220; text_font=&#8220;Univers 55 Regular||||||||&#8220; text_text_color=&#8220;#363636&#8243; text_font_size=&#8220;18px&#8220; text_line_height=&#8220;1.4em&#8220; link_font=&#8220;||||on|||#FFD700|&#8220; link_text_color=&#8220;#5A7683&#8243; link_font_size=&#8220;18px&#8220; link_line_height=&#8220;1.4em&#8220; ul_text_color=&#8220;#363636&#8243; ul_font_size=&#8220;18px&#8220; ul_line_height=&#8220;1.4em&#8220; ol_text_color=&#8220;#363636&#8243; ol_font_size=&#8220;18px&#8220; ol_line_height=&#8220;1.4em&#8220; quote_text_color=&#8220;#5A7683&#8243; quote_font_size=&#8220;18px&#8220; quote_line_height=&#8220;1.4em&#8220; custom_margin=&#8220;0px||||false|false&#8220; custom_padding=&#8220;0px||||false|false&#8220; text_font_size_tablet=&#8220;18px&#8220; text_font_size_phone=&#8220;18px&#8220; text_font_size_last_edited=&#8220;on|desktop&#8220; global_colors_info=&#8220;{}&#8220;]<\/p>\n<p><strong>Wir haben allerdings aktuell keine offenen Stellen.<\/strong><\/p>\n<p>[\/et_pb_text][et_pb_button button_url=&#8220;\/de\/jobs&#8220; button_text=&#8220;Jobs&#8220; disabled_on=&#8220;on|on|on&#8220; _builder_version=&#8220;4.27.6&#8243; _module_preset=&#8220;default&#8220; custom_button=&#8220;on&#8220; button_text_size=&#8220;18px&#8220; button_text_color=&#8220;#FFD700&#8243; button_bg_color=&#8220;#5A7683&#8243; button_border_width=&#8220;1px&#8220; button_border_color=&#8220;#FFD700&#8243; button_font=&#8220;Univers 65 Bold||||||||&#8220; button_icon=&#8220;&#x24;||divi||400&#8243; custom_padding=&#8220;5px||1px||false|false&#8220; disabled=&#8220;on&#8220; locked=&#8220;off&#8220; global_colors_info=&#8220;{}&#8220; button_text_color__hover_enabled=&#8220;on|desktop&#8220; button_text_color__hover=&#8220;#5A7683&#8243; button_bg_color__hover_enabled=&#8220;on|hover&#8220; button_bg_color__hover=&#8220;#FFD700&#8243; button_bg_enable_color__hover=&#8220;on&#8220; button_border_color__hover_enabled=&#8220;on|desktop&#8220; button_border_color__hover=&#8220;#5A7683&#8243;][\/et_pb_button][\/et_pb_column][et_pb_column type=&#8220;1_3&#8243; admin_label=&#8220;Isabelle&#8220; _builder_version=&#8220;4.27.4&#8243; _module_preset=&#8220;default&#8220; global_colors_info=&#8220;{}&#8220;][et_pb_image src=&#8220;https:\/\/villa.ch\/wp-content\/uploads\/2025\/08\/MAMO-Photography-008-FULL-scaled-e1754494395672.jpg&#8220; alt=&#8220;Gastgeberin Isabelle Gruner&#8220; title_text=&#8220;Gastgeberin, Backpackers Villa Sonnenhof in Interlaken&#8220; module_class=&#8220;pa-image-1-1&#8243; _builder_version=&#8220;4.27.4&#8243; _module_preset=&#8220;default&#8220; global_colors_info=&#8220;{}&#8220;][\/et_pb_image][et_pb_heading title=&#8220;Isabelle Gruner&#8220; _builder_version=&#8220;4.27.4&#8243; _module_preset=&#8220;default&#8220; title_level=&#8220;h3&#8243; title_font=&#8220;Univers 65 Bold||||||||&#8220; custom_margin=&#8220;||0px||false|false&#8220; custom_padding=&#8220;||0px||false|false&#8220; global_colors_info=&#8220;{}&#8220;][\/et_pb_heading][et_pb_text ul_position=&#8220;inside&#8220; quote_border_color=&#8220;#FFD700&#8243; _builder_version=&#8220;4.27.4&#8243; _module_preset=&#8220;default&#8220; text_font=&#8220;Univers 55 Regular||||||||&#8220; text_text_color=&#8220;#363636&#8243; text_font_size=&#8220;18px&#8220; text_line_height=&#8220;1.4em&#8220; link_font=&#8220;||||on|||#FFD700|&#8220; link_text_color=&#8220;#5A7683&#8243; link_font_size=&#8220;18px&#8220; link_line_height=&#8220;1.4em&#8220; ul_text_color=&#8220;#363636&#8243; ul_font_size=&#8220;18px&#8220; ul_line_height=&#8220;1.4em&#8220; ol_text_color=&#8220;#363636&#8243; ol_font_size=&#8220;18px&#8220; ol_line_height=&#8220;1.4em&#8220; quote_text_color=&#8220;#5A7683&#8243; quote_font_size=&#8220;18px&#8220; quote_line_height=&#8220;1.4em&#8220; custom_margin=&#8220;0px||||false|false&#8220; custom_padding=&#8220;0px||||false|false&#8220; text_font_size_tablet=&#8220;18px&#8220; text_font_size_phone=&#8220;18px&#8220; text_font_size_last_edited=&#8220;on|desktop&#8220; global_colors_info=&#8220;{}&#8220;]<\/p>\n<p>Als Gastgeberin mit Leib und Seele freue ich mich \u00fcber die vielen sch\u00f6nen Begegnungen mit Menschen aus aller Welt. Seit Januar 2024 darf ich die Villa unter den Herbergen mitgestalten \u2013 mit Offenheit, Freude und Neugier auf alles, was den Aufenthalt unserer G\u00e4ste bereichert.<\/p>\n<p>Ich freue mich auf die Begegnung mit dir!<\/p>\n<p>[\/et_pb_text][\/et_pb_column][et_pb_column type=&#8220;1_3&#8243; admin_label=&#8220;Catherin&#8220; _builder_version=&#8220;4.27.4&#8243; _module_preset=&#8220;default&#8220; global_colors_info=&#8220;{}&#8220;][et_pb_image src=&#8220;https:\/\/villa.ch\/wp-content\/uploads\/2025\/08\/MAMO-Photography-051-FULL-scaled-e1754494357856.jpg&#8220; alt=&#8220;Gastgeberin Catherin Quirin&#8220; title_text=&#8220;Gastgeberin, Backpackers Villa Sonnenhof in Interlaken&#8220; module_class=&#8220;pa-image-1-1&#8243; _builder_version=&#8220;4.27.4&#8243; _module_preset=&#8220;default&#8220; global_colors_info=&#8220;{}&#8220;][\/et_pb_image][et_pb_heading title=&#8220;Catherin Quirin&#8220; _builder_version=&#8220;4.27.4&#8243; _module_preset=&#8220;default&#8220; title_level=&#8220;h3&#8243; title_font=&#8220;Univers 65 Bold||||||||&#8220; custom_margin=&#8220;||0px||false|false&#8220; custom_padding=&#8220;||0px||false|false&#8220; global_colors_info=&#8220;{}&#8220;][\/et_pb_heading][et_pb_text ul_position=&#8220;inside&#8220; quote_border_color=&#8220;#FFD700&#8243; _builder_version=&#8220;4.27.4&#8243; _module_preset=&#8220;default&#8220; text_font=&#8220;Univers 55 Regular||||||||&#8220; text_text_color=&#8220;#363636&#8243; text_font_size=&#8220;18px&#8220; text_line_height=&#8220;1.4em&#8220; link_font=&#8220;||||on|||#FFD700|&#8220; link_text_color=&#8220;#5A7683&#8243; link_font_size=&#8220;18px&#8220; link_line_height=&#8220;1.4em&#8220; ul_text_color=&#8220;#363636&#8243; ul_font_size=&#8220;18px&#8220; ul_line_height=&#8220;1.4em&#8220; ol_text_color=&#8220;#363636&#8243; ol_font_size=&#8220;18px&#8220; ol_line_height=&#8220;1.4em&#8220; quote_text_color=&#8220;#5A7683&#8243; quote_font_size=&#8220;18px&#8220; quote_line_height=&#8220;1.4em&#8220; custom_margin=&#8220;0px||||false|false&#8220; custom_padding=&#8220;0px||||false|false&#8220; text_font_size_tablet=&#8220;18px&#8220; text_font_size_phone=&#8220;18px&#8220; text_font_size_last_edited=&#8220;on|desktop&#8220; global_colors_info=&#8220;{}&#8220;]<\/p>\n<p>Gastgeberin zu sein, ist mir ein Herzensjob. Immer wieder fragen wir uns neu: &#8222;Wie genau&#8220; wollen wir f\u00fcr unsere G\u00e4ste da sein? Was h\u00e4tte ich gern? Seit \u00fcber 20 Jahren lebe und pr\u00e4ge ich nun &#8222;die Villa&#8220; mit gr\u00f6sster Freude mit.<\/p>\n<p>Sch\u00f6n, wenn ich auch dir und euch demn\u00e4chst in der Villa begegne.<\/p>\n<p>[\/et_pb_text][\/et_pb_column][\/et_pb_row][\/et_pb_section][et_pb_section fb_built=&#8220;1&#8243; module_id=&#8220;interlaken&#8220; _builder_version=&#8220;4.27.4&#8243; _module_preset=&#8220;default&#8220; z_index=&#8220;0&#8243; width=&#8220;100%&#8220; max_width=&#8220;100%&#8220; custom_margin=&#8220;||0px||false|false&#8220; custom_padding=&#8220;||0px||false|false&#8220; global_colors_info=&#8220;{}&#8220;][et_pb_row _builder_version=&#8220;4.27.4&#8243; _module_preset=&#8220;default&#8220; width=&#8220;90%&#8220; max_width=&#8220;1440px&#8220; custom_padding=&#8220;||27px|||&#8220; global_colors_info=&#8220;{}&#8220;][et_pb_column type=&#8220;4_4&#8243; _builder_version=&#8220;4.27.4&#8243; _module_preset=&#8220;default&#8220; global_colors_info=&#8220;{}&#8220;][et_pb_heading title=&#8220;Interlaken und Umgebung entdecken&#8220; _builder_version=&#8220;4.27.4&#8243; _module_preset=&#8220;default&#8220; title_level=&#8220;h2&#8243; title_font=&#8220;Univers 65 Bold||||||||&#8220; title_text_color=&#8220;#5A7683&#8243; title_font_size=&#8220;40px&#8220; custom_margin=&#8220;0px||1%||false|false&#8220; custom_padding=&#8220;0px||0px||false|false&#8220; title_font_size_tablet=&#8220;38px&#8220; title_font_size_phone=&#8220;32px&#8220; title_font_size_last_edited=&#8220;on|desktop&#8220; global_colors_info=&#8220;{}&#8220;][\/et_pb_heading][\/et_pb_column][\/et_pb_row][et_pb_row column_structure=&#8220;1_2,1_2&#8243; make_equal=&#8220;on&#8220; module_class=&#8220;boxen-startseite&#8220; _builder_version=&#8220;4.27.5&#8243; _module_preset=&#8220;default&#8220; width=&#8220;90%&#8220; max_width=&#8220;1440px&#8220; custom_padding=&#8220;||27px|||&#8220; global_colors_info=&#8220;{}&#8220;][et_pb_column type=&#8220;1_2&#8243; _builder_version=&#8220;4.27.4&#8243; _module_preset=&#8220;default&#8220; global_colors_info=&#8220;{}&#8220;][difl_imagecarousel item_desktop=&#8220;1&#8243; item_tablet=&#8220;1&#8243; loop=&#8220;on&#8220; arrow=&#8220;on&#8220; ic_equal_height=&#8220;on&#8220; ic_full_width=&#8220;on&#8220; arrow_prev_icon_use_icon=&#8220;on&#8220; arrow_prev_icon_font_icon=&#8220;&#xf053;||fa||900&#8243; arrow_prev_icon_icon_size=&#8220;40px&#8220; arrow_next_icon_use_icon=&#8220;on&#8220; arrow_next_icon_font_icon=&#8220;&#xf054;||fa||900&#8243; arrow_next_icon_icon_size=&#8220;40px&#8220; arrow_color=&#8220;#FFD700&#8243; arrow_background=&#8220;RGBA(255,255,255,0)&#8220; image_scale=&#8220;on&#8220; image_scale_value=&#8220;1.1&#8243; module_class=&#8220;villa-caption-slider&#8220; _builder_version=&#8220;4.27.6&#8243; _module_preset=&#8220;default&#8220; caption_font=&#8220;Univers 55 Regular||||||||&#8220; caption_font_size=&#8220;14px&#8220; caption_line_height=&#8220;1.4em&#8220; global_colors_info=&#8220;{}&#8220; ic_overlay_background_bgcolor__hover=&#8220;rgba(255,215,0,0.25)&#8220; ic_overlay_background_bgcolor__hover_enabled=&#8220;on|desktop&#8220;][difl_imagecarouselitem admin_label=&#8220;Gr\u00fctschalp&#8220; image=&#8220;https:\/\/villa.ch\/wp-content\/uploads\/2025\/08\/Bergbahn-Lauterbrunnen-Muerren-von-der-Seite-weiter-weg-Anfang-Herbst-scaled.jpg&#8220; caption=&#8220;Bergbahn Gr\u00fctschalp &#8211; M\u00fcrren &#8220; ic_button_button_url_new_window=&#8220;1&#8243; _builder_version=&#8220;4.27.6&#8243; _module_preset=&#8220;default&#8220; global_colors_info=&#8220;{}&#8220;][\/difl_imagecarouselitem][difl_imagecarouselitem admin_label=&#8220;Wengernalp&#8220; image=&#8220;https:\/\/villa.ch\/wp-content\/uploads\/2025\/08\/Wengernalpbahn-Zug-im-Schnee-mit-KLS-im-Hintergrund-scaled.jpg&#8220; alt_text=&#8220;Wengernalpbahn&#8220; caption=&#8220;Wengernalpbahn&#8220; ic_button_button_url_new_window=&#8220;1&#8243; _builder_version=&#8220;4.27.5&#8243; _module_preset=&#8220;default&#8220; global_colors_info=&#8220;{}&#8220;][\/difl_imagecarouselitem][difl_imagecarouselitem admin_label=&#8220;Schiffahrt&#8220; image=&#8220;https:\/\/villa.ch\/wp-content\/uploads\/2025\/07\/brienz-schiff-brienzersee-blumen-fruehling-bls_Mike-Kaufmann-scaled.jpg&#8220; caption=&#8220;Schifffahrt Brienzersee &#8220; ic_button_button_url_new_window=&#8220;1&#8243; _builder_version=&#8220;4.27.5&#8243; _module_preset=&#8220;default&#8220; global_colors_info=&#8220;{}&#8220;][\/difl_imagecarouselitem][difl_imagecarouselitem admin_label=&#8220;Schilthornbahn&#8220; image=&#8220;https:\/\/villa.ch\/wp-content\/uploads\/2025\/08\/birg_zur08481_webalbum_print-scaled.jpg&#8220; caption=&#8220;Schilthornbahn, Birg&#8220; ic_button_button_url_new_window=&#8220;1&#8243; _builder_version=&#8220;4.27.5&#8243; _module_preset=&#8220;default&#8220; global_colors_info=&#8220;{}&#8220;][\/difl_imagecarouselitem][difl_imagecarouselitem admin_label=&#8220;Eiger Express&#8220; image=&#8220;https:\/\/villa.ch\/wp-content\/uploads\/2025\/08\/Eiger-Express-Grindelwald-Eigernordwand-Nahansicht-Reflektion-Sonne-Key-Visual-scaled.jpg&#8220; caption=&#8220;Eiger Express, Grindelwald&#8220; ic_button_button_url_new_window=&#8220;1&#8243; _builder_version=&#8220;4.27.5&#8243; _module_preset=&#8220;default&#8220; global_colors_info=&#8220;{}&#8220;][\/difl_imagecarouselitem][\/difl_imagecarousel][et_pb_heading title=&#8220;Transport in und um Interlaken&#8220; _builder_version=&#8220;4.27.4&#8243; _module_preset=&#8220;default&#8220; title_level=&#8220;h3&#8243; title_font=&#8220;Univers 65 Bold||||||||&#8220; custom_margin=&#8220;||0px||false|false&#8220; custom_padding=&#8220;||0px||false|false&#8220; global_colors_info=&#8220;{}&#8220;][\/et_pb_heading][et_pb_text ul_position=&#8220;inside&#8220; quote_border_color=&#8220;#FFD700&#8243; _builder_version=&#8220;4.27.6&#8243; _module_preset=&#8220;default&#8220; text_font=&#8220;Univers 55 Regular||||||||&#8220; text_text_color=&#8220;#363636&#8243; text_font_size=&#8220;18px&#8220; text_line_height=&#8220;1.4em&#8220; link_font=&#8220;Univers 65 Bold||||on|||#5A7683|solid&#8220; link_text_color=&#8220;#5A7683&#8243; link_font_size=&#8220;18px&#8220; link_line_height=&#8220;1.4em&#8220; ul_text_color=&#8220;#363636&#8243; ul_font_size=&#8220;18px&#8220; ul_line_height=&#8220;1.4em&#8220; ol_text_color=&#8220;#363636&#8243; ol_font_size=&#8220;18px&#8220; ol_line_height=&#8220;1.4em&#8220; quote_text_color=&#8220;#5A7683&#8243; quote_font_size=&#8220;18px&#8220; quote_line_height=&#8220;1.4em&#8220; height_tablet=&#8220;auto&#8220; height_phone=&#8220;auto&#8220; height_last_edited=&#8220;on|phone&#8220; custom_margin=&#8220;0px||||false|false&#8220; custom_padding=&#8220;0px||||false|false&#8220; text_font_size_tablet=&#8220;18px&#8220; text_font_size_phone=&#8220;18px&#8220; text_font_size_last_edited=&#8220;on|desktop&#8220; global_colors_info=&#8220;{}&#8220;]<\/p>\n<p>Die Schweiz ist ein wahres Paradies f\u00fcr alle, die mit Bus und Bahn reisen: sicher, zuverl\u00e4ssig, unkompliziert. Von unserem Hostel aus seid ihr im Handumdrehen mitten in der atemberaubenden Jungfrauregion und entdeckt die spektakul\u00e4ren T\u00e4ler und Berge von Lauterbrunnen und Grindelwald zu Fuss oder mit einer der vielen Bergbahnen.<\/p>\n<p>[\/et_pb_text][et_pb_button button_url=&#8220;\/de\/interlaken-entdecken\/#transport&#8220; button_text=&#8220;Mehr erfahren&#8220; _builder_version=&#8220;4.27.6&#8243; _module_preset=&#8220;default&#8220; custom_button=&#8220;on&#8220; button_text_size=&#8220;18px&#8220; button_text_color=&#8220;#5A7683&#8243; button_bg_color=&#8220;#FFD700&#8243; button_border_width=&#8220;1px&#8220; button_border_color=&#8220;#FFD700&#8243; button_font=&#8220;Univers 65 Bold||||||||&#8220; button_icon=&#8220;&#x24;||divi||400&#8243; custom_padding=&#8220;5px||1px||false|false&#8220; global_colors_info=&#8220;{}&#8220; button_text_color__hover_enabled=&#8220;on|desktop&#8220; button_text_color__hover=&#8220;#FFD700&#8243; button_bg_color__hover_enabled=&#8220;on|desktop&#8220; button_bg_color__hover=&#8220;#5A7683&#8243; button_bg_enable_color__hover=&#8220;on&#8220; button_border_color__hover_enabled=&#8220;on|desktop&#8220; button_border_color__hover=&#8220;#5A7683&#8243;][\/et_pb_button][\/et_pb_column][et_pb_column type=&#8220;1_2&#8243; _builder_version=&#8220;4.27.4&#8243; _module_preset=&#8220;default&#8220; global_colors_info=&#8220;{}&#8220;][difl_imagecarousel item_desktop=&#8220;1&#8243; item_tablet=&#8220;1&#8243; loop=&#8220;on&#8220; arrow=&#8220;on&#8220; ic_equal_height=&#8220;on&#8220; arrow_prev_icon_use_icon=&#8220;on&#8220; arrow_prev_icon_font_icon=&#8220;&#xf053;||fa||900&#8243; arrow_prev_icon_icon_size=&#8220;40px&#8220; arrow_next_icon_use_icon=&#8220;on&#8220; arrow_next_icon_font_icon=&#8220;&#xf054;||fa||900&#8243; arrow_next_icon_icon_size=&#8220;40px&#8220; arrow_color=&#8220;#FFD700&#8243; arrow_background=&#8220;RGBA(255,255,255,0)&#8220; image_scale=&#8220;on&#8220; image_scale_value=&#8220;1.1&#8243; module_class=&#8220;villa-caption-slider&#8220; _builder_version=&#8220;4.27.6&#8243; _module_preset=&#8220;default&#8220; caption_font=&#8220;Univers 55 Regular||||||||&#8220; caption_text_color=&#8220;#363636&#8243; caption_font_size=&#8220;14px&#8220; caption_line_height=&#8220;1.4em&#8220; position_origin_f=&#8220;top_center&#8220; width=&#8220;100%&#8220; global_colors_info=&#8220;{}&#8220; ic_overlay_background_bgcolor__hover=&#8220;rgba(255,215,0,0.25)&#8220; ic_overlay_background_bgcolor__hover_enabled=&#8220;on|desktop&#8220;][difl_imagecarouselitem image=&#8220;https:\/\/villa.ch\/wp-content\/uploads\/2025\/08\/Jungfraujoch-Sphinx-mit-Blick-auf-Aletschgletscher-scaled.jpg&#8220; caption=&#8220;Jungfraujoch &#8220; ic_button_button_url_new_window=&#8220;1&#8243; _builder_version=&#8220;4.27.4&#8243; _module_preset=&#8220;default&#8220; global_colors_info=&#8220;{}&#8220;][\/difl_imagecarouselitem][difl_imagecarouselitem image=&#8220;https:\/\/villa.ch\/wp-content\/uploads\/2025\/08\/schilthorn_dji_0294-hdr-pano_1_ohnelogo_webalbum_print-scaled.jpg&#8220; caption=&#8220;Piz Gloria, Schilthorn &#8220; ic_button_button_url_new_window=&#8220;1&#8243; _builder_version=&#8220;4.27.4&#8243; _module_preset=&#8220;default&#8220; global_colors_info=&#8220;{}&#8220;][\/difl_imagecarouselitem][difl_imagecarouselitem image=&#8220;https:\/\/villa.ch\/wp-content\/uploads\/2025\/08\/Harder-Kulm-Herbst-Zwei-Seen-Steg-Paar-scaled.jpg&#8220; caption=&#8220;Harder Kulm &#8211; Aussicht auf Thunersee&#8220; ic_button_button_url_new_window=&#8220;1&#8243; _builder_version=&#8220;4.27.4&#8243; _module_preset=&#8220;default&#8220; global_colors_info=&#8220;{}&#8220;][\/difl_imagecarouselitem][difl_imagecarouselitem image=&#8220;https:\/\/villa.ch\/wp-content\/uploads\/2025\/07\/sigriswil-panoramabruecke-haengebruecke-eiger-moench-jungfrau_Switzerland-Tourism-Christian-Meixner-scaled.jpg&#8220; caption=&#8220;Panoramabr\u00fccke Sigriswil &#8220; ic_button_button_url_new_window=&#8220;1&#8243; _builder_version=&#8220;4.27.4&#8243; _module_preset=&#8220;default&#8220; global_colors_info=&#8220;{}&#8220;][\/difl_imagecarouselitem][difl_imagecarouselitem image=&#8220;https:\/\/villa.ch\/wp-content\/uploads\/2025\/08\/Eiger-Express-Eigergletscher-Wanderer-scaled.jpg&#8220; caption=&#8220;Eiger Trail, Grindelwald&#8220; ic_button_button_url_new_window=&#8220;1&#8243; _builder_version=&#8220;4.27.4&#8243; _module_preset=&#8220;default&#8220; global_colors_info=&#8220;{}&#8220;][\/difl_imagecarouselitem][difl_imagecarouselitem image=&#8220;https:\/\/villa.ch\/wp-content\/uploads\/2025\/08\/Winterwandern-Kleine-Scheidegg-Maennlichen-Moench-Jungfrau-scaled.jpg&#8220; caption=&#8220;Winterwanderung Kleine Scheidegg &#8211; Maennlichen&#8220; ic_button_button_url_new_window=&#8220;1&#8243; _builder_version=&#8220;4.27.4&#8243; _module_preset=&#8220;default&#8220; global_colors_info=&#8220;{}&#8220;][\/difl_imagecarouselitem][\/difl_imagecarousel][et_pb_heading title=&#8220;Berge und Naturspektakel&#8220; _builder_version=&#8220;4.27.4&#8243; _module_preset=&#8220;default&#8220; title_level=&#8220;h3&#8243; title_font=&#8220;Univers 65 Bold||||||||&#8220; custom_margin=&#8220;||0px||false|false&#8220; custom_padding=&#8220;||0px||false|false&#8220; global_colors_info=&#8220;{}&#8220;][\/et_pb_heading][et_pb_text ul_position=&#8220;inside&#8220; quote_border_color=&#8220;#FFD700&#8243; _builder_version=&#8220;4.27.4&#8243; _module_preset=&#8220;default&#8220; text_font=&#8220;Univers 55 Regular||||||||&#8220; text_text_color=&#8220;#363636&#8243; text_font_size=&#8220;18px&#8220; text_line_height=&#8220;1.4em&#8220; link_font=&#8220;Univers 65 Bold||||on|||#5A7683|solid&#8220; link_text_color=&#8220;#5A7683&#8243; link_font_size=&#8220;18px&#8220; link_line_height=&#8220;1.4em&#8220; ul_text_color=&#8220;#363636&#8243; ul_font_size=&#8220;18px&#8220; ul_line_height=&#8220;1.4em&#8220; ol_text_color=&#8220;#363636&#8243; ol_font_size=&#8220;18px&#8220; ol_line_height=&#8220;1.4em&#8220; quote_text_color=&#8220;#5A7683&#8243; quote_font_size=&#8220;18px&#8220; quote_line_height=&#8220;1.4em&#8220; height_tablet=&#8220;auto&#8220; height_phone=&#8220;auto&#8220; height_last_edited=&#8220;on|phone&#8220; custom_margin=&#8220;0px||||false|false&#8220; custom_padding=&#8220;0px||||false|false&#8220; text_font_size_tablet=&#8220;18px&#8220; text_font_size_phone=&#8220;18px&#8220; text_font_size_last_edited=&#8220;on|desktop&#8220; global_colors_info=&#8220;{}&#8220;]<\/p>\n<p>Interlaken ist Natur pur! Erlebe atemberaubende Bergkulissen, t\u00fcrkisblaue Seen, aufregende Gondelfahrten und f\u00fcr die, die es etwas Sportlicher m\u00f6gen, eine F\u00fclle an wundersch\u00f6nen Wanderungen bei jeder Jahreszeit. Egal, ob du lieber gem\u00fctlich oder sportlich unterwegs bist \u2013 hier ist alles m\u00f6glich.<\/p>\n<p>[\/et_pb_text][et_pb_button button_url=&#8220;\/de\/interlaken-entdecken\/#berge&#8220; button_text=&#8220;Mehr erfahren&#8220; _builder_version=&#8220;4.27.6&#8243; _module_preset=&#8220;default&#8220; custom_button=&#8220;on&#8220; button_text_size=&#8220;18px&#8220; button_text_color=&#8220;#5A7683&#8243; button_bg_color=&#8220;#FFD700&#8243; button_border_width=&#8220;1px&#8220; button_border_color=&#8220;#FFD700&#8243; button_font=&#8220;Univers 65 Bold||||||||&#8220; button_icon=&#8220;&#x24;||divi||400&#8243; custom_padding=&#8220;5px||1px||false|false&#8220; global_colors_info=&#8220;{}&#8220; button_text_color__hover_enabled=&#8220;on|desktop&#8220; button_text_color__hover=&#8220;#FFD700&#8243; button_bg_color__hover_enabled=&#8220;on|desktop&#8220; button_bg_color__hover=&#8220;#5A7683&#8243; button_bg_enable_color__hover=&#8220;on&#8220; button_border_color__hover_enabled=&#8220;on|desktop&#8220; button_border_color__hover=&#8220;#5A7683&#8243;][\/et_pb_button][\/et_pb_column][\/et_pb_row][et_pb_row column_structure=&#8220;1_2,1_2&#8243; make_equal=&#8220;on&#8220; module_class=&#8220;villa-boxen-startseite&#8220; _builder_version=&#8220;4.27.4&#8243; _module_preset=&#8220;default&#8220; width=&#8220;90%&#8220; max_width=&#8220;1440px&#8220; custom_padding=&#8220;||27px|||&#8220; global_colors_info=&#8220;{}&#8220;][et_pb_column type=&#8220;1_2&#8243; _builder_version=&#8220;4.27.4&#8243; _module_preset=&#8220;default&#8220; global_colors_info=&#8220;{}&#8220;][difl_imagecarousel item_desktop=&#8220;1&#8243; item_tablet=&#8220;1&#8243; loop=&#8220;on&#8220; arrow=&#8220;on&#8220; ic_equal_height=&#8220;on&#8220; ic_full_width=&#8220;on&#8220; arrow_prev_icon_use_icon=&#8220;on&#8220; arrow_prev_icon_font_icon=&#8220;&#xf053;||fa||900&#8243; arrow_prev_icon_icon_size=&#8220;40px&#8220; arrow_next_icon_use_icon=&#8220;on&#8220; arrow_next_icon_font_icon=&#8220;&#xf054;||fa||900&#8243; arrow_next_icon_icon_size=&#8220;40px&#8220; arrow_color=&#8220;#FFD700&#8243; arrow_background=&#8220;RGBA(255,255,255,0)&#8220; image_scale=&#8220;on&#8220; image_scale_value=&#8220;1.1&#8243; module_class=&#8220;villa-caption-slider&#8220; _builder_version=&#8220;4.27.6&#8243; _module_preset=&#8220;default&#8220; caption_font=&#8220;Univers 55 Regular||||||||&#8220; caption_text_color=&#8220;#363636&#8243; caption_font_size=&#8220;14px&#8220; caption_line_height=&#8220;1.4em&#8220; global_colors_info=&#8220;{}&#8220; ic_overlay_background_bgcolor__hover=&#8220;rgba(255,215,0,0.25)&#8220; ic_overlay_background_bgcolor__hover_enabled=&#8220;on|desktop&#8220;][difl_imagecarouselitem image=&#8220;https:\/\/villa.ch\/wp-content\/uploads\/2025\/07\/paragliding-beatenberg-thunersee-sommer_Mike-Kaufmann-scaled.jpg&#8220; caption=&#8220;Gleitschirmfliegen &#8211; Sicht auf Thunersee&#8220; ic_button_button_url_new_window=&#8220;1&#8243; _builder_version=&#8220;4.27.4&#8243; _module_preset=&#8220;default&#8220; global_colors_info=&#8220;{}&#8220;][\/difl_imagecarouselitem][difl_imagecarouselitem image=&#8220;https:\/\/villa.ch\/wp-content\/uploads\/2025\/08\/Kleine-Scheidegg-Schlitteln-Eiger-Run-Frau-scaled.jpg&#8220; caption=&#8220;Schlitteln am Eigergletscher&#8220; ic_button_button_url_new_window=&#8220;1&#8243; _builder_version=&#8220;4.27.4&#8243; _module_preset=&#8220;default&#8220; global_colors_info=&#8220;{}&#8220;][\/difl_imagecarouselitem][difl_imagecarouselitem image=&#8220;https:\/\/villa.ch\/wp-content\/uploads\/2025\/07\/outdoor-AF1A1724_A_1-print-scaled.jpg&#8220; caption=&#8220;Rafting&#8220; ic_button_button_url_new_window=&#8220;1&#8243; _builder_version=&#8220;4.27.4&#8243; _module_preset=&#8220;default&#8220; global_colors_info=&#8220;{}&#8220;][\/difl_imagecarouselitem][difl_imagecarouselitem image=&#8220;https:\/\/villa.ch\/wp-content\/uploads\/2025\/07\/kajak-hightide-kirche-burg-ringgenberg-brienzersee-winter-schnee_Switzerland-Tourism-Lorenz-Richard-scaled.jpg&#8220; caption=&#8220;Kayak fahren auf dem Brienzersee&#8220; ic_button_button_url_new_window=&#8220;1&#8243; _builder_version=&#8220;4.27.4&#8243; _module_preset=&#8220;default&#8220; global_colors_info=&#8220;{}&#8220;][\/difl_imagecarouselitem][difl_imagecarouselitem image=&#8220;https:\/\/villa.ch\/wp-content\/uploads\/2025\/08\/JSR-Kleine-Scheidegg-Skifahrer-Eiger-Moench-Jungfrau-Key-Visual-scaled.jpg&#8220; caption=&#8220;Ski fahren auf der kleinen Scheidegg&#8220; ic_button_button_url_new_window=&#8220;1&#8243; _builder_version=&#8220;4.27.4&#8243; _module_preset=&#8220;default&#8220; global_colors_info=&#8220;{}&#8220;][\/difl_imagecarouselitem][difl_imagecarouselitem image=&#8220;https:\/\/villa.ch\/wp-content\/uploads\/2025\/08\/outdoor-bungy-stockhorn-2-print-scaled.jpg&#8220; caption=&#8220;Bungee &#8211; Jumping am Stockhorn &#8220; ic_button_button_url_new_window=&#8220;1&#8243; _builder_version=&#8220;4.27.4&#8243; _module_preset=&#8220;default&#8220; global_colors_info=&#8220;{}&#8220;][\/difl_imagecarouselitem][\/difl_imagecarousel][et_pb_heading title=&#8220;Erlebnisse und Adrenalin&#8220; _builder_version=&#8220;4.27.4&#8243; _module_preset=&#8220;default&#8220; title_level=&#8220;h3&#8243; title_font=&#8220;Univers 65 Bold||||||||&#8220; custom_margin=&#8220;||0px||false|false&#8220; custom_padding=&#8220;||0px||false|false&#8220; global_colors_info=&#8220;{}&#8220;][\/et_pb_heading][et_pb_text ul_position=&#8220;inside&#8220; quote_border_color=&#8220;#FFD700&#8243; _builder_version=&#8220;4.27.4&#8243; _module_preset=&#8220;default&#8220; text_font=&#8220;Univers 55 Regular||||||||&#8220; text_text_color=&#8220;#363636&#8243; text_font_size=&#8220;18px&#8220; text_line_height=&#8220;1.4em&#8220; link_font=&#8220;Univers 65 Bold||||on|||#5A7683|solid&#8220; link_text_color=&#8220;#5A7683&#8243; link_font_size=&#8220;18px&#8220; link_line_height=&#8220;1.4em&#8220; ul_text_color=&#8220;#363636&#8243; ul_font_size=&#8220;18px&#8220; ul_line_height=&#8220;1.4em&#8220; ol_text_color=&#8220;#363636&#8243; ol_font_size=&#8220;18px&#8220; ol_line_height=&#8220;1.4em&#8220; quote_text_color=&#8220;#5A7683&#8243; quote_font_size=&#8220;18px&#8220; quote_line_height=&#8220;1.4em&#8220; height_tablet=&#8220;auto&#8220; height_phone=&#8220;auto&#8220; height_last_edited=&#8220;on|phone&#8220; custom_margin=&#8220;0px||||false|false&#8220; custom_padding=&#8220;0px||||false|false&#8220; text_font_size_tablet=&#8220;18px&#8220; text_font_size_phone=&#8220;18px&#8220; text_font_size_last_edited=&#8220;on|desktop&#8220; global_colors_info=&#8220;{}&#8220;]<\/p>\n<p>Interlaken &#8211; die Adventure Hauptstadt Europas: von entspannten Kayakfahrten auf den glitzernden Seen zu atemberaubenden Ausblicken in schwindelnder H\u00f6he beim Gleitschirmfliegen. Hier kommen kleine und grosse Abenteurer, sowie auch richtige Adrenalinjunkies voll und ganz auf ihre Kosten!<\/p>\n<p>[\/et_pb_text][et_pb_button button_url=&#8220;\/de\/interlaken-entdecken\/#erlebnisse&#8220; button_text=&#8220;Mehr erfahren&#8220; _builder_version=&#8220;4.27.6&#8243; _module_preset=&#8220;default&#8220; custom_button=&#8220;on&#8220; button_text_size=&#8220;18px&#8220; button_text_color=&#8220;#5A7683&#8243; button_bg_color=&#8220;#FFD700&#8243; button_border_width=&#8220;1px&#8220; button_border_color=&#8220;#FFD700&#8243; button_font=&#8220;Univers 65 Bold||||||||&#8220; button_icon=&#8220;&#x24;||divi||400&#8243; custom_padding=&#8220;5px||1px||false|false&#8220; global_colors_info=&#8220;{}&#8220; button_text_color__hover_enabled=&#8220;on|desktop&#8220; button_text_color__hover=&#8220;#FFD700&#8243; button_bg_color__hover_enabled=&#8220;on|desktop&#8220; button_bg_color__hover=&#8220;#5A7683&#8243; button_bg_enable_color__hover=&#8220;on&#8220; button_border_color__hover_enabled=&#8220;on|desktop&#8220; button_border_color__hover=&#8220;#5A7683&#8243;][\/et_pb_button][\/et_pb_column][et_pb_column type=&#8220;1_2&#8243; _builder_version=&#8220;4.27.4&#8243; _module_preset=&#8220;default&#8220; global_colors_info=&#8220;{}&#8220;][difl_imagecarousel item_desktop=&#8220;1&#8243; item_tablet=&#8220;1&#8243; loop=&#8220;on&#8220; arrow=&#8220;on&#8220; ic_equal_height=&#8220;on&#8220; ic_full_width=&#8220;on&#8220; arrow_prev_icon_use_icon=&#8220;on&#8220; arrow_prev_icon_font_icon=&#8220;&#xf053;||fa||900&#8243; arrow_prev_icon_icon_size=&#8220;40px&#8220; arrow_next_icon_use_icon=&#8220;on&#8220; arrow_next_icon_font_icon=&#8220;&#xf054;||fa||900&#8243; arrow_next_icon_icon_size=&#8220;40px&#8220; arrow_color=&#8220;#FFD700&#8243; arrow_background=&#8220;RGBA(255,255,255,0)&#8220; image_scale=&#8220;on&#8220; image_scale_value=&#8220;1.1&#8243; module_class=&#8220;villa-caption-slider&#8220; _builder_version=&#8220;4.27.6&#8243; _module_preset=&#8220;default&#8220; caption_font=&#8220;Univers 55 Regular||||||||&#8220; caption_text_color=&#8220;#363636&#8243; caption_font_size=&#8220;14px&#8220; caption_line_height=&#8220;1.4em&#8220; global_colors_info=&#8220;{}&#8220; ic_overlay_background_bgcolor__hover=&#8220;rgba(255,215,0,0.25)&#8220; ic_overlay_background_bgcolor__hover_enabled=&#8220;on|desktop&#8220;][difl_imagecarouselitem image=&#8220;https:\/\/villa.ch\/wp-content\/uploads\/2025\/08\/Restaurant-Eigergletscher-Kaeseschnitte-Grindelwald.jpg&#8220; caption=&#8220;Ch\u00e4sschnitte&#8220; ic_button_button_url_new_window=&#8220;1&#8243; _builder_version=&#8220;4.27.4&#8243; _module_preset=&#8220;default&#8220; global_colors_info=&#8220;{}&#8220;][\/difl_imagecarouselitem][difl_imagecarouselitem image=&#8220;https:\/\/villa.ch\/wp-content\/uploads\/2025\/08\/Harder-Kulm-Restaurant-Fondue-Close-Up-scaled.jpg&#8220; caption=&#8220;K\u00e4sefondue&#8220; ic_button_button_url_new_window=&#8220;1&#8243; _builder_version=&#8220;4.27.4&#8243; _module_preset=&#8220;default&#8220; global_colors_info=&#8220;{}&#8220;][\/difl_imagecarouselitem][difl_imagecarouselitem image=&#8220;https:\/\/villa.ch\/wp-content\/uploads\/2025\/08\/Grindelwald-First-Bergrestaurant-Fleischplatte-scaled.jpg&#8220; caption=&#8220;Fleischpl\u00e4ttli&#8220; ic_button_button_url_new_window=&#8220;1&#8243; _builder_version=&#8220;4.27.4&#8243; _module_preset=&#8220;default&#8220; global_colors_info=&#8220;{}&#8220;][\/difl_imagecarouselitem][difl_imagecarouselitem image=&#8220;https:\/\/villa.ch\/wp-content\/uploads\/2025\/08\/Schynige-Platte-Restaurant-Abendmenu-close-up-scaled.jpg&#8220; caption=&#8220;Ap\u00e9ro mit Blick von Schynige Platte&#8220; ic_button_button_url_new_window=&#8220;1&#8243; _builder_version=&#8220;4.27.5&#8243; _module_preset=&#8220;default&#8220; global_colors_info=&#8220;{}&#8220;][\/difl_imagecarouselitem][difl_imagecarouselitem image=&#8220;https:\/\/villa.ch\/wp-content\/uploads\/2025\/08\/The-Wall-Bar-Aperol-mit-Chips-scaled.jpg&#8220; caption=&#8220;Ap\u00e9ro&#8220; ic_button_button_url_new_window=&#8220;1&#8243; _builder_version=&#8220;4.27.5&#8243; _module_preset=&#8220;default&#8220; global_colors_info=&#8220;{}&#8220;][\/difl_imagecarouselitem][\/difl_imagecarousel][et_pb_heading title=&#8220;Genuss und Kulinarik &#8220; _builder_version=&#8220;4.27.4&#8243; _module_preset=&#8220;default&#8220; title_level=&#8220;h3&#8243; title_font=&#8220;Univers 65 Bold||||||||&#8220; custom_margin=&#8220;||0px||false|false&#8220; custom_padding=&#8220;||0px||false|false&#8220; global_colors_info=&#8220;{}&#8220;][\/et_pb_heading][et_pb_text ul_position=&#8220;inside&#8220; quote_border_color=&#8220;#FFD700&#8243; _builder_version=&#8220;4.27.4&#8243; _module_preset=&#8220;default&#8220; text_font=&#8220;Univers 55 Regular||||||||&#8220; text_text_color=&#8220;#363636&#8243; text_font_size=&#8220;18px&#8220; text_line_height=&#8220;1.4em&#8220; link_font=&#8220;Univers 65 Bold||||on|||#5A7683|solid&#8220; link_text_color=&#8220;#5A7683&#8243; link_font_size=&#8220;18px&#8220; link_line_height=&#8220;1.4em&#8220; ul_text_color=&#8220;#363636&#8243; ul_font_size=&#8220;18px&#8220; ul_line_height=&#8220;1.4em&#8220; ol_text_color=&#8220;#363636&#8243; ol_font_size=&#8220;18px&#8220; ol_line_height=&#8220;1.4em&#8220; quote_text_color=&#8220;#5A7683&#8243; quote_font_size=&#8220;18px&#8220; quote_line_height=&#8220;1.4em&#8220; height_tablet=&#8220;auto&#8220; height_phone=&#8220;auto&#8220; height_last_edited=&#8220;on|phone&#8220; custom_margin=&#8220;0px||||false|false&#8220; custom_padding=&#8220;0px||||false|false&#8220; text_font_size_tablet=&#8220;18px&#8220; text_font_size_phone=&#8220;18px&#8220; text_font_size_last_edited=&#8220;on|desktop&#8220; global_colors_info=&#8220;{}&#8220;]<\/p>\n<p>In Interlaken trifft Tradition auf Internationalit\u00e4t. Und das Beste daran: Die Gastronomie ist so vielf\u00e4ltig, dass f\u00fcr jeden Geschmack etwas dabei ist.<\/p>\n<p>Du hast Lust auf einen Plausch mit anderen Reisenden und Einheimischen? Interlaken hat auch tolle Bars.<\/p>\n<p>[\/et_pb_text][et_pb_button button_url=&#8220;\/de\/interlaken-entdecken\/#kulinarik&#8220; button_text=&#8220;Mehr erfahren&#8220; _builder_version=&#8220;4.27.6&#8243; _module_preset=&#8220;default&#8220; custom_button=&#8220;on&#8220; button_text_size=&#8220;18px&#8220; button_text_color=&#8220;#5A7683&#8243; button_bg_color=&#8220;#FFD700&#8243; button_border_width=&#8220;1px&#8220; button_border_color=&#8220;#FFD700&#8243; button_font=&#8220;Univers 65 Bold||||||||&#8220; button_icon=&#8220;&#x24;||divi||400&#8243; custom_padding=&#8220;5px||1px||false|false&#8220; global_colors_info=&#8220;{}&#8220; button_text_color__hover_enabled=&#8220;on|desktop&#8220; button_text_color__hover=&#8220;#FFD700&#8243; button_bg_color__hover_enabled=&#8220;on|desktop&#8220; button_bg_color__hover=&#8220;#5A7683&#8243; button_bg_enable_color__hover=&#8220;on&#8220; button_border_color__hover_enabled=&#8220;on|desktop&#8220; button_border_color__hover=&#8220;#5A7683&#8243;][\/et_pb_button][\/et_pb_column][\/et_pb_row][\/et_pb_section]<\/p>\n","protected":false},"excerpt":{"rendered":"<p>Sch\u00f6n, dass du da bist. Mach es dir gem\u00fctlich in der Villa unter den Herbergen; deinem zu Hause auf Reisen.Seit 1998 heissen wir G\u00e4ste aus aller Welt in unserem lebhaften Hostel willkommen.Besonders f\u00fcr alle die es unkompliziert m\u00f6gen, Abenteuerlustige und Weltenbummler sind wir die richtige Anlaufstelle in Interlaken.Familien liegen uns besonders am Herzen. Alle Kinder [&hellip;]<\/p>\n","protected":false},"author":1,"featured_media":0,"parent":0,"menu_order":0,"comment_status":"closed","ping_status":"closed","template":"","meta":{"_et_pb_use_builder":"on","_et_pb_old_content":"<!-- wp:divi\/placeholder \/-->","_et_gb_content_width":"","footnotes":""},"class_list":["post-16","page","type-page","status-publish","hentry"],"_links":{"self":[{"href":"https:\/\/villa.ch\/de\/wp-json\/wp\/v2\/pages\/16","targetHints":{"allow":["GET"]}}],"collection":[{"href":"https:\/\/villa.ch\/de\/wp-json\/wp\/v2\/pages"}],"about":[{"href":"https:\/\/villa.ch\/de\/wp-json\/wp\/v2\/types\/page"}],"author":[{"embeddable":true,"href":"https:\/\/villa.ch\/de\/wp-json\/wp\/v2\/users\/1"}],"replies":[{"embeddable":true,"href":"https:\/\/villa.ch\/de\/wp-json\/wp\/v2\/comments?post=16"}],"version-history":[{"count":478,"href":"https:\/\/villa.ch\/de\/wp-json\/wp\/v2\/pages\/16\/revisions"}],"predecessor-version":[{"id":2751,"href":"https:\/\/villa.ch\/de\/wp-json\/wp\/v2\/pages\/16\/revisions\/2751"}],"wp:attachment":[{"href":"https:\/\/villa.ch\/de\/wp-json\/wp\/v2\/media?parent=16"}],"curies":[{"name":"wp","href":"https:\/\/api.w.org\/{rel}","templated":true}]}}